{"id":2302,"date":"2022-04-14T11:16:03","date_gmt":"2022-04-14T09:16:03","guid":{"rendered":"http:\/\/mesverdbenicalap.eu\/?page_id=2302"},"modified":"2022-05-25T09:08:24","modified_gmt":"2022-05-25T07:08:24","slug":"grow-green-mundo","status":"publish","type":"page","link":"http:\/\/mesverdbenicalap.eu\/es\/grow-green-mundo\/","title":{"rendered":"GrowGreen en el mundo"},"content":{"rendered":"[vc_row type=\u00bbin_container\u00bb full_screen_row_position=\u00bbmiddle\u00bb scene_position=\u00bbcenter\u00bb text_color=\u00bbdark\u00bb text_align=\u00bbleft\u00bb top_padding=\u00bb20&#8243; overlay_strength=\u00bb0.3&#8243;][vc_column column_padding=\u00bbno-extra-padding\u00bb column_padding_position=\u00bball\u00bb background_color_opacity=\u00bb1&#8243; background_hover_color_opacity=\u00bb1&#8243; column_shadow=\u00bbnone\u00bb width=\u00bb1\/1&#8243; tablet_text_alignment=\u00bbdefault\u00bb phone_text_alignment=\u00bbdefault\u00bb column_border_width=\u00bbnone\u00bb column_border_style=\u00bbsolid\u00bb][vc_row_inner column_margin=\u00bbdefault\u00bb bottom_padding=\u00bb100&#8243; text_align=\u00bbleft\u00bb][vc_column_inner column_padding=\u00bbno-extra-padding\u00bb column_padding_position=\u00bball\u00bb background_color_opacity=\u00bb1&#8243; width=\u00bb1\/6&#8243; column_border_width=\u00bbnone\u00bb column_border_style=\u00bbsolid\u00bb][\/vc_column_inner][vc_column_inner column_padding=\u00bbno-extra-padding\u00bb column_padding_position=\u00bball\u00bb background_color_opacity=\u00bb1&#8243; width=\u00bb2\/3&#8243; column_border_width=\u00bbnone\u00bb column_border_style=\u00bbsolid\u00bb][vc_column_text]\n<h2 style=\"text-align: center;\">GrowGreen m\u00e1s all\u00e1 de Val\u00e8ncia<\/h2>\n[\/vc_column_text]<div class=\"divider-wrap\"><div style=\"height: 50px;\" class=\"divider\"><\/div><\/div>[vc_column_text]\n<h4 style=\"color: #59cb27; text-align: center;\">Conoce los proyectos de GrowGreen en diferentes ciudades del mundo.<\/h4>\n[\/vc_column_text][\/vc_column_inner][vc_column_inner column_padding=\u00bbno-extra-padding\u00bb column_padding_position=\u00bball\u00bb background_color_opacity=\u00bb1&#8243; width=\u00bb1\/6&#8243; column_border_width=\u00bbnone\u00bb column_border_style=\u00bbsolid\u00bb][\/vc_column_inner][\/vc_row_inner]\t\n\t<div class=\"row\">\n\t\n\t <div id=\"post-area\" class=\"col  span_12 col_last masonry classic  \" > <div class=\"posts-container\" data-load-animation=\"none\">\t\t\t\t\n\t\t\t\t\n\t\t\t\t\n<article id=\"post-3078\" class=\"regular post-3078 post type-post status-publish format-standard has-post-thumbnail hentry category-grow-green-en-el-mundo\">\n\n\t<div class=\"inner-wrap animated\">\n\n\t\t<div class=\"post-content\">\n\t\t\t\n\t\t\t\t\t\t\t\n\t\t\t\t\t\t\t\t\n\t\t\t\t<div class=\"post-meta \">\n\t\t\t\t\t\n\t\t\t\t\t\t\t\t\t\t\n\t\t\t\t\t<div class=\"date\">\n\t\t\t\t\t\t25 Mayo, 2022\t\t\t\t\t<\/div><!--\/date-->\n\t\t\t\t\t\n\t\t\t\t\t\n\t\t\t\t\t \n\t\t\t\t\t\t<div class=\"nectar-love-wrap\">\n\t\t\t\t\t\t\t<a href=\"#\" class=\"nectar-love\" id=\"nectar-love-3078\" title=\"Love this\"> <div class=\"heart-wrap\"><i class=\"icon-salient-heart-2\"><\/i><\/div><span class=\"nectar-love-count\">0<\/span><\/a>\t\t\t\t\t\t<\/div><!--\/nectar-love-wrap-->\t\n\t\t\t\t\t\n\t\t\t\t<\/div><!--\/post-meta-->\n\t\t\t\t\n\t\t\t\t\t\t\n\t\t\t\n\n\t\t\t\n\t\t\t\t<div class=\"content-inner\">\n\t\t\t\t\t\n\t\t\t\t\t<a href=\"http:\/\/mesverdbenicalap.eu\/es\/breslavia-controla-estres-termico\/\"><span class=\"post-featured-img\"><img loading=\"lazy\" decoding=\"async\" width=\"1000\" height=\"664\" src=\"http:\/\/mesverdbenicalap.eu\/wp-content\/uploads\/2022\/05\/WroclawCredit.jpg\" class=\"attachment-large size-large wp-post-image\" alt=\"\" title=\"\" sizes=\"auto, (min-width: 1600px) 20vw, (min-width: 1300px) 25vw, (min-width: 1000px) 33.3vw, (min-width: 690px) 50vw, 100vw\" srcset=\"http:\/\/mesverdbenicalap.eu\/wp-content\/uploads\/2022\/05\/WroclawCredit.jpg 1000w, http:\/\/mesverdbenicalap.eu\/wp-content\/uploads\/2022\/05\/WroclawCredit-300x199.jpg 300w, http:\/\/mesverdbenicalap.eu\/wp-content\/uploads\/2022\/05\/WroclawCredit-768x510.jpg 768w\" \/><\/span><\/a>\t\t\t\t\t\n\t\t\t\t\t\n\t\t\t\t\t\t\n\t\t\t\t\t\t<div class=\"article-content-wrap\">\n\n\t\t\t\t\t\t\t<div class=\"post-header\">\n\t\t\t\t\t\t\t\t\t\n\t\t\t\t\t\t\t\t<h2 class=\"title\">\n\t\t\t\t\t\t\t\t\t \n\t\t\t\t\t\t\t\t\t\t<a href=\"http:\/\/mesverdbenicalap.eu\/es\/breslavia-controla-estres-termico\/\">\t\t\t\t\t\t\t\t\t\t\tBreslavia, la ciudad que controla el estr\u00e9s t\u00e9rmico\t\t\t\t\t\t\t\t\t\t <\/a> \n\t\t\t\t\t\t\t\t\t\t\t\t\t\t\t\t\t<\/h2>\n\n\t\t\t\t\t\t\t\t \n\t\t\t\t\t\t\t\t\t<span class=\"meta-author\"><span>By<\/span> <a href=\"http:\/\/mesverdbenicalap.eu\/es\/author\/lasnaves\/\" title=\"Entradas de Prensa\" rel=\"author\">Prensa<\/a><\/span> <span class=\"meta-category\">| <a href=\"http:\/\/mesverdbenicalap.eu\/es\/category\/grow-green-en-el-mundo\/\">Grow Green en el mundo<\/a><\/span> \n\t\t\t\t\t\t\t\t\n\t\t\t\t\t\t\t\t\t\n\t\t\t\t\t\t\t\t\t\t\t\t\t\t\t<\/div><!--\/post-header-->\n\t\t\t\t\t\t<div class=\"excerpt\"><p>Los proyectos de demostraci\u00f3n de soluciones basadas en la naturaleza de GrowGreen en Breslavia abordan un doble riesgo: inundaciones y estr\u00e9s t\u00e9rmico. El 36% de la ciudad, situada en Polonia&#8230;<\/p>\n<\/div><a class=\"more-link\" href=\"http:\/\/mesverdbenicalap.eu\/es\/breslavia-controla-estres-termico\/\"><span class=\"continue-reading\">Read More<\/span><\/a>\t\t\t\t\t\t\t\n\t\t\t\t\t\t<\/div><!--article-content-wrap-->\n\n\t\t\t\t\t\t\t\t\t\t\n\t\t\t\t   \n\t\t\t\t\t\t\t\t\t\t\n\t\t\t\t\t\t\t\t\t\t\t\n\t\t\t\t<\/div><!--\/content-inner-->\n\n\t\t\t\t\t\t\n\t\t<\/div><!--\/post-content-->\n\n\t<\/div><!--\/inner-wrap-->\n\t\t\n<\/article><!--\/article-->\n\t\t\t\t\t\t\t\n\t\t\t\t\n\t\t\t\t\n<article id=\"post-3068\" class=\"regular post-3068 post type-post status-publish format-standard has-post-thumbnail hentry category-grow-green-en-el-mundo\">\n\n\t<div class=\"inner-wrap animated\">\n\n\t\t<div class=\"post-content\">\n\t\t\t\n\t\t\t\t\t\t\t\n\t\t\t\t\t\t\t\t\n\t\t\t\t<div class=\"post-meta \">\n\t\t\t\t\t\n\t\t\t\t\t\t\t\t\t\t\n\t\t\t\t\t<div class=\"date\">\n\t\t\t\t\t\t25 Mayo, 2022\t\t\t\t\t<\/div><!--\/date-->\n\t\t\t\t\t\n\t\t\t\t\t\n\t\t\t\t\t \n\t\t\t\t\t\t<div class=\"nectar-love-wrap\">\n\t\t\t\t\t\t\t<a href=\"#\" class=\"nectar-love\" id=\"nectar-love-3068\" title=\"Love this\"> <div class=\"heart-wrap\"><i class=\"icon-salient-heart-2\"><\/i><\/div><span class=\"nectar-love-count\">0<\/span><\/a>\t\t\t\t\t\t<\/div><!--\/nectar-love-wrap-->\t\n\t\t\t\t\t\n\t\t\t\t<\/div><!--\/post-meta-->\n\t\t\t\t\n\t\t\t\t\t\t\n\t\t\t\n\n\t\t\t\n\t\t\t\t<div class=\"content-inner\">\n\t\t\t\t\t\n\t\t\t\t\t<a href=\"http:\/\/mesverdbenicalap.eu\/es\/manchester-grow-green-parque\/\"><span class=\"post-featured-img\"><img loading=\"lazy\" decoding=\"async\" width=\"1024\" height=\"768\" src=\"http:\/\/mesverdbenicalap.eu\/wp-content\/uploads\/2022\/05\/GGP6-June-2020-1024x768.jpg\" class=\"attachment-large size-large wp-post-image\" alt=\"\" title=\"\" sizes=\"auto, (min-width: 1600px) 20vw, (min-width: 1300px) 25vw, (min-width: 1000px) 33.3vw, (min-width: 690px) 50vw, 100vw\" srcset=\"http:\/\/mesverdbenicalap.eu\/wp-content\/uploads\/2022\/05\/GGP6-June-2020-1024x768.jpg 1024w, http:\/\/mesverdbenicalap.eu\/wp-content\/uploads\/2022\/05\/GGP6-June-2020-300x225.jpg 300w, http:\/\/mesverdbenicalap.eu\/wp-content\/uploads\/2022\/05\/GGP6-June-2020-768x576.jpg 768w, http:\/\/mesverdbenicalap.eu\/wp-content\/uploads\/2022\/05\/GGP6-June-2020.jpg 1500w\" \/><\/span><\/a>\t\t\t\t\t\n\t\t\t\t\t\n\t\t\t\t\t\t\n\t\t\t\t\t\t<div class=\"article-content-wrap\">\n\n\t\t\t\t\t\t\t<div class=\"post-header\">\n\t\t\t\t\t\t\t\t\t\n\t\t\t\t\t\t\t\t<h2 class=\"title\">\n\t\t\t\t\t\t\t\t\t \n\t\t\t\t\t\t\t\t\t\t<a href=\"http:\/\/mesverdbenicalap.eu\/es\/manchester-grow-green-parque\/\">\t\t\t\t\t\t\t\t\t\t\tEl parque que bebe agua y evita inundaciones en Manchester gracias a GrowGreen\t\t\t\t\t\t\t\t\t\t <\/a> \n\t\t\t\t\t\t\t\t\t\t\t\t\t\t\t\t\t<\/h2>\n\n\t\t\t\t\t\t\t\t \n\t\t\t\t\t\t\t\t\t<span class=\"meta-author\"><span>By<\/span> <a href=\"http:\/\/mesverdbenicalap.eu\/es\/author\/lasnaves\/\" title=\"Entradas de Prensa\" rel=\"author\">Prensa<\/a><\/span> <span class=\"meta-category\">| <a href=\"http:\/\/mesverdbenicalap.eu\/es\/category\/grow-green-en-el-mundo\/\">Grow Green en el mundo<\/a><\/span> \n\t\t\t\t\t\t\t\t\n\t\t\t\t\t\t\t\t\t\n\t\t\t\t\t\t\t\t\t\t\t\t\t\t\t<\/div><!--\/post-header-->\n\t\t\t\t\t\t<div class=\"excerpt\"><p>El proyecto GrowGreen que se desarrolla en Manchester pretende solucionar a trav\u00e9s de la naturaleza alguno de sus problemas m\u00e1s importantes: las inundaciones. El largo historial de inundaciones de la&#8230;<\/p>\n<\/div><a class=\"more-link\" href=\"http:\/\/mesverdbenicalap.eu\/es\/manchester-grow-green-parque\/\"><span class=\"continue-reading\">Read More<\/span><\/a>\t\t\t\t\t\t\t\n\t\t\t\t\t\t<\/div><!--article-content-wrap-->\n\n\t\t\t\t\t\t\t\t\t\t\n\t\t\t\t   \n\t\t\t\t\t\t\t\t\t\t\n\t\t\t\t\t\t\t\t\t\t\t\n\t\t\t\t<\/div><!--\/content-inner-->\n\n\t\t\t\t\t\t\n\t\t<\/div><!--\/post-content-->\n\n\t<\/div><!--\/inner-wrap-->\n\t\t\n<\/article><!--\/article-->\n\t\t\t\t\t\t\t\n\t\t\t\t\n\t\t\t\t\n<article id=\"post-2285\" class=\"regular post-2285 post type-post status-publish format-standard has-post-thumbnail hentry category-grow-green-en-el-mundo\">\n\n\t<div class=\"inner-wrap animated\">\n\n\t\t<div class=\"post-content\">\n\t\t\t\n\t\t\t\t\t\t\t\n\t\t\t\t\t\t\t\t\n\t\t\t\t<div class=\"post-meta \">\n\t\t\t\t\t\n\t\t\t\t\t\t\t\t\t\t\n\t\t\t\t\t<div class=\"date\">\n\t\t\t\t\t\t5 Abril, 2022\t\t\t\t\t<\/div><!--\/date-->\n\t\t\t\t\t\n\t\t\t\t\t\n\t\t\t\t\t \n\t\t\t\t\t\t<div class=\"nectar-love-wrap\">\n\t\t\t\t\t\t\t<a href=\"#\" class=\"nectar-love\" id=\"nectar-love-2285\" title=\"Love this\"> <div class=\"heart-wrap\"><i class=\"icon-salient-heart-2\"><\/i><\/div><span class=\"nectar-love-count\">0<\/span><\/a>\t\t\t\t\t\t<\/div><!--\/nectar-love-wrap-->\t\n\t\t\t\t\t\n\t\t\t\t<\/div><!--\/post-meta-->\n\t\t\t\t\n\t\t\t\t\t\t\n\t\t\t\n\n\t\t\t\n\t\t\t\t<div class=\"content-inner\">\n\t\t\t\t\t\n\t\t\t\t\t<a href=\"http:\/\/mesverdbenicalap.eu\/es\/wuhan-la-ciudad-esponja-de-grow-green\/\"><span class=\"post-featured-img\"><img loading=\"lazy\" decoding=\"async\" width=\"768\" height=\"1024\" src=\"http:\/\/mesverdbenicalap.eu\/wp-content\/uploads\/2022\/04\/pexels-gustavo-cruz-1592119-768x1024.jpg\" class=\"attachment-large size-large wp-post-image\" alt=\"\" title=\"\" sizes=\"auto, (min-width: 1600px) 20vw, (min-width: 1300px) 25vw, (min-width: 1000px) 33.3vw, (min-width: 690px) 50vw, 100vw\" srcset=\"http:\/\/mesverdbenicalap.eu\/wp-content\/uploads\/2022\/04\/pexels-gustavo-cruz-1592119-768x1024.jpg 768w, http:\/\/mesverdbenicalap.eu\/wp-content\/uploads\/2022\/04\/pexels-gustavo-cruz-1592119-225x300.jpg 225w, http:\/\/mesverdbenicalap.eu\/wp-content\/uploads\/2022\/04\/pexels-gustavo-cruz-1592119-450x600.jpg 450w, http:\/\/mesverdbenicalap.eu\/wp-content\/uploads\/2022\/04\/pexels-gustavo-cruz-1592119-350x467.jpg 350w, http:\/\/mesverdbenicalap.eu\/wp-content\/uploads\/2022\/04\/pexels-gustavo-cruz-1592119-900x1200.jpg 900w, http:\/\/mesverdbenicalap.eu\/wp-content\/uploads\/2022\/04\/pexels-gustavo-cruz-1592119.jpg 1000w\" \/><\/span><\/a>\t\t\t\t\t\n\t\t\t\t\t\n\t\t\t\t\t\t\n\t\t\t\t\t\t<div class=\"article-content-wrap\">\n\n\t\t\t\t\t\t\t<div class=\"post-header\">\n\t\t\t\t\t\t\t\t\t\n\t\t\t\t\t\t\t\t<h2 class=\"title\">\n\t\t\t\t\t\t\t\t\t \n\t\t\t\t\t\t\t\t\t\t<a href=\"http:\/\/mesverdbenicalap.eu\/es\/wuhan-la-ciudad-esponja-de-grow-green\/\">\t\t\t\t\t\t\t\t\t\t\tWuhan: la Ciudad esponja de Grow Green\t\t\t\t\t\t\t\t\t\t <\/a> \n\t\t\t\t\t\t\t\t\t\t\t\t\t\t\t\t\t<\/h2>\n\n\t\t\t\t\t\t\t\t \n\t\t\t\t\t\t\t\t\t<span class=\"meta-author\"><span>By<\/span> <a href=\"http:\/\/mesverdbenicalap.eu\/es\/author\/lasnaves\/\" title=\"Entradas de Prensa\" rel=\"author\">Prensa<\/a><\/span> <span class=\"meta-category\">| <a href=\"http:\/\/mesverdbenicalap.eu\/es\/category\/grow-green-en-el-mundo\/\">Grow Green en el mundo<\/a><\/span> \n\t\t\t\t\t\t\t\t\n\t\t\t\t\t\t\t\t\t\n\t\t\t\t\t\t\t\t\t\t\t\t\t\t\t<\/div><!--\/post-header-->\n\t\t\t\t\t\t<div class=\"excerpt\"><p>Wuhan es una de las ciudades piloto de esponjas en China. El objetivo del Programa Ciudad Esponja de Wuhan es absorber el 60%-85% de la lluvia anual. Una de las&#8230;<\/p>\n<\/div><a class=\"more-link\" href=\"http:\/\/mesverdbenicalap.eu\/es\/wuhan-la-ciudad-esponja-de-grow-green\/\"><span class=\"continue-reading\">Read More<\/span><\/a>\t\t\t\t\t\t\t\n\t\t\t\t\t\t<\/div><!--article-content-wrap-->\n\n\t\t\t\t\t\t\t\t\t\t\n\t\t\t\t   \n\t\t\t\t\t\t\t\t\t\t\n\t\t\t\t\t\t\t\t\t\t\t\n\t\t\t\t<\/div><!--\/content-inner-->\n\n\t\t\t\t\t\t\n\t\t<\/div><!--\/post-content-->\n\n\t<\/div><!--\/inner-wrap-->\n\t\t\n<\/article><!--\/article-->\n\t\t\t\t\t\t\n\t\t\t<\/div><!--\/posts container-->\n\t\t\t\n\t\t\t\t\t\n\t\t<\/div><!--\/span_9-->\n\t\t\n\t\t\n\t<\/div>\n\t\n\t[\/vc_column][\/vc_row]\n","protected":false},"excerpt":{"rendered":"<p>[vc_row type=\u00bbin_container\u00bb full_screen_row_position=\u00bbmiddle\u00bb scene_position=\u00bbcenter\u00bb text_color=\u00bbdark\u00bb text_align=\u00bbleft\u00bb top_padding=\u00bb20&#8243; overlay_strength=\u00bb0.3&#8243;][vc_column column_padding=\u00bbno-extra-padding\u00bb column_padding_position=\u00bball\u00bb background_color_opacity=\u00bb1&#8243; background_hover_color_opacity=\u00bb1&#8243; column_shadow=\u00bbnone\u00bb width=\u00bb1\/1&#8243; tablet_text_alignment=\u00bbdefault\u00bb phone_text_alignment=\u00bbdefault\u00bb column_border_width=\u00bbnone\u00bb column_border_style=\u00bbsolid\u00bb][vc_row_inner column_margin=\u00bbdefault\u00bb bottom_padding=\u00bb100&#8243; text_align=\u00bbleft\u00bb][vc_column_inner column_padding=\u00bbno-extra-padding\u00bb column_padding_position=\u00bball\u00bb background_color_opacity=\u00bb1&#8243; width=\u00bb1\/6&#8243; column_border_width=\u00bbnone\u00bb column_border_style=\u00bbsolid\u00bb][\/vc_column_inner][vc_column_inner column_padding=\u00bbno-extra-padding\u00bb column_padding_position=\u00bball\u00bb background_color_opacity=\u00bb1&#8243;&#8230;<\/p>\n","protected":false},"author":2,"featured_media":0,"parent":0,"menu_order":0,"comment_status":"closed","ping_status":"closed","template":"","meta":{"footnotes":""},"class_list":["post-2302","page","type-page","status-publish","hentry"],"_links":{"self":[{"href":"http:\/\/mesverdbenicalap.eu\/es\/wp-json\/wp\/v2\/pages\/2302\/"}],"collection":[{"href":"http:\/\/mesverdbenicalap.eu\/es\/wp-json\/wp\/v2\/pages\/"}],"about":[{"href":"http:\/\/mesverdbenicalap.eu\/es\/wp-json\/wp\/v2\/types\/page\/"}],"author":[{"embeddable":true,"href":"http:\/\/mesverdbenicalap.eu\/es\/wp-json\/wp\/v2\/users\/2\/"}],"replies":[{"embeddable":true,"href":"http:\/\/mesverdbenicalap.eu\/es\/wp-json\/wp\/v2\/comments\/?post=2302"}],"version-history":[{"count":6,"href":"http:\/\/mesverdbenicalap.eu\/es\/wp-json\/wp\/v2\/pages\/2302\/revisions\/"}],"predecessor-version":[{"id":3077,"href":"http:\/\/mesverdbenicalap.eu\/es\/wp-json\/wp\/v2\/pages\/2302\/revisions\/3077\/"}],"wp:attachment":[{"href":"http:\/\/mesverdbenicalap.eu\/es\/wp-json\/wp\/v2\/media\/?parent=2302"}],"curies":[{"name":"wp","href":"https:\/\/api.w.org\/{rel}","templated":true}]}}