{"id":2364,"date":"2022-05-04T11:22:58","date_gmt":"2022-05-04T09:22:58","guid":{"rendered":"http:\/\/mesverdbenicalap.eu\/?page_id=2364"},"modified":"2022-05-23T14:50:05","modified_gmt":"2022-05-23T12:50:05","slug":"jardi-vertical-grow-green","status":"publish","type":"page","link":"http:\/\/mesverdbenicalap.eu\/es\/jardi-vertical-grow-green\/","title":{"rendered":"Jard\u00edn Vertical"},"content":{"rendered":"[vc_row type=\u00bbin_container\u00bb full_screen_row_position=\u00bbmiddle\u00bb scene_position=\u00bbcenter\u00bb text_color=\u00bbdark\u00bb text_align=\u00bbleft\u00bb bottom_padding=\u00bb50&#8243; overlay_strength=\u00bb0.3&#8243;][vc_column column_padding=\u00bbno-extra-padding\u00bb column_padding_position=\u00bball\u00bb background_color_opacity=\u00bb1&#8243; background_hover_color_opacity=\u00bb1&#8243; column_shadow=\u00bbnone\u00bb width=\u00bb1\/6&#8243; tablet_text_alignment=\u00bbdefault\u00bb phone_text_alignment=\u00bbdefault\u00bb column_border_width=\u00bbnone\u00bb column_border_style=\u00bbsolid\u00bb][\/vc_column][vc_column column_padding=\u00bbno-extra-padding\u00bb column_padding_position=\u00bball\u00bb background_color_opacity=\u00bb1&#8243; background_hover_color_opacity=\u00bb1&#8243; column_shadow=\u00bbnone\u00bb width=\u00bb2\/3&#8243; tablet_text_alignment=\u00bbdefault\u00bb phone_text_alignment=\u00bbdefault\u00bb column_border_width=\u00bbnone\u00bb column_border_style=\u00bbsolid\u00bb]<div class=\"divider-wrap\"><div style=\"height: 50px;\" class=\"divider\"><\/div><\/div>[vc_column_text]\n<h1 style=\"text-align: center;\">JARD\u00cdN VERTICAL<\/h1>\n[\/vc_column_text]<div class=\"divider-wrap\"><div style=\"height: 50px;\" class=\"divider\"><\/div><\/div><div class=\"img-with-aniamtion-wrap center\" data-max-width=\"100%\"><div class=\"inner\"><img loading=\"lazy\" decoding=\"async\" data-shadow=\"medium_depth\" data-shadow-direction=\"middle\" class=\"img-with-animation \" data-delay=\"0\" height=\"1512\" width=\"2016\" data-animation=\"none\" src=\"http:\/\/mesverdbenicalap.eu\/wp-content\/uploads\/2022\/05\/IMG_2548.jpg\" srcset=\"http:\/\/mesverdbenicalap.eu\/wp-content\/uploads\/2022\/05\/IMG_2548.jpg 2016w, http:\/\/mesverdbenicalap.eu\/wp-content\/uploads\/2022\/05\/IMG_2548-300x225.jpg 300w, http:\/\/mesverdbenicalap.eu\/wp-content\/uploads\/2022\/05\/IMG_2548-768x576.jpg 768w, http:\/\/mesverdbenicalap.eu\/wp-content\/uploads\/2022\/05\/IMG_2548-1024x768.jpg 1024w\" sizes=\"auto, 100vw\" alt=\"\" \/><\/div><\/div>[\/vc_column][vc_column column_padding=\u00bbno-extra-padding\u00bb column_padding_position=\u00bball\u00bb background_color_opacity=\u00bb1&#8243; background_hover_color_opacity=\u00bb1&#8243; column_shadow=\u00bbnone\u00bb width=\u00bb1\/6&#8243; tablet_text_alignment=\u00bbdefault\u00bb phone_text_alignment=\u00bbdefault\u00bb column_border_width=\u00bbnone\u00bb column_border_style=\u00bbsolid\u00bb][\/vc_column][\/vc_row][vc_row type=\u00bbin_container\u00bb full_screen_row_position=\u00bbmiddle\u00bb scene_position=\u00bbcenter\u00bb text_color=\u00bbdark\u00bb text_align=\u00bbleft\u00bb top_padding=\u00bb20&#8243; bottom_padding=\u00bb50&#8243; overlay_strength=\u00bb0.3&#8243;][vc_column column_padding=\u00bbno-extra-padding\u00bb column_padding_position=\u00bball\u00bb background_color_opacity=\u00bb1&#8243; background_hover_color_opacity=\u00bb1&#8243; column_shadow=\u00bbnone\u00bb width=\u00bb2\/3&#8243; tablet_text_alignment=\u00bbdefault\u00bb phone_text_alignment=\u00bbdefault\u00bb column_border_width=\u00bbnone\u00bb column_border_style=\u00bbsolid\u00bb]<div class=\"divider-wrap\"><div style=\"height: 50px;\" class=\"divider\"><\/div><\/div>[vc_column_text]\n<h2 style=\"color: #59cb27; text-align: left;\"><span style=\"color: #59cb27;\">El Jard\u00edn Vertical reutiliza las aguas grises y genera nuevos usos del agua <\/span><\/h2>\n[\/vc_column_text][vc_column_text]<span style=\"font-weight: 400;\">El Jard\u00edn Vertical que hemos instalado act\u00faa como una barrera a la radiaci\u00f3n del sol adem\u00e1s de servir como un sistema de reutilizaci\u00f3n de las aguas grises. El agua reciclada de las duchas y los lavabos pasa por el jard\u00edn eliminando las materias org\u00e1nicas y s\u00f3lidas, se desinfecta gracias a la luz violeta y la convierte en agua de calidad dedicada al huerto escolar. De esta manera hemos reducido el consumo energ\u00e9tico.<\/span>[\/vc_column_text]<div class=\"divider-wrap\"><div style=\"height: 50px;\" class=\"divider\"><\/div><\/div>[\/vc_column][vc_column column_padding=\u00bbno-extra-padding\u00bb column_padding_position=\u00bball\u00bb background_color_opacity=\u00bb1&#8243; background_hover_color_opacity=\u00bb1&#8243; column_shadow=\u00bbnone\u00bb width=\u00bb1\/3&#8243; tablet_text_alignment=\u00bbdefault\u00bb phone_text_alignment=\u00bbdefault\u00bb column_border_width=\u00bbnone\u00bb column_border_style=\u00bbsolid\u00bb]<div class=\"img-with-aniamtion-wrap \" data-max-width=\"100%\"><div class=\"inner\"><img loading=\"lazy\" decoding=\"async\" data-shadow=\"none\" data-shadow-direction=\"middle\" class=\"img-with-animation \" data-delay=\"0\" height=\"746\" width=\"744\" data-animation=\"none\" src=\"http:\/\/mesverdbenicalap.eu\/wp-content\/uploads\/2018\/09\/grow-green-valencia-ecosistemas-verticales.png\" srcset=\"http:\/\/mesverdbenicalap.eu\/wp-content\/uploads\/2018\/09\/grow-green-valencia-ecosistemas-verticales.png 744w, http:\/\/mesverdbenicalap.eu\/wp-content\/uploads\/2018\/09\/grow-green-valencia-ecosistemas-verticales-150x150.png 150w, http:\/\/mesverdbenicalap.eu\/wp-content\/uploads\/2018\/09\/grow-green-valencia-ecosistemas-verticales-300x300.png 300w, http:\/\/mesverdbenicalap.eu\/wp-content\/uploads\/2018\/09\/grow-green-valencia-ecosistemas-verticales-100x100.png 100w, http:\/\/mesverdbenicalap.eu\/wp-content\/uploads\/2018\/09\/grow-green-valencia-ecosistemas-verticales-500x500.png 500w, http:\/\/mesverdbenicalap.eu\/wp-content\/uploads\/2018\/09\/grow-green-valencia-ecosistemas-verticales-350x350.png 350w\" sizes=\"auto, 100vw\" alt=\"\" \/><\/div><\/div>[\/vc_column][\/vc_row][vc_row type=\u00bbin_container\u00bb full_screen_row_position=\u00bbmiddle\u00bb scene_position=\u00bbcenter\u00bb text_color=\u00bbdark\u00bb text_align=\u00bbleft\u00bb overlay_strength=\u00bb0.3&#8243;][vc_column column_padding=\u00bbno-extra-padding\u00bb column_padding_position=\u00bball\u00bb background_color_opacity=\u00bb1&#8243; background_hover_color_opacity=\u00bb1&#8243; column_shadow=\u00bbnone\u00bb width=\u00bb1\/1&#8243; tablet_text_alignment=\u00bbdefault\u00bb phone_text_alignment=\u00bbdefault\u00bb column_border_width=\u00bbnone\u00bb column_border_style=\u00bbsolid\u00bb][vc_row_inner column_margin=\u00bbdefault\u00bb text_align=\u00bbleft\u00bb][vc_column_inner column_padding=\u00bbpadding-4-percent\u00bb column_padding_position=\u00bball\u00bb background_color_opacity=\u00bb1&#8243; el_class=\u00bbcurvadav\u00bb width=\u00bb1\/2&#8243; column_border_width=\u00bbnone\u00bb column_border_style=\u00bbsolid\u00bb]<div class=\"img-with-aniamtion-wrap right\" data-max-width=\"100%\"><div class=\"inner\"><img loading=\"lazy\" decoding=\"async\" data-shadow=\"none\" data-shadow-direction=\"middle\" class=\"img-with-animation \" data-delay=\"0\" height=\"673\" width=\"595\" data-animation=\"none\" src=\"http:\/\/mesverdbenicalap.eu\/wp-content\/uploads\/2022\/05\/jardi-vertical.png\" srcset=\"http:\/\/mesverdbenicalap.eu\/wp-content\/uploads\/2022\/05\/jardi-vertical.png 595w, http:\/\/mesverdbenicalap.eu\/wp-content\/uploads\/2022\/05\/jardi-vertical-265x300.png 265w\" sizes=\"auto, 100vw\" alt=\"\" \/><\/div><\/div>[\/vc_column_inner][vc_column_inner column_padding=\u00bbpadding-4-percent\u00bb column_padding_position=\u00bball\u00bb background_color_opacity=\u00bb1&#8243; width=\u00bb1\/2&#8243; column_border_width=\u00bbnone\u00bb column_border_style=\u00bbsolid\u00bb][vc_column_text]<strong>Beneficios:<\/strong>[\/vc_column_text]<div class=\"divider-wrap\"><div style=\"height: 25px;\" class=\"divider\"><\/div><\/div>[vc_column_text]\n<ul>\n<li style=\"color: #00bad6;\"><span style=\"color: #59cb27;\"><strong>Mejora la calidad del agua.<\/strong><\/span><\/li>\n<\/ul>\n[\/vc_column_text]<div class=\"divider-wrap\"><div style=\"height: 25px;\" class=\"divider\"><\/div><\/div>[vc_column_text]\n<ul>\n<li style=\"color: #00bad6;\"><span style=\"color: #59cb27;\"><strong>Detiene el CO2 y mejora de la calidad del aire.<\/strong><\/span><\/li>\n<\/ul>\n[\/vc_column_text]<div class=\"divider-wrap\"><div style=\"height: 25px;\" class=\"divider\"><\/div><\/div>[vc_column_text]\n<ul>\n<li style=\"color: #00bad6;\"><span style=\"color: #59cb27;\"><strong>Comodidad t\u00e9rmica debido el aislamiento producido por la vegetaci\u00f3n.<\/strong><\/span><\/li>\n<\/ul>\n[\/vc_column_text]<div class=\"divider-wrap\"><div style=\"height: 25px;\" class=\"divider\"><\/div><\/div>[vc_column_text]\n<ul>\n<li style=\"color: #00bad6;\"><span style=\"color: #59cb27;\"><strong>Ahorro en el consumo energ\u00e9tico.<\/strong><\/span><\/li>\n<\/ul>\n[\/vc_column_text]<div class=\"divider-wrap\"><div style=\"height: 25px;\" class=\"divider\"><\/div><\/div>[vc_column_text]\n<ul>\n<li style=\"color: #00bad6;\"><span style=\"color: #59cb27;\"><strong>Integraci\u00f3n de la naturaleza en la ciudad.<\/strong><\/span><\/li>\n<\/ul>\n[\/vc_column_text][\/vc_column_inner][\/vc_row_inner][vc_text_separator title=\u00bb\u00bb][vc_column_text]\n<h2 style=\"text-align: center;\"><span style=\"color: #59cb27;\"><strong>M\u00e1s Info<\/strong><\/span><\/h2>\n[\/vc_column_text]<div class=\"divider-wrap\"><div style=\"height: 20px;\" class=\"divider\"><\/div><\/div>[page_submenu alignment=\u00bbcenter\u00bb link_color=\u00bb#00bad6&#8243;][page_link link_new_tab=\u00bbtrue\u00bb link_url=\u00bbhttp:\/\/mesverdbenicalap.eu\/es\/el-jardin-vertical-y-el-tejado-verde-ya-tienen-sus-paneles-descriptivos\/\u00bb title=\u00bbNoticia Jard\u00edn Vertical Benicalap\u00bb id=\u00bb1650885771-1-88&#8243; tab_id=\u00bb1650885961380-8&#8243;] [\/page_link][page_link link_new_tab=\u00bbtrue\u00bb title=\u00bbPanel de Informaci\u00f3n\u00bb id=\u00bb1651655627328-0-5&#8243; tab_id=\u00bb1651655627330-0&#8243; link_url=\u00bbhttp:\/\/mesverdbenicalap.eu\/wp-content\/uploads\/2022\/05\/PANEL-JARDI-VERTICAL.pdf\u00bb][\/page_link][\/page_submenu]<div class=\"divider-wrap\"><div style=\"height: 50px;\" class=\"divider\"><\/div><\/div>[\/vc_column][\/vc_row][vc_row type=\u00bbin_container\u00bb full_screen_row_position=\u00bbmiddle\u00bb scene_position=\u00bbcenter\u00bb text_color=\u00bbdark\u00bb text_align=\u00bbleft\u00bb overlay_strength=\u00bb0.3&#8243;][vc_column column_padding=\u00bbno-extra-padding\u00bb column_padding_position=\u00bball\u00bb background_color_opacity=\u00bb1&#8243; background_hover_color_opacity=\u00bb1&#8243; column_shadow=\u00bbnone\u00bb width=\u00bb1\/1&#8243; tablet_text_alignment=\u00bbdefault\u00bb phone_text_alignment=\u00bbdefault\u00bb column_border_width=\u00bbnone\u00bb column_border_style=\u00bbsolid\u00bb][vc_column_text]\n<h2 style=\"color: #59cb27; text-align: left;\"><span style=\"color: #59cb27;\">Mapa con todas las acciones de GrowGreen<\/span><\/h2>\n[\/vc_column_text][vc_raw_html]JTNDaWZyYW1lJTIwd2lkdGglM0QlMjI3NjglMjIlMjBoZWlnaHQlM0QlMjI1NzYlMjIlMjBzcmMlM0QlMjJodHRwcyUzQSUyRiUyRm1hcGh1Yi5uZXQlMkZlbWJlZCUyRjExMjYyNyUzRmxlZ2VuZCUzRDElMjZwYW5lbCUzRDElMjZwYW5lbF9jbG9zZWQlM0QxJTIyJTIwZnJhbWVib3JkZXIlM0QlMjIwJTIyJTNFJTNDJTJGaWZyYW1lJTNF[\/vc_raw_html][\/vc_column][\/vc_row]\n","protected":false},"excerpt":{"rendered":"<p>[vc_row type=\u00bbin_container\u00bb full_screen_row_position=\u00bbmiddle\u00bb scene_position=\u00bbcenter\u00bb text_color=\u00bbdark\u00bb text_align=\u00bbleft\u00bb bottom_padding=\u00bb50&#8243; overlay_strength=\u00bb0.3&#8243;][vc_column column_padding=\u00bbno-extra-padding\u00bb column_padding_position=\u00bball\u00bb background_color_opacity=\u00bb1&#8243; background_hover_color_opacity=\u00bb1&#8243; column_shadow=\u00bbnone\u00bb width=\u00bb1\/6&#8243; tablet_text_alignment=\u00bbdefault\u00bb phone_text_alignment=\u00bbdefault\u00bb column_border_width=\u00bbnone\u00bb column_border_style=\u00bbsolid\u00bb][\/vc_column][vc_column column_padding=\u00bbno-extra-padding\u00bb column_padding_position=\u00bball\u00bb background_color_opacity=\u00bb1&#8243; background_hover_color_opacity=\u00bb1&#8243; column_shadow=\u00bbnone\u00bb width=\u00bb2\/3&#8243; tablet_text_alignment=\u00bbdefault\u00bb phone_text_alignment=\u00bbdefault\u00bb column_border_width=\u00bbnone\u00bb column_border_style=\u00bbsolid\u00bb][vc_column_text] JARD\u00cdN VERTICAL&#8230;<\/p>\n","protected":false},"author":2,"featured_media":0,"parent":0,"menu_order":0,"comment_status":"closed","ping_status":"closed","template":"","meta":{"footnotes":""},"class_list":["post-2364","page","type-page","status-publish","hentry"],"_links":{"self":[{"href":"http:\/\/mesverdbenicalap.eu\/es\/wp-json\/wp\/v2\/pages\/2364\/"}],"collection":[{"href":"http:\/\/mesverdbenicalap.eu\/es\/wp-json\/wp\/v2\/pages\/"}],"about":[{"href":"http:\/\/mesverdbenicalap.eu\/es\/wp-json\/wp\/v2\/types\/page\/"}],"author":[{"embeddable":true,"href":"http:\/\/mesverdbenicalap.eu\/es\/wp-json\/wp\/v2\/users\/2\/"}],"replies":[{"embeddable":true,"href":"http:\/\/mesverdbenicalap.eu\/es\/wp-json\/wp\/v2\/comments\/?post=2364"}],"version-history":[{"count":21,"href":"http:\/\/mesverdbenicalap.eu\/es\/wp-json\/wp\/v2\/pages\/2364\/revisions\/"}],"predecessor-version":[{"id":2977,"href":"http:\/\/mesverdbenicalap.eu\/es\/wp-json\/wp\/v2\/pages\/2364\/revisions\/2977\/"}],"wp:attachment":[{"href":"http:\/\/mesverdbenicalap.eu\/es\/wp-json\/wp\/v2\/media\/?parent=2364"}],"curies":[{"name":"wp","href":"https:\/\/api.w.org\/{rel}","templated":true}]}}