{"id":2391,"date":"2022-05-04T18:29:40","date_gmt":"2022-05-04T16:29:40","guid":{"rendered":"http:\/\/mesverdbenicalap.eu\/?page_id=2391"},"modified":"2022-11-23T08:00:14","modified_gmt":"2022-11-23T07:00:14","slug":"tejado-verde-grow-green","status":"publish","type":"page","link":"http:\/\/mesverdbenicalap.eu\/es\/tejado-verde-grow-green\/","title":{"rendered":"Tejado Verde"},"content":{"rendered":"[vc_row type=\u00bbin_container\u00bb full_screen_row_position=\u00bbmiddle\u00bb scene_position=\u00bbcenter\u00bb text_color=\u00bbdark\u00bb text_align=\u00bbleft\u00bb bottom_padding=\u00bb50&#8243; overlay_strength=\u00bb0.3&#8243;][vc_column column_padding=\u00bbno-extra-padding\u00bb column_padding_position=\u00bball\u00bb background_color_opacity=\u00bb1&#8243; background_hover_color_opacity=\u00bb1&#8243; column_shadow=\u00bbnone\u00bb width=\u00bb1\/6&#8243; tablet_text_alignment=\u00bbdefault\u00bb phone_text_alignment=\u00bbdefault\u00bb column_border_width=\u00bbnone\u00bb column_border_style=\u00bbsolid\u00bb][\/vc_column][vc_column column_padding=\u00bbno-extra-padding\u00bb column_padding_position=\u00bball\u00bb background_color_opacity=\u00bb1&#8243; background_hover_color_opacity=\u00bb1&#8243; column_shadow=\u00bbnone\u00bb width=\u00bb2\/3&#8243; tablet_text_alignment=\u00bbdefault\u00bb phone_text_alignment=\u00bbdefault\u00bb column_border_width=\u00bbnone\u00bb column_border_style=\u00bbsolid\u00bb]<div class=\"divider-wrap\"><div style=\"height: 50px;\" class=\"divider\"><\/div><\/div>[vc_column_text]\n<h1 style=\"text-align: center;\">TEJADO VERDE<\/h1>\n[\/vc_column_text]<div class=\"divider-wrap\"><div style=\"height: 50px;\" class=\"divider\"><\/div><\/div><div class=\"img-with-aniamtion-wrap center\" data-max-width=\"100%\"><div class=\"inner\"><img loading=\"lazy\" decoding=\"async\" data-shadow=\"medium_depth\" data-shadow-direction=\"middle\" class=\"img-with-animation \" data-delay=\"0\" height=\"1125\" width=\"1500\" data-animation=\"fade-in\" src=\"http:\/\/mesverdbenicalap.eu\/wp-content\/uploads\/2022\/05\/Tejado-verde.jpg\" srcset=\"http:\/\/mesverdbenicalap.eu\/wp-content\/uploads\/2022\/05\/Tejado-verde.jpg 1500w, http:\/\/mesverdbenicalap.eu\/wp-content\/uploads\/2022\/05\/Tejado-verde-300x225.jpg 300w, http:\/\/mesverdbenicalap.eu\/wp-content\/uploads\/2022\/05\/Tejado-verde-768x576.jpg 768w, http:\/\/mesverdbenicalap.eu\/wp-content\/uploads\/2022\/05\/Tejado-verde-1024x768.jpg 1024w\" sizes=\"auto, 100vw\" alt=\"\" \/><\/div><\/div>[\/vc_column][vc_column column_padding=\u00bbno-extra-padding\u00bb column_padding_position=\u00bball\u00bb background_color_opacity=\u00bb1&#8243; background_hover_color_opacity=\u00bb1&#8243; column_shadow=\u00bbnone\u00bb width=\u00bb1\/6&#8243; tablet_text_alignment=\u00bbdefault\u00bb phone_text_alignment=\u00bbdefault\u00bb column_border_width=\u00bbnone\u00bb column_border_style=\u00bbsolid\u00bb][\/vc_column][\/vc_row][vc_row type=\u00bbin_container\u00bb full_screen_row_position=\u00bbmiddle\u00bb scene_position=\u00bbcenter\u00bb text_color=\u00bbdark\u00bb text_align=\u00bbleft\u00bb top_padding=\u00bb20&#8243; bottom_padding=\u00bb50&#8243; overlay_strength=\u00bb0.3&#8243;][vc_column column_padding=\u00bbno-extra-padding\u00bb column_padding_position=\u00bball\u00bb background_color_opacity=\u00bb1&#8243; background_hover_color_opacity=\u00bb1&#8243; column_shadow=\u00bbnone\u00bb width=\u00bb1\/2&#8243; tablet_text_alignment=\u00bbdefault\u00bb phone_text_alignment=\u00bbdefault\u00bb column_border_width=\u00bbnone\u00bb column_border_style=\u00bbsolid\u00bb]<div class=\"divider-wrap\"><div style=\"height: 50px;\" class=\"divider\"><\/div><\/div>[vc_column_text]\n<h2 style=\"color: #59cb27; text-align: left;\"><span style=\"color: #59cb27;\">Un tejado verde y natural que beneficia a la ciudadan\u00eda<\/span><\/h2>\n[\/vc_column_text][vc_column_text]<span style=\"font-weight: 400;\">Esta intervenci\u00f3n llevada a cabo en el barrio Ciudad Fallera de Benicalap con el proyecto GrowGreen fue el tejado verde, cambiando una cubierta de 5 cm de grava por otra ajardinada en el Centro Municipal de Actividades para Personas Mayores.\u00a0La cubierta ajardinada extensiva mejora el aislamiento del edificio favoreciendo el confort t\u00e9rmico, la disminuci\u00f3n del consumo energ\u00e9tico y de las emisiones de CO\u2082. La vegetaci\u00f3n plantada resiste periodos de sequ\u00eda y requiere un mantenimiento m\u00ednimo.<\/span>[\/vc_column_text][\/vc_column][vc_column column_padding=\u00bbno-extra-padding\u00bb column_padding_position=\u00bball\u00bb background_color_opacity=\u00bb1&#8243; background_hover_color_opacity=\u00bb1&#8243; column_shadow=\u00bbnone\u00bb width=\u00bb1\/2&#8243; tablet_text_alignment=\u00bbdefault\u00bb phone_text_alignment=\u00bbdefault\u00bb column_border_width=\u00bbnone\u00bb column_border_style=\u00bbsolid\u00bb]<div class=\"img-with-aniamtion-wrap \" data-max-width=\"100%\"><div class=\"inner\"><img loading=\"lazy\" decoding=\"async\" data-shadow=\"medium_depth\" data-shadow-direction=\"middle\" class=\"img-with-animation \" data-delay=\"0\" height=\"655\" width=\"1078\" data-animation=\"none\" src=\"http:\/\/mesverdbenicalap.eu\/wp-content\/uploads\/2022\/05\/sostre-verd.jpg\" srcset=\"http:\/\/mesverdbenicalap.eu\/wp-content\/uploads\/2022\/05\/sostre-verd.jpg 1078w, http:\/\/mesverdbenicalap.eu\/wp-content\/uploads\/2022\/05\/sostre-verd-300x182.jpg 300w, http:\/\/mesverdbenicalap.eu\/wp-content\/uploads\/2022\/05\/sostre-verd-768x467.jpg 768w, http:\/\/mesverdbenicalap.eu\/wp-content\/uploads\/2022\/05\/sostre-verd-1024x622.jpg 1024w\" sizes=\"auto, 100vw\" alt=\"\" \/><\/div><\/div>[\/vc_column][\/vc_row][vc_row type=\u00bbin_container\u00bb full_screen_row_position=\u00bbmiddle\u00bb scene_position=\u00bbcenter\u00bb text_color=\u00bbdark\u00bb text_align=\u00bbleft\u00bb overlay_strength=\u00bb0.3&#8243;][vc_column column_padding=\u00bbno-extra-padding\u00bb column_padding_position=\u00bball\u00bb background_color_opacity=\u00bb1&#8243; background_hover_color_opacity=\u00bb1&#8243; column_shadow=\u00bbnone\u00bb width=\u00bb1\/1&#8243; tablet_text_alignment=\u00bbdefault\u00bb phone_text_alignment=\u00bbdefault\u00bb column_border_width=\u00bbnone\u00bb column_border_style=\u00bbsolid\u00bb][vc_row_inner column_margin=\u00bbdefault\u00bb text_align=\u00bbleft\u00bb][vc_column_inner column_padding=\u00bbpadding-4-percent\u00bb column_padding_position=\u00bball\u00bb background_color_opacity=\u00bb1&#8243; el_class=\u00bbcurvadav\u00bb width=\u00bb1\/2&#8243; column_border_width=\u00bbnone\u00bb column_border_style=\u00bbsolid\u00bb]<div class=\"img-with-aniamtion-wrap center\" data-max-width=\"100%\"><div class=\"inner\"><img loading=\"lazy\" decoding=\"async\" data-shadow=\"none\" data-shadow-direction=\"middle\" class=\"img-with-animation \" data-delay=\"0\" height=\"731\" width=\"430\" data-animation=\"none\" src=\"http:\/\/mesverdbenicalap.eu\/wp-content\/uploads\/2022\/05\/capas-sostre-verd.png\" srcset=\"http:\/\/mesverdbenicalap.eu\/wp-content\/uploads\/2022\/05\/capas-sostre-verd.png 430w, http:\/\/mesverdbenicalap.eu\/wp-content\/uploads\/2022\/05\/capas-sostre-verd-176x300.png 176w\" sizes=\"auto, 100vw\" alt=\"\" \/><\/div><\/div>[\/vc_column_inner][vc_column_inner column_padding=\u00bbpadding-4-percent\u00bb column_padding_position=\u00bball\u00bb background_color_opacity=\u00bb1&#8243; width=\u00bb1\/2&#8243; column_border_width=\u00bbnone\u00bb column_border_style=\u00bbsolid\u00bb][vc_column_text]<strong>Beneficios:<\/strong>[\/vc_column_text]<div class=\"divider-wrap\"><div style=\"height: 25px;\" class=\"divider\"><\/div><\/div>[vc_column_text]\n<ul>\n<li style=\"color: #00bad6;\"><span style=\"color: #59cb27;\"><strong>Mejora de la calidad del agua y control de la escorrent\u00eda<\/strong><\/span><\/li>\n<\/ul>\n[\/vc_column_text]<div class=\"divider-wrap\"><div style=\"height: 25px;\" class=\"divider\"><\/div><\/div>[vc_column_text]\n<ul>\n<li style=\"color: #00bad6;\"><span style=\"color: #59cb27;\"><strong>Captura de CO\u2082 y mejora de la calidad del aire<\/strong><\/span><\/li>\n<\/ul>\n[\/vc_column_text]<div class=\"divider-wrap\"><div style=\"height: 25px;\" class=\"divider\"><\/div><\/div>[vc_column_text]\n<ul>\n<li style=\"color: #00bad6;\"><span style=\"color: #59cb27;\"><strong>Confort t\u00e9rmico debido al aislamiento producido por la vegetaci\u00f3n<\/strong><\/span><\/li>\n<\/ul>\n[\/vc_column_text]<div class=\"divider-wrap\"><div style=\"height: 25px;\" class=\"divider\"><\/div><\/div>[vc_column_text]\n<ul>\n<li style=\"color: #00bad6;\"><span style=\"color: #59cb27;\"><strong>Mejora del aislamiento ac\u00fastico y ahorro en el consumo energ\u00e9tico<\/strong><\/span><\/li>\n<\/ul>\n[\/vc_column_text]<div class=\"divider-wrap\"><div style=\"height: 25px;\" class=\"divider\"><\/div><\/div>[vc_column_text]\n<ul>\n<li style=\"color: #00bad6;\"><span style=\"color: #59cb27;\"><strong>Aumento y beneficios sobre la biodiversidad<\/strong><\/span><\/li>\n<\/ul>\n[\/vc_column_text]<div class=\"divider-wrap\"><div style=\"height: 25px;\" class=\"divider\"><\/div><\/div>[vc_column_text]\n<ul>\n<li style=\"color: #00bad6;\"><span style=\"color: #59cb27;\"><strong>Integraci\u00f3n de la naturaleza en la ciudad.<\/strong><\/span><\/li>\n<\/ul>\n[\/vc_column_text][\/vc_column_inner][\/vc_row_inner][vc_text_separator title=\u00bb\u00bb][vc_column_text]\n<h2 style=\"color: #59cb27; text-align: center;\"><span style=\"color: #59cb27;\">M\u00e1s Info<\/span><\/h2>\n[\/vc_column_text]<div class=\"divider-wrap\"><div style=\"height: 20px;\" class=\"divider\"><\/div><\/div>[page_submenu alignment=\u00bbcenter\u00bb link_color=\u00bb#00bad6&#8243;][page_link link_new_tab=\u00bbtrue\u00bb link_url=\u00bbhttp:\/\/mesverdbenicalap.eu\/es\/una-cubierta-ajardinada-en-el-centro-de-mayores-de-benicalap-mejorara-la-salud-y-el-medio-ambiente\/\u00bb title=\u00bbNoticia Tejado verde\u00bb id=\u00bb1650885771-1-88&#8243; tab_id=\u00bb1650885961380-8&#8243;] [\/page_link][page_link link_new_tab=\u00bbtrue\u00bb title=\u00bbPanel de informaci\u00f3n\u00bb id=\u00bb1650886053242-0-0&#8243; tab_id=\u00bb1650886053244-2&#8243; link_url=\u00bbhttp:\/\/mesverdbenicalap.eu\/wp-content\/uploads\/2022\/05\/PANEL-SOSTRE-VERD.pdf\u00bb][\/page_link][\/page_submenu]<div class=\"divider-wrap\"><div style=\"height: 50px;\" class=\"divider\"><\/div><\/div>[\/vc_column][\/vc_row][vc_row type=\u00bbin_container\u00bb full_screen_row_position=\u00bbmiddle\u00bb scene_position=\u00bbcenter\u00bb text_color=\u00bbdark\u00bb text_align=\u00bbleft\u00bb overlay_strength=\u00bb0.3&#8243;][vc_column column_padding=\u00bbno-extra-padding\u00bb column_padding_position=\u00bball\u00bb background_color_opacity=\u00bb1&#8243; background_hover_color_opacity=\u00bb1&#8243; column_shadow=\u00bbnone\u00bb width=\u00bb1\/1&#8243; tablet_text_alignment=\u00bbdefault\u00bb phone_text_alignment=\u00bbdefault\u00bb column_border_width=\u00bbnone\u00bb column_border_style=\u00bbsolid\u00bb][vc_column_text]\n<h2 style=\"color: #59cb27; text-align: left;\"><span style=\"color: #59cb27;\">Mapa con todas las acciones de GrowGreen<\/span><\/h2>\n[\/vc_column_text][vc_raw_html]JTNDaWZyYW1lJTIwd2lkdGglM0QlMjI3NjglMjIlMjBoZWlnaHQlM0QlMjI1NzYlMjIlMjBzcmMlM0QlMjJodHRwcyUzQSUyRiUyRm1hcGh1Yi5uZXQlMkZlbWJlZCUyRjExMjYyNyUzRmxlZ2VuZCUzRDElMjZwYW5lbCUzRDElMjZwYW5lbF9jbG9zZWQlM0QxJTIyJTIwZnJhbWVib3JkZXIlM0QlMjIwJTIyJTNFJTNDJTJGaWZyYW1lJTNF[\/vc_raw_html][\/vc_column][\/vc_row]\n","protected":false},"excerpt":{"rendered":"<p>[vc_row type=\u00bbin_container\u00bb full_screen_row_position=\u00bbmiddle\u00bb scene_position=\u00bbcenter\u00bb text_color=\u00bbdark\u00bb text_align=\u00bbleft\u00bb bottom_padding=\u00bb50&#8243; overlay_strength=\u00bb0.3&#8243;][vc_column column_padding=\u00bbno-extra-padding\u00bb column_padding_position=\u00bball\u00bb background_color_opacity=\u00bb1&#8243; background_hover_color_opacity=\u00bb1&#8243; column_shadow=\u00bbnone\u00bb width=\u00bb1\/6&#8243; tablet_text_alignment=\u00bbdefault\u00bb phone_text_alignment=\u00bbdefault\u00bb column_border_width=\u00bbnone\u00bb column_border_style=\u00bbsolid\u00bb][\/vc_column][vc_column column_padding=\u00bbno-extra-padding\u00bb column_padding_position=\u00bball\u00bb background_color_opacity=\u00bb1&#8243; background_hover_color_opacity=\u00bb1&#8243; column_shadow=\u00bbnone\u00bb width=\u00bb2\/3&#8243; tablet_text_alignment=\u00bbdefault\u00bb phone_text_alignment=\u00bbdefault\u00bb column_border_width=\u00bbnone\u00bb column_border_style=\u00bbsolid\u00bb][vc_column_text] TEJADO VERDE&#8230;<\/p>\n","protected":false},"author":2,"featured_media":0,"parent":0,"menu_order":0,"comment_status":"closed","ping_status":"closed","template":"","meta":{"footnotes":""},"class_list":["post-2391","page","type-page","status-publish","hentry"],"_links":{"self":[{"href":"http:\/\/mesverdbenicalap.eu\/es\/wp-json\/wp\/v2\/pages\/2391\/"}],"collection":[{"href":"http:\/\/mesverdbenicalap.eu\/es\/wp-json\/wp\/v2\/pages\/"}],"about":[{"href":"http:\/\/mesverdbenicalap.eu\/es\/wp-json\/wp\/v2\/types\/page\/"}],"author":[{"embeddable":true,"href":"http:\/\/mesverdbenicalap.eu\/es\/wp-json\/wp\/v2\/users\/2\/"}],"replies":[{"embeddable":true,"href":"http:\/\/mesverdbenicalap.eu\/es\/wp-json\/wp\/v2\/comments\/?post=2391"}],"version-history":[{"count":10,"href":"http:\/\/mesverdbenicalap.eu\/es\/wp-json\/wp\/v2\/pages\/2391\/revisions\/"}],"predecessor-version":[{"id":3394,"href":"http:\/\/mesverdbenicalap.eu\/es\/wp-json\/wp\/v2\/pages\/2391\/revisions\/3394\/"}],"wp:attachment":[{"href":"http:\/\/mesverdbenicalap.eu\/es\/wp-json\/wp\/v2\/media\/?parent=2391"}],"curies":[{"name":"wp","href":"https:\/\/api.w.org\/{rel}","templated":true}]}}