{"id":2414,"date":"2022-05-04T19:40:44","date_gmt":"2022-05-04T17:40:44","guid":{"rendered":"http:\/\/mesverdbenicalap.eu\/?page_id=2414"},"modified":"2022-05-19T21:01:40","modified_gmt":"2022-05-19T19:01:40","slug":"cistella-responsable-grow-green","status":"publish","type":"page","link":"http:\/\/mesverdbenicalap.eu\/es\/cistella-responsable-grow-green\/","title":{"rendered":"Cistella Responsable"},"content":{"rendered":"[vc_row type=\u00bbin_container\u00bb full_screen_row_position=\u00bbmiddle\u00bb scene_position=\u00bbcenter\u00bb text_color=\u00bbdark\u00bb text_align=\u00bbleft\u00bb bottom_padding=\u00bb50&#8243; overlay_strength=\u00bb0.3&#8243;][vc_column column_padding=\u00bbno-extra-padding\u00bb column_padding_position=\u00bball\u00bb background_color_opacity=\u00bb1&#8243; background_hover_color_opacity=\u00bb1&#8243; column_shadow=\u00bbnone\u00bb width=\u00bb1\/6&#8243; tablet_text_alignment=\u00bbdefault\u00bb phone_text_alignment=\u00bbdefault\u00bb column_border_width=\u00bbnone\u00bb column_border_style=\u00bbsolid\u00bb][\/vc_column][vc_column column_padding=\u00bbno-extra-padding\u00bb column_padding_position=\u00bball\u00bb background_color_opacity=\u00bb1&#8243; background_hover_color_opacity=\u00bb1&#8243; column_shadow=\u00bbnone\u00bb width=\u00bb2\/3&#8243; tablet_text_alignment=\u00bbdefault\u00bb phone_text_alignment=\u00bbdefault\u00bb column_border_width=\u00bbnone\u00bb column_border_style=\u00bbsolid\u00bb]<div class=\"divider-wrap\"><div style=\"height: 50px;\" class=\"divider\"><\/div><\/div>[vc_column_text]\n<h1 style=\"text-align: center;\">CISTELLA RESPONSABLE<\/h1>\n[\/vc_column_text]<div class=\"divider-wrap\"><div style=\"height: 50px;\" class=\"divider\"><\/div><\/div><div class=\"img-with-aniamtion-wrap center\" data-max-width=\"100%\"><div class=\"inner\"><img loading=\"lazy\" decoding=\"async\" data-shadow=\"medium_depth\" data-shadow-direction=\"middle\" class=\"img-with-animation \" data-delay=\"0\" height=\"1536\" width=\"2048\" data-animation=\"none\" src=\"http:\/\/mesverdbenicalap.eu\/wp-content\/uploads\/2022\/05\/6e81b97c-25b3-4740-837b-87544d4fb6c2.jpg\" srcset=\"http:\/\/mesverdbenicalap.eu\/wp-content\/uploads\/2022\/05\/6e81b97c-25b3-4740-837b-87544d4fb6c2.jpg 2048w, http:\/\/mesverdbenicalap.eu\/wp-content\/uploads\/2022\/05\/6e81b97c-25b3-4740-837b-87544d4fb6c2-300x225.jpg 300w, http:\/\/mesverdbenicalap.eu\/wp-content\/uploads\/2022\/05\/6e81b97c-25b3-4740-837b-87544d4fb6c2-768x576.jpg 768w, http:\/\/mesverdbenicalap.eu\/wp-content\/uploads\/2022\/05\/6e81b97c-25b3-4740-837b-87544d4fb6c2-1024x768.jpg 1024w\" sizes=\"auto, 100vw\" alt=\"\" \/><\/div><\/div>[\/vc_column][vc_column column_padding=\u00bbno-extra-padding\u00bb column_padding_position=\u00bball\u00bb background_color_opacity=\u00bb1&#8243; background_hover_color_opacity=\u00bb1&#8243; column_shadow=\u00bbnone\u00bb width=\u00bb1\/6&#8243; tablet_text_alignment=\u00bbdefault\u00bb phone_text_alignment=\u00bbdefault\u00bb column_border_width=\u00bbnone\u00bb column_border_style=\u00bbsolid\u00bb][\/vc_column][\/vc_row][vc_row type=\u00bbin_container\u00bb full_screen_row_position=\u00bbmiddle\u00bb scene_position=\u00bbcenter\u00bb text_color=\u00bbdark\u00bb text_align=\u00bbleft\u00bb top_padding=\u00bb20&#8243; bottom_padding=\u00bb50&#8243; overlay_strength=\u00bb0.3&#8243;][vc_column column_padding=\u00bbno-extra-padding\u00bb column_padding_position=\u00bball\u00bb background_color_opacity=\u00bb1&#8243; background_hover_color_opacity=\u00bb1&#8243; column_shadow=\u00bbnone\u00bb width=\u00bb1\/2&#8243; tablet_text_alignment=\u00bbdefault\u00bb phone_text_alignment=\u00bbdefault\u00bb column_border_width=\u00bbnone\u00bb column_border_style=\u00bbsolid\u00bb]<div class=\"divider-wrap\"><div style=\"height: 50px;\" class=\"divider\"><\/div><\/div>[vc_column_text]<span style=\"font-weight: 400;\">Una de las iniciativas a la que le tenemos especial cari\u00f1o es Cistella Responsable. Una acci\u00f3n puesta en marcha por Las Naves que ayuda a la sostenibilidad del barrio y a la inclusi\u00f3n social. Hemos llevado ya much\u00edsimas cestas de verduras, hortalizas y frutas de temporada de km0 cultivadas en la Horta Nord por la asociaci\u00f3n de agricultores S\u00f2l Viu.\u00a0 Las entregamos a domicilio con la ayuda de las alumnas y alumnos con diversidad funcional de la fundaci\u00f3n CEDAT.\u00a0<\/span>En el proyecto tambi\u00e9n participa la Universitat Polit\u00e8cnica de Val\u00e8ncia.<\/p>\n<p><span style=\"font-weight: 400;\">Cistella Responsable es una acci\u00f3n inclusiva, humana y sostenible.\u00a0<\/span>[\/vc_column_text]<div class=\"divider-wrap\"><div style=\"height: 20px;\" class=\"divider\"><\/div><\/div>[vc_column_text]\n<h2 style=\"color: #59cb27; text-align: left;\"><span style=\"color: #59cb27;\">\u00a1\u00danete a la Cistella Responsable!<\/span><\/h2>\n[\/vc_column_text]<div class=\"divider-wrap\"><div style=\"height: 50px;\" class=\"divider\"><\/div><\/div>[nectar_btn size=\u00bbjumbo\u00bb open_new_tab=\u00bbtrue\u00bb button_style=\u00bbregular\u00bb button_color_2=\u00bbAccent-Color\u00bb icon_family=\u00bbnone\u00bb url=\u00bbhttps:\/\/www.cistellaresponsable.com\/inicio\u00bb text=\u00bbWeb Cistella Responsable\u00bb css_animation=\u00bbflash\u00bb][\/vc_column][vc_column column_padding=\u00bbno-extra-padding\u00bb column_padding_position=\u00bball\u00bb background_color_opacity=\u00bb1&#8243; background_hover_color_opacity=\u00bb1&#8243; column_shadow=\u00bbnone\u00bb width=\u00bb1\/2&#8243; tablet_text_alignment=\u00bbdefault\u00bb phone_text_alignment=\u00bbdefault\u00bb column_border_width=\u00bbnone\u00bb column_border_style=\u00bbsolid\u00bb]<div class=\"img-with-aniamtion-wrap \" data-max-width=\"100%\"><div class=\"inner\"><img loading=\"lazy\" decoding=\"async\" data-shadow=\"none\" data-shadow-direction=\"middle\" class=\"img-with-animation \" data-delay=\"0\" height=\"1000\" width=\"1000\" data-animation=\"none\" src=\"http:\/\/mesverdbenicalap.eu\/wp-content\/uploads\/2022\/05\/CistellaResponsable_Instagram3.jpg\" srcset=\"http:\/\/mesverdbenicalap.eu\/wp-content\/uploads\/2022\/05\/CistellaResponsable_Instagram3.jpg 1000w, http:\/\/mesverdbenicalap.eu\/wp-content\/uploads\/2022\/05\/CistellaResponsable_Instagram3-150x150.jpg 150w, http:\/\/mesverdbenicalap.eu\/wp-content\/uploads\/2022\/05\/CistellaResponsable_Instagram3-300x300.jpg 300w, http:\/\/mesverdbenicalap.eu\/wp-content\/uploads\/2022\/05\/CistellaResponsable_Instagram3-768x768.jpg 768w, http:\/\/mesverdbenicalap.eu\/wp-content\/uploads\/2022\/05\/CistellaResponsable_Instagram3-100x100.jpg 100w, http:\/\/mesverdbenicalap.eu\/wp-content\/uploads\/2022\/05\/CistellaResponsable_Instagram3-500x500.jpg 500w, http:\/\/mesverdbenicalap.eu\/wp-content\/uploads\/2022\/05\/CistellaResponsable_Instagram3-350x350.jpg 350w\" sizes=\"auto, 100vw\" alt=\"\" \/><\/div><\/div>[\/vc_column][\/vc_row][vc_row type=\u00bbin_container\u00bb full_screen_row_position=\u00bbmiddle\u00bb scene_position=\u00bbcenter\u00bb text_color=\u00bbdark\u00bb text_align=\u00bbleft\u00bb overlay_strength=\u00bb0.3&#8243;][vc_column column_padding=\u00bbno-extra-padding\u00bb column_padding_position=\u00bball\u00bb background_color_opacity=\u00bb1&#8243; background_hover_color_opacity=\u00bb1&#8243; column_shadow=\u00bbnone\u00bb width=\u00bb1\/1&#8243; tablet_text_alignment=\u00bbdefault\u00bb phone_text_alignment=\u00bbdefault\u00bb column_border_width=\u00bbnone\u00bb column_border_style=\u00bbsolid\u00bb][vc_row_inner column_margin=\u00bbdefault\u00bb text_align=\u00bbleft\u00bb][vc_column_inner column_padding=\u00bbpadding-4-percent\u00bb column_padding_position=\u00bball\u00bb background_color_opacity=\u00bb1&#8243; el_class=\u00bbcurvadav\u00bb width=\u00bb1\/2&#8243; column_border_width=\u00bbnone\u00bb column_border_style=\u00bbsolid\u00bb]<div class=\"img-with-aniamtion-wrap right\" data-max-width=\"100%\"><div class=\"inner\"><img loading=\"lazy\" decoding=\"async\" data-shadow=\"none\" data-shadow-direction=\"middle\" class=\"img-with-animation \" data-delay=\"0\" height=\"2048\" width=\"1536\" data-animation=\"none\" src=\"http:\/\/mesverdbenicalap.eu\/wp-content\/uploads\/2022\/05\/3c0c47b7-b975-449d-812f-416fc515e4a0.jpg\" srcset=\"http:\/\/mesverdbenicalap.eu\/wp-content\/uploads\/2022\/05\/3c0c47b7-b975-449d-812f-416fc515e4a0.jpg 1536w, http:\/\/mesverdbenicalap.eu\/wp-content\/uploads\/2022\/05\/3c0c47b7-b975-449d-812f-416fc515e4a0-225x300.jpg 225w, http:\/\/mesverdbenicalap.eu\/wp-content\/uploads\/2022\/05\/3c0c47b7-b975-449d-812f-416fc515e4a0-768x1024.jpg 768w, http:\/\/mesverdbenicalap.eu\/wp-content\/uploads\/2022\/05\/3c0c47b7-b975-449d-812f-416fc515e4a0-450x600.jpg 450w, http:\/\/mesverdbenicalap.eu\/wp-content\/uploads\/2022\/05\/3c0c47b7-b975-449d-812f-416fc515e4a0-350x467.jpg 350w, http:\/\/mesverdbenicalap.eu\/wp-content\/uploads\/2022\/05\/3c0c47b7-b975-449d-812f-416fc515e4a0-900x1200.jpg 900w\" sizes=\"auto, 100vw\" alt=\"\" \/><\/div><\/div>[\/vc_column_inner][vc_column_inner column_padding=\u00bbpadding-4-percent\u00bb column_padding_position=\u00bball\u00bb background_color_opacity=\u00bb1&#8243; width=\u00bb1\/2&#8243; column_border_width=\u00bbnone\u00bb column_border_style=\u00bbsolid\u00bb][vc_column_text]<strong>Beneficios:<\/strong>[\/vc_column_text]<div class=\"divider-wrap\"><div style=\"height: 25px;\" class=\"divider\"><\/div><\/div>[vc_column_text]\n<ul>\n<li style=\"color: #00bad6;\"><span style=\"color: #59cb27;\"><strong>Apoyo a la huerta valenciana<\/strong><\/span><\/li>\n<\/ul>\n[\/vc_column_text]<div class=\"divider-wrap\"><div style=\"height: 25px;\" class=\"divider\"><\/div><\/div>[vc_column_text]\n<ul>\n<li style=\"color: #00bad6;\"><span style=\"color: #59cb27;\"><strong>Consumo de proximidad: Salud y bienestar<\/strong><\/span><\/li>\n<\/ul>\n[\/vc_column_text]<div class=\"divider-wrap\"><div style=\"height: 25px;\" class=\"divider\"><\/div><\/div>[vc_column_text]\n<ul>\n<li style=\"color: #00bad6;\"><span style=\"color: #59cb27;\"><strong>Cooperaci\u00f3n plural<\/strong><\/span><\/li>\n<\/ul>\n[\/vc_column_text]<div class=\"divider-wrap\"><div style=\"height: 25px;\" class=\"divider\"><\/div><\/div>[vc_column_text]\n<ul>\n<li style=\"color: #00bad6;\"><span style=\"color: #59cb27;\"><strong>Fomento al emprendimiento en el mundo agrario<\/strong><\/span><\/li>\n<\/ul>\n[\/vc_column_text]<div class=\"divider-wrap\"><div style=\"height: 25px;\" class=\"divider\"><\/div><\/div>[vc_column_text]\n<ul>\n<li style=\"color: #00bad6;\"><span style=\"color: #59cb27;\"><strong>Favorece la adopci\u00f3n de dietas saludables<\/strong><\/span><\/li>\n<\/ul>\n[\/vc_column_text]<div class=\"divider-wrap\"><div style=\"height: 25px;\" class=\"divider\"><\/div><\/div>[vc_column_text]\n<ul>\n<li style=\"color: #00bad6;\"><span style=\"color: #59cb27;\"><strong>Generaci\u00f3n de espacios de dialogo y de integraci\u00f3n de la comunidad.<\/strong><\/span><\/li>\n<\/ul>\n[\/vc_column_text][\/vc_column_inner][\/vc_row_inner][vc_text_separator title=\u00bb\u00bb][vc_column_text]\n<h2 style=\"color: #59cb27; text-align: center;\"><span style=\"color: #59cb27;\">M\u00e1s Info<\/span><\/h2>\n[\/vc_column_text]<div class=\"divider-wrap\"><div style=\"height: 20px;\" class=\"divider\"><\/div><\/div>[page_submenu alignment=\u00bbcenter\u00bb link_color=\u00bb#00bad6&#8243;][page_link link_new_tab=\u00bbtrue\u00bb link_url=\u00bbhttp:\/\/mesverdbenicalap.eu\/es\/las-naves-y-la-fundacion-cedat-presentan-la-cistella-responsable-en-benicalap\/\u00bb title=\u00bbPresentaci\u00f3n de la Cistella Responsable\u00bb id=\u00bb1650885771-1-88&#8243; tab_id=\u00bb1650885961380-8&#8243;] [\/page_link][page_link link_new_tab=\u00bbtrue\u00bb link_url=\u00bbhttp:\/\/mesverdbenicalap.eu\/es\/benicalap-calcotada-cistella-responsable-gaudir\/\u00bb title=\u00bbNoticia Cal\u00e7otada Cistella Responsable\u00bb id=\u00bb1650885771-2-95&#8243; tab_id=\u00bb1650885961448-10&#8243;] [\/page_link][\/page_submenu]<div class=\"divider-wrap\"><div style=\"height: 50px;\" class=\"divider\"><\/div><\/div>[\/vc_column][\/vc_row][vc_row type=\u00bbin_container\u00bb full_screen_row_position=\u00bbmiddle\u00bb scene_position=\u00bbcenter\u00bb text_color=\u00bbdark\u00bb text_align=\u00bbleft\u00bb overlay_strength=\u00bb0.3&#8243;][vc_column column_padding=\u00bbno-extra-padding\u00bb column_padding_position=\u00bball\u00bb background_color_opacity=\u00bb1&#8243; background_hover_color_opacity=\u00bb1&#8243; column_shadow=\u00bbnone\u00bb width=\u00bb1\/1&#8243; tablet_text_alignment=\u00bbdefault\u00bb phone_text_alignment=\u00bbdefault\u00bb column_border_width=\u00bbnone\u00bb column_border_style=\u00bbsolid\u00bb][vc_column_text]\n<h2 style=\"color: #59cb27; text-align: left;\"><span style=\"color: #59cb27;\">Mapa con todas las acciones de GrowGreen<\/span><\/h2>\n[\/vc_column_text][vc_raw_html]JTNDaWZyYW1lJTIwd2lkdGglM0QlMjI3NjglMjIlMjBoZWlnaHQlM0QlMjI1NzYlMjIlMjBzcmMlM0QlMjJodHRwcyUzQSUyRiUyRm1hcGh1Yi5uZXQlMkZlbWJlZCUyRjExMjYyNyUzRmxlZ2VuZCUzRDElMjZwYW5lbCUzRDElMjZwYW5lbF9jbG9zZWQlM0QxJTIyJTIwZnJhbWVib3JkZXIlM0QlMjIwJTIyJTNFJTNDJTJGaWZyYW1lJTNF[\/vc_raw_html][\/vc_column][\/vc_row]\n","protected":false},"excerpt":{"rendered":"<p>[vc_row type=\u00bbin_container\u00bb full_screen_row_position=\u00bbmiddle\u00bb scene_position=\u00bbcenter\u00bb text_color=\u00bbdark\u00bb text_align=\u00bbleft\u00bb bottom_padding=\u00bb50&#8243; overlay_strength=\u00bb0.3&#8243;][vc_column column_padding=\u00bbno-extra-padding\u00bb column_padding_position=\u00bball\u00bb background_color_opacity=\u00bb1&#8243; background_hover_color_opacity=\u00bb1&#8243; column_shadow=\u00bbnone\u00bb width=\u00bb1\/6&#8243; tablet_text_alignment=\u00bbdefault\u00bb phone_text_alignment=\u00bbdefault\u00bb column_border_width=\u00bbnone\u00bb column_border_style=\u00bbsolid\u00bb][\/vc_column][vc_column column_padding=\u00bbno-extra-padding\u00bb column_padding_position=\u00bball\u00bb background_color_opacity=\u00bb1&#8243; background_hover_color_opacity=\u00bb1&#8243; column_shadow=\u00bbnone\u00bb width=\u00bb2\/3&#8243; tablet_text_alignment=\u00bbdefault\u00bb phone_text_alignment=\u00bbdefault\u00bb column_border_width=\u00bbnone\u00bb column_border_style=\u00bbsolid\u00bb][vc_column_text] CISTELLA RESPONSABLE&#8230;<\/p>\n","protected":false},"author":2,"featured_media":0,"parent":0,"menu_order":0,"comment_status":"closed","ping_status":"closed","template":"","meta":{"footnotes":""},"class_list":["post-2414","page","type-page","status-publish","hentry"],"_links":{"self":[{"href":"http:\/\/mesverdbenicalap.eu\/es\/wp-json\/wp\/v2\/pages\/2414\/"}],"collection":[{"href":"http:\/\/mesverdbenicalap.eu\/es\/wp-json\/wp\/v2\/pages\/"}],"about":[{"href":"http:\/\/mesverdbenicalap.eu\/es\/wp-json\/wp\/v2\/types\/page\/"}],"author":[{"embeddable":true,"href":"http:\/\/mesverdbenicalap.eu\/es\/wp-json\/wp\/v2\/users\/2\/"}],"replies":[{"embeddable":true,"href":"http:\/\/mesverdbenicalap.eu\/es\/wp-json\/wp\/v2\/comments\/?post=2414"}],"version-history":[{"count":9,"href":"http:\/\/mesverdbenicalap.eu\/es\/wp-json\/wp\/v2\/pages\/2414\/revisions\/"}],"predecessor-version":[{"id":2875,"href":"http:\/\/mesverdbenicalap.eu\/es\/wp-json\/wp\/v2\/pages\/2414\/revisions\/2875\/"}],"wp:attachment":[{"href":"http:\/\/mesverdbenicalap.eu\/es\/wp-json\/wp\/v2\/media\/?parent=2414"}],"curies":[{"name":"wp","href":"https:\/\/api.w.org\/{rel}","templated":true}]}}