{"id":2449,"date":"2022-05-05T16:28:34","date_gmt":"2022-05-05T14:28:34","guid":{"rendered":"http:\/\/mesverdbenicalap.eu\/?page_id=2449"},"modified":"2022-05-23T15:49:36","modified_gmt":"2022-05-23T13:49:36","slug":"resilencia-urbana-grow-green","status":"publish","type":"page","link":"http:\/\/mesverdbenicalap.eu\/es\/resilencia-urbana-grow-green\/","title":{"rendered":"Dispositivo de Resilencia Urbana"},"content":{"rendered":"[vc_row type=\u00bbin_container\u00bb full_screen_row_position=\u00bbmiddle\u00bb scene_position=\u00bbcenter\u00bb text_color=\u00bbdark\u00bb text_align=\u00bbleft\u00bb bottom_padding=\u00bb50&#8243; overlay_strength=\u00bb0.3&#8243;][vc_column column_padding=\u00bbno-extra-padding\u00bb column_padding_position=\u00bball\u00bb background_color_opacity=\u00bb1&#8243; background_hover_color_opacity=\u00bb1&#8243; column_shadow=\u00bbnone\u00bb width=\u00bb1\/6&#8243; tablet_text_alignment=\u00bbdefault\u00bb phone_text_alignment=\u00bbdefault\u00bb column_border_width=\u00bbnone\u00bb column_border_style=\u00bbsolid\u00bb][\/vc_column][vc_column column_padding=\u00bbno-extra-padding\u00bb column_padding_position=\u00bball\u00bb background_color_opacity=\u00bb1&#8243; background_hover_color_opacity=\u00bb1&#8243; column_shadow=\u00bbnone\u00bb width=\u00bb2\/3&#8243; tablet_text_alignment=\u00bbdefault\u00bb phone_text_alignment=\u00bbdefault\u00bb column_border_width=\u00bbnone\u00bb column_border_style=\u00bbsolid\u00bb]<div class=\"divider-wrap\"><div style=\"height: 50px;\" class=\"divider\"><\/div><\/div>[vc_column_text]\n<h1 style=\"text-align: center;\">DISPOSITIVO DE RESILIENCIA URBANA<\/h1>\n[\/vc_column_text]<div class=\"divider-wrap\"><div style=\"height: 50px;\" class=\"divider\"><\/div><\/div><div class=\"img-with-aniamtion-wrap center\" data-max-width=\"100%\"><div class=\"inner\"><img loading=\"lazy\" decoding=\"async\" data-shadow=\"medium_depth\" data-shadow-direction=\"middle\" class=\"img-with-animation \" data-delay=\"0\" height=\"1000\" width=\"1500\" data-animation=\"none\" src=\"http:\/\/mesverdbenicalap.eu\/wp-content\/uploads\/2022\/05\/resilencia-urbana-2.jpg\" srcset=\"http:\/\/mesverdbenicalap.eu\/wp-content\/uploads\/2022\/05\/resilencia-urbana-2.jpg 1500w, http:\/\/mesverdbenicalap.eu\/wp-content\/uploads\/2022\/05\/resilencia-urbana-2-300x200.jpg 300w, http:\/\/mesverdbenicalap.eu\/wp-content\/uploads\/2022\/05\/resilencia-urbana-2-768x512.jpg 768w, http:\/\/mesverdbenicalap.eu\/wp-content\/uploads\/2022\/05\/resilencia-urbana-2-1024x683.jpg 1024w, http:\/\/mesverdbenicalap.eu\/wp-content\/uploads\/2022\/05\/resilencia-urbana-2-900x600.jpg 900w, http:\/\/mesverdbenicalap.eu\/wp-content\/uploads\/2022\/05\/resilencia-urbana-2-675x450.jpg 675w\" sizes=\"auto, 100vw\" alt=\"\" \/><\/div><\/div>[\/vc_column][vc_column column_padding=\u00bbno-extra-padding\u00bb column_padding_position=\u00bball\u00bb background_color_opacity=\u00bb1&#8243; background_hover_color_opacity=\u00bb1&#8243; column_shadow=\u00bbnone\u00bb width=\u00bb1\/6&#8243; tablet_text_alignment=\u00bbdefault\u00bb phone_text_alignment=\u00bbdefault\u00bb column_border_width=\u00bbnone\u00bb column_border_style=\u00bbsolid\u00bb][\/vc_column][\/vc_row][vc_row type=\u00bbin_container\u00bb full_screen_row_position=\u00bbmiddle\u00bb scene_position=\u00bbcenter\u00bb text_color=\u00bbdark\u00bb text_align=\u00bbleft\u00bb top_padding=\u00bb20&#8243; bottom_padding=\u00bb50&#8243; overlay_strength=\u00bb0.3&#8243;][vc_column column_padding=\u00bbno-extra-padding\u00bb column_padding_position=\u00bball\u00bb background_color_opacity=\u00bb1&#8243; background_hover_color_opacity=\u00bb1&#8243; column_shadow=\u00bbnone\u00bb width=\u00bb1\/2&#8243; tablet_text_alignment=\u00bbdefault\u00bb phone_text_alignment=\u00bbdefault\u00bb column_border_width=\u00bbnone\u00bb column_border_style=\u00bbsolid\u00bb]<div class=\"divider-wrap\"><div style=\"height: 50px;\" class=\"divider\"><\/div><\/div>[vc_column_text]<span style=\"font-weight: 400;\">El proyecto de dispositivo de resiliencia urbana, uno de los ganadores del concurso de Ideas Verdes Colaborativas es un m\u00f3dulo de madera con dos bancos, vegetaci\u00f3n y una p\u00e9rgola que se ha construido para que este espacio sea m\u00e1s verde y, sobre todo, m\u00e1s fresco.\u00a0<\/span><\/p>\n<p><span style=\"font-weight: 400;\">La estructura fue dise\u00f1ada por Carpe Studio junto al alumnado de 4\u00ba de ESO y el Ciclo Formativo de Artista Fallero a partir de unas sesiones pedag\u00f3gicas de sensibilizaci\u00f3n medioambiental y ecodise\u00f1o. Los recursos con los que est\u00e1 construido los aport\u00f3 la cooperativa del Artista Fallero, que, adem\u00e1s, son materiales y uniones de producci\u00f3n local.\u00a0 Gracias a este proyecto mantenemos a raya la temperatura del patio, creamos un espacio amable de descanso y aumentamos la biodiversidad del patio.\u00a0<\/span>[\/vc_column_text][\/vc_column][vc_column column_padding=\u00bbno-extra-padding\u00bb column_padding_position=\u00bball\u00bb background_color_opacity=\u00bb1&#8243; background_hover_color_opacity=\u00bb1&#8243; column_shadow=\u00bbnone\u00bb width=\u00bb1\/2&#8243; tablet_text_alignment=\u00bbdefault\u00bb phone_text_alignment=\u00bbdefault\u00bb column_border_width=\u00bbnone\u00bb column_border_style=\u00bbsolid\u00bb]<div class=\"img-with-aniamtion-wrap \" data-max-width=\"100%\"><div class=\"inner\"><img loading=\"lazy\" decoding=\"async\" data-shadow=\"none\" data-shadow-direction=\"middle\" class=\"img-with-animation \" data-delay=\"0\" height=\"373\" width=\"744\" data-animation=\"none\" src=\"http:\/\/mesverdbenicalap.eu\/wp-content\/uploads\/2018\/09\/grow-green-valencia-corredor-verde.png\" srcset=\"http:\/\/mesverdbenicalap.eu\/wp-content\/uploads\/2018\/09\/grow-green-valencia-corredor-verde.png 744w, http:\/\/mesverdbenicalap.eu\/wp-content\/uploads\/2018\/09\/grow-green-valencia-corredor-verde-300x150.png 300w\" sizes=\"auto, 100vw\" alt=\"\" \/><\/div><\/div>[\/vc_column][\/vc_row][vc_row type=\u00bbin_container\u00bb full_screen_row_position=\u00bbmiddle\u00bb scene_position=\u00bbcenter\u00bb text_color=\u00bbdark\u00bb text_align=\u00bbleft\u00bb overlay_strength=\u00bb0.3&#8243;][vc_column column_padding=\u00bbno-extra-padding\u00bb column_padding_position=\u00bball\u00bb background_color_opacity=\u00bb1&#8243; background_hover_color_opacity=\u00bb1&#8243; column_shadow=\u00bbnone\u00bb width=\u00bb1\/1&#8243; tablet_text_alignment=\u00bbdefault\u00bb phone_text_alignment=\u00bbdefault\u00bb column_border_width=\u00bbnone\u00bb column_border_style=\u00bbsolid\u00bb][vc_row_inner column_margin=\u00bbdefault\u00bb text_align=\u00bbleft\u00bb][vc_column_inner column_padding=\u00bbpadding-4-percent\u00bb column_padding_position=\u00bball\u00bb background_color_opacity=\u00bb1&#8243; el_class=\u00bbcurvadav\u00bb width=\u00bb1\/2&#8243; column_border_width=\u00bbnone\u00bb column_border_style=\u00bbsolid\u00bb]<div class=\"img-with-aniamtion-wrap right\" data-max-width=\"100%\"><div class=\"inner\"><img loading=\"lazy\" decoding=\"async\" data-shadow=\"none\" data-shadow-direction=\"middle\" class=\"img-with-animation \" data-delay=\"0\" height=\"720\" width=\"1080\" data-animation=\"none\" src=\"http:\/\/mesverdbenicalap.eu\/wp-content\/uploads\/2022\/05\/DRU-proposta-butlleti.jpg\" srcset=\"http:\/\/mesverdbenicalap.eu\/wp-content\/uploads\/2022\/05\/DRU-proposta-butlleti.jpg 1080w, http:\/\/mesverdbenicalap.eu\/wp-content\/uploads\/2022\/05\/DRU-proposta-butlleti-300x200.jpg 300w, http:\/\/mesverdbenicalap.eu\/wp-content\/uploads\/2022\/05\/DRU-proposta-butlleti-768x512.jpg 768w, http:\/\/mesverdbenicalap.eu\/wp-content\/uploads\/2022\/05\/DRU-proposta-butlleti-1024x683.jpg 1024w, http:\/\/mesverdbenicalap.eu\/wp-content\/uploads\/2022\/05\/DRU-proposta-butlleti-900x600.jpg 900w, http:\/\/mesverdbenicalap.eu\/wp-content\/uploads\/2022\/05\/DRU-proposta-butlleti-675x450.jpg 675w\" sizes=\"auto, 100vw\" alt=\"\" \/><\/div><\/div>[\/vc_column_inner][vc_column_inner column_padding=\u00bbpadding-4-percent\u00bb column_padding_position=\u00bball\u00bb background_color_opacity=\u00bb1&#8243; width=\u00bb1\/2&#8243; column_border_width=\u00bbnone\u00bb column_border_style=\u00bbsolid\u00bb][vc_column_text]<strong>Beneficios:<\/strong>[\/vc_column_text]<div class=\"divider-wrap\"><div style=\"height: 25px;\" class=\"divider\"><\/div><\/div>[vc_column_text]\n<ul>\n<li style=\"color: #00bad6;\"><span style=\"color: #59cb27;\"><strong>36 m\u00b2 nuevos de sombra. Aumentar\u00e1n con el crecimiento de la vegetaci\u00f3n<\/strong><\/span><\/li>\n<\/ul>\n[\/vc_column_text]<div class=\"divider-wrap\"><div style=\"height: 25px;\" class=\"divider\"><\/div><\/div>[vc_column_text]\n<ul>\n<li style=\"color: #00bad6;\"><span style=\"color: #59cb27;\"><strong>12 m lineales nuevos de banco<\/strong><\/span><\/li>\n<\/ul>\n[\/vc_column_text]<div class=\"divider-wrap\"><div style=\"height: 25px;\" class=\"divider\"><\/div><\/div>[vc_column_text]\n<ul>\n<li style=\"color: #00bad6;\"><span style=\"color: #59cb27;\"><strong>Un aumento del 40% de las zonas de estancia<\/strong><\/span><\/li>\n<\/ul>\n[\/vc_column_text]<div class=\"divider-wrap\"><div style=\"height: 25px;\" class=\"divider\"><\/div><\/div>[vc_column_text]\n<ul>\n<li style=\"color: #00bad6;\"><span style=\"color: #59cb27;\"><strong>18 nuevas especies vegetales<\/strong><\/span><\/li>\n<\/ul>\n[\/vc_column_text]<div class=\"divider-wrap\"><div style=\"height: 25px;\" class=\"divider\"><\/div><\/div>[vc_column_text]\n<ul>\n<li style=\"color: #00bad6;\"><span style=\"color: #59cb27;\"><strong>3 m\u00b2 nuevos de cultivo, con una profundidad de 50 cm<\/strong><\/span><\/li>\n<\/ul>\n[\/vc_column_text]<div class=\"divider-wrap\"><div style=\"height: 25px;\" class=\"divider\"><\/div><\/div>[vc_column_text]\n<ul>\n<li style=\"color: #00bad6;\"><span style=\"color: #59cb27;\"><strong>Aumento de la biodiversidad.<\/strong><\/span><\/li>\n<\/ul>\n[\/vc_column_text][\/vc_column_inner][\/vc_row_inner][vc_text_separator title=\u00bb\u00bb][vc_column_text]\n<h2 style=\"color: #59cb27; text-align: center;\">M\u00e1s Info<\/h2>\n[\/vc_column_text]<div class=\"divider-wrap\"><div style=\"height: 20px;\" class=\"divider\"><\/div><\/div>[page_submenu alignment=\u00bbcenter\u00bb link_color=\u00bb#00bad6&#8243;][page_link link_new_tab=\u00bbtrue\u00bb link_url=\u00bbhttp:\/\/mesverdbenicalap.eu\/es\/se-inician-los-trabajos-de-construccion-del-dispositivo-de-resiliencia-urbana-en-el-patio-del-ies-benicalap\/\u00bb title=\u00bbNoticia Construcci\u00f3n dispositivo\u00bb id=\u00bb1650885771-1-88&#8243; tab_id=\u00bb1650885961380-8&#8243;] [\/page_link][page_link link_new_tab=\u00bbtrue\u00bb link_url=\u00bbhttp:\/\/mesverdbenicalap.eu\/es\/el-ies-benicalap-instala-el-dispositivo-de-resiliencia-contra-las-altas-temperaturas-en-el-patio-escolar\/\u00bb title=\u00bbNoticia Instalaci\u00f3n del dispositivo\u00bb id=\u00bb1650885771-2-95&#8243; tab_id=\u00bb1650885961448-10&#8243;] [\/page_link][page_link link_new_tab=\u00bbtrue\u00bb title=\u00bbPanel de Informaci\u00f3n\u00bb id=\u00bb1650886053242-0-0&#8243; tab_id=\u00bb1650886053244-2&#8243; link_url=\u00bbhttp:\/\/mesverdbenicalap.eu\/wp-content\/uploads\/2022\/05\/AAFF-PANEL-resilencia-urbana.pdf\u00bb][\/page_link][page_link link_new_tab=\u00bbtrue\u00bb title=\u00bbC\u00f3mic\u00bb id=\u00bb1653042875903-0-4&#8243; tab_id=\u00bb1653042875904-9&#8243; link_url=\u00bbhttp:\/\/mesverdbenicalap.eu\/wp-content\/uploads\/2022\/05\/dru-comic-GROWGREEN.pdf\u00bb][\/page_link][\/page_submenu]<div class=\"divider-wrap\"><div style=\"height: 50px;\" class=\"divider\"><\/div><\/div>[vc_column_text]\n<h2 style=\"color: #59cb27; text-align: left;\">\u00bfSabes c\u00f3mo se ha construido la p\u00e9rgola que te da sombra en el patio del IES Benicalap?<\/h2>\n[\/vc_column_text]<div class=\"divider-wrap\"><div style=\"height: 50px;\" class=\"divider\"><\/div><\/div>[vc_video link=\u00bbhttps:\/\/youtu.be\/uZTrI3M2Keg\u00bb][\/vc_column][\/vc_row][vc_row type=\u00bbin_container\u00bb full_screen_row_position=\u00bbmiddle\u00bb scene_position=\u00bbcenter\u00bb text_color=\u00bbdark\u00bb text_align=\u00bbleft\u00bb overlay_strength=\u00bb0.3&#8243;][vc_column column_padding=\u00bbno-extra-padding\u00bb column_padding_position=\u00bball\u00bb background_color_opacity=\u00bb1&#8243; background_hover_color_opacity=\u00bb1&#8243; column_shadow=\u00bbnone\u00bb width=\u00bb1\/1&#8243; tablet_text_alignment=\u00bbdefault\u00bb phone_text_alignment=\u00bbdefault\u00bb column_border_width=\u00bbnone\u00bb column_border_style=\u00bbsolid\u00bb][vc_column_text]\n<h2 style=\"color: #59cb27; text-align: left;\"><span style=\"color: #59cb27;\">Mapa con todas las acciones de GrowGreen<\/span><\/h2>\n[\/vc_column_text][vc_raw_html]JTNDaWZyYW1lJTIwd2lkdGglM0QlMjI3NjglMjIlMjBoZWlnaHQlM0QlMjI1NzYlMjIlMjBzcmMlM0QlMjJodHRwcyUzQSUyRiUyRm1hcGh1Yi5uZXQlMkZlbWJlZCUyRjExMjYyNyUzRmxlZ2VuZCUzRDElMjZwYW5lbCUzRDElMjZwYW5lbF9jbG9zZWQlM0QxJTIyJTIwZnJhbWVib3JkZXIlM0QlMjIwJTIyJTNFJTNDJTJGaWZyYW1lJTNF[\/vc_raw_html][\/vc_column][\/vc_row]\n","protected":false},"excerpt":{"rendered":"<p>[vc_row type=\u00bbin_container\u00bb full_screen_row_position=\u00bbmiddle\u00bb scene_position=\u00bbcenter\u00bb text_color=\u00bbdark\u00bb text_align=\u00bbleft\u00bb bottom_padding=\u00bb50&#8243; overlay_strength=\u00bb0.3&#8243;][vc_column column_padding=\u00bbno-extra-padding\u00bb column_padding_position=\u00bball\u00bb background_color_opacity=\u00bb1&#8243; background_hover_color_opacity=\u00bb1&#8243; column_shadow=\u00bbnone\u00bb width=\u00bb1\/6&#8243; tablet_text_alignment=\u00bbdefault\u00bb phone_text_alignment=\u00bbdefault\u00bb column_border_width=\u00bbnone\u00bb column_border_style=\u00bbsolid\u00bb][\/vc_column][vc_column column_padding=\u00bbno-extra-padding\u00bb column_padding_position=\u00bball\u00bb background_color_opacity=\u00bb1&#8243; background_hover_color_opacity=\u00bb1&#8243; column_shadow=\u00bbnone\u00bb width=\u00bb2\/3&#8243; tablet_text_alignment=\u00bbdefault\u00bb phone_text_alignment=\u00bbdefault\u00bb column_border_width=\u00bbnone\u00bb column_border_style=\u00bbsolid\u00bb][vc_column_text] DISPOSITIVO DE&#8230;<\/p>\n","protected":false},"author":2,"featured_media":0,"parent":0,"menu_order":0,"comment_status":"closed","ping_status":"closed","template":"","meta":{"footnotes":""},"class_list":["post-2449","page","type-page","status-publish","hentry"],"_links":{"self":[{"href":"http:\/\/mesverdbenicalap.eu\/es\/wp-json\/wp\/v2\/pages\/2449\/"}],"collection":[{"href":"http:\/\/mesverdbenicalap.eu\/es\/wp-json\/wp\/v2\/pages\/"}],"about":[{"href":"http:\/\/mesverdbenicalap.eu\/es\/wp-json\/wp\/v2\/types\/page\/"}],"author":[{"embeddable":true,"href":"http:\/\/mesverdbenicalap.eu\/es\/wp-json\/wp\/v2\/users\/2\/"}],"replies":[{"embeddable":true,"href":"http:\/\/mesverdbenicalap.eu\/es\/wp-json\/wp\/v2\/comments\/?post=2449"}],"version-history":[{"count":6,"href":"http:\/\/mesverdbenicalap.eu\/es\/wp-json\/wp\/v2\/pages\/2449\/revisions\/"}],"predecessor-version":[{"id":3025,"href":"http:\/\/mesverdbenicalap.eu\/es\/wp-json\/wp\/v2\/pages\/2449\/revisions\/3025\/"}],"wp:attachment":[{"href":"http:\/\/mesverdbenicalap.eu\/es\/wp-json\/wp\/v2\/media\/?parent=2449"}],"curies":[{"name":"wp","href":"https:\/\/api.w.org\/{rel}","templated":true}]}}