{"id":2526,"date":"2022-05-09T17:09:47","date_gmt":"2022-05-09T15:09:47","guid":{"rendered":"http:\/\/mesverdbenicalap.eu\/?page_id=2526"},"modified":"2022-06-13T12:33:09","modified_gmt":"2022-06-13T10:33:09","slug":"participacion-ciudadana","status":"publish","type":"page","link":"http:\/\/mesverdbenicalap.eu\/es\/participacion-ciudadana\/","title":{"rendered":"Participaci\u00f3n Ciudadana"},"content":{"rendered":"[vc_row type=\u00bbin_container\u00bb full_screen_row_position=\u00bbmiddle\u00bb scene_position=\u00bbcenter\u00bb text_color=\u00bbdark\u00bb text_align=\u00bbleft\u00bb top_padding=\u00bb20&#8243; bottom_padding=\u00bb50&#8243; overlay_strength=\u00bb0.3&#8243;][vc_column column_padding=\u00bbno-extra-padding\u00bb column_padding_position=\u00bball\u00bb background_color_opacity=\u00bb1&#8243; background_hover_color_opacity=\u00bb1&#8243; column_shadow=\u00bbnone\u00bb width=\u00bb1\/1&#8243; tablet_text_alignment=\u00bbdefault\u00bb phone_text_alignment=\u00bbdefault\u00bb column_border_width=\u00bbnone\u00bb column_border_style=\u00bbsolid\u00bb][vc_column_text]\n<h2 style=\"text-align: center;\">Participaci\u00f3n Ciudadana en GrowGreen<\/h2>\n[\/vc_column_text]<div class=\"divider-wrap\"><div style=\"height: 50px;\" class=\"divider\"><\/div><\/div>[vc_column_text]\n<h4 style=\"color: #59cb27; text-align: center;\">Barrios verdes y unidos<\/h4>\n<h4 style=\"text-align: center;\">Pon tu semilla<\/h4>\n[\/vc_column_text][\/vc_column][\/vc_row][vc_row type=\u00bbin_container\u00bb full_screen_row_position=\u00bbmiddle\u00bb scene_position=\u00bbcenter\u00bb text_color=\u00bbdark\u00bb text_align=\u00bbleft\u00bb overlay_strength=\u00bb0.3&#8243;][vc_column column_padding=\u00bbno-extra-padding\u00bb column_padding_position=\u00bball\u00bb background_color_opacity=\u00bb1&#8243; background_hover_color_opacity=\u00bb1&#8243; column_shadow=\u00bbnone\u00bb width=\u00bb1\/2&#8243; tablet_text_alignment=\u00bbdefault\u00bb phone_text_alignment=\u00bbdefault\u00bb column_border_width=\u00bbnone\u00bb column_border_style=\u00bbsolid\u00bb]<div class=\"img-with-aniamtion-wrap center\" data-max-width=\"100%\"><div class=\"inner\"><img loading=\"lazy\" decoding=\"async\" data-shadow=\"none\" data-shadow-direction=\"middle\" class=\"img-with-animation \" data-delay=\"0\" height=\"489\" width=\"744\" data-animation=\"none\" src=\"http:\/\/mesverdbenicalap.eu\/wp-content\/uploads\/2018\/09\/grow-green-participa-vecin@s.png\" srcset=\"http:\/\/mesverdbenicalap.eu\/wp-content\/uploads\/2018\/09\/grow-green-participa-vecin@s.png 744w, http:\/\/mesverdbenicalap.eu\/wp-content\/uploads\/2018\/09\/grow-green-participa-vecin@s-300x197.png 300w\" sizes=\"auto, 100vw\" alt=\"\" \/><\/div><\/div><div class=\"divider-wrap\"><div style=\"height: 20px;\" class=\"divider\"><\/div><\/div>[\/vc_column][vc_column column_padding=\u00bbno-extra-padding\u00bb column_padding_position=\u00bball\u00bb background_color_opacity=\u00bb1&#8243; background_hover_color_opacity=\u00bb1&#8243; column_shadow=\u00bbnone\u00bb width=\u00bb1\/2&#8243; tablet_text_alignment=\u00bbdefault\u00bb phone_text_alignment=\u00bbdefault\u00bb column_border_width=\u00bbnone\u00bb column_border_style=\u00bbsolid\u00bb]<div class=\"img-with-aniamtion-wrap center\" data-max-width=\"100%\"><div class=\"inner\"><img loading=\"lazy\" decoding=\"async\" data-shadow=\"none\" data-shadow-direction=\"middle\" class=\"img-with-animation \" data-delay=\"0\" height=\"489\" width=\"744\" data-animation=\"none\" src=\"http:\/\/mesverdbenicalap.eu\/wp-content\/uploads\/2018\/09\/grow-green-participa-colectivos.png\" srcset=\"http:\/\/mesverdbenicalap.eu\/wp-content\/uploads\/2018\/09\/grow-green-participa-colectivos.png 744w, http:\/\/mesverdbenicalap.eu\/wp-content\/uploads\/2018\/09\/grow-green-participa-colectivos-300x197.png 300w\" sizes=\"auto, 100vw\" alt=\"\" \/><\/div><\/div><div class=\"divider-wrap\"><div style=\"height: 20px;\" class=\"divider\"><\/div><\/div>[\/vc_column][\/vc_row][vc_row type=\u00bbin_container\u00bb full_screen_row_position=\u00bbmiddle\u00bb scene_position=\u00bbcenter\u00bb text_color=\u00bbdark\u00bb text_align=\u00bbleft\u00bb overlay_strength=\u00bb0.3&#8243;][vc_column column_padding=\u00bbno-extra-padding\u00bb column_padding_position=\u00bball\u00bb background_color_opacity=\u00bb1&#8243; background_hover_color_opacity=\u00bb1&#8243; column_shadow=\u00bbnone\u00bb width=\u00bb1\/1&#8243; tablet_text_alignment=\u00bbdefault\u00bb phone_text_alignment=\u00bbdefault\u00bb column_border_width=\u00bbnone\u00bb column_border_style=\u00bbsolid\u00bb][vc_column_text]\n<h4 style=\"color: #59cb27; text-align: center;\"><b>Mejorar el espacio p\u00fablico desde la participaci\u00f3n ciudadana<\/b><\/h4>\n[\/vc_column_text]<div class=\"divider-wrap\"><div style=\"height: 20px;\" class=\"divider\"><\/div><\/div>[vc_column_text]GrowGreen en Val\u00e8ncia se ha centrado en las personas a lo largo de todas sus etapas.<\/p>\n<p>La primera etapa del proyecto se bas\u00f3 en el an\u00e1lisis de las necesidades reales que existen en Ciutat Fallera. Reflexionamos sobre espacios p\u00fablicos como calles, plazas, parques y colegios; y elementos urbanos como rampas, pasos de cebra, se\u00f1ales, iluminaci\u00f3n, mantenimiento, bancos, sombras, informaci\u00f3n hist\u00f3rica, elementos art\u00edsticos, juegos, equipamiento deportivo o actividades culturales.[\/vc_column_text]<div class=\"divider-wrap\"><div style=\"height: 20px;\" class=\"divider\"><\/div><\/div>[\/vc_column][\/vc_row][vc_row type=\u00bbin_container\u00bb full_screen_row_position=\u00bbmiddle\u00bb scene_position=\u00bbcenter\u00bb text_color=\u00bbdark\u00bb text_align=\u00bbleft\u00bb overlay_strength=\u00bb0.3&#8243;][vc_column column_padding=\u00bbno-extra-padding\u00bb column_padding_position=\u00bball\u00bb background_color_opacity=\u00bb1&#8243; background_hover_color_opacity=\u00bb1&#8243; column_shadow=\u00bbnone\u00bb width=\u00bb1\/4&#8243; tablet_text_alignment=\u00bbdefault\u00bb phone_text_alignment=\u00bbdefault\u00bb column_border_width=\u00bbnone\u00bb column_border_style=\u00bbsolid\u00bb][\/vc_column][vc_column column_padding=\u00bbno-extra-padding\u00bb column_padding_position=\u00bball\u00bb background_color_opacity=\u00bb1&#8243; background_hover_color_opacity=\u00bb1&#8243; column_shadow=\u00bbnone\u00bb width=\u00bb1\/2&#8243; tablet_text_alignment=\u00bbdefault\u00bb phone_text_alignment=\u00bbdefault\u00bb column_border_width=\u00bbnone\u00bb column_border_style=\u00bbsolid\u00bb]<div class=\"img-with-aniamtion-wrap center\" data-max-width=\"100%\"><div class=\"inner\"><img loading=\"lazy\" decoding=\"async\" data-shadow=\"none\" data-shadow-direction=\"middle\" class=\"img-with-animation \" data-delay=\"0\" height=\"352\" width=\"755\" data-animation=\"none\" src=\"http:\/\/mesverdbenicalap.eu\/wp-content\/uploads\/2022\/05\/growgreen-proyecto.png\" srcset=\"http:\/\/mesverdbenicalap.eu\/wp-content\/uploads\/2022\/05\/growgreen-proyecto.png 755w, http:\/\/mesverdbenicalap.eu\/wp-content\/uploads\/2022\/05\/growgreen-proyecto-300x140.png 300w\" sizes=\"auto, 100vw\" alt=\"\" \/><\/div><\/div><div class=\"divider-wrap\"><div style=\"height: 20px;\" class=\"divider\"><\/div><\/div>[\/vc_column][vc_column column_padding=\u00bbno-extra-padding\u00bb column_padding_position=\u00bball\u00bb background_color_opacity=\u00bb1&#8243; background_hover_color_opacity=\u00bb1&#8243; column_shadow=\u00bbnone\u00bb width=\u00bb1\/4&#8243; tablet_text_alignment=\u00bbdefault\u00bb phone_text_alignment=\u00bbdefault\u00bb column_border_width=\u00bbnone\u00bb column_border_style=\u00bbsolid\u00bb][\/vc_column][\/vc_row][vc_row type=\u00bbin_container\u00bb full_screen_row_position=\u00bbmiddle\u00bb scene_position=\u00bbcenter\u00bb text_color=\u00bbdark\u00bb text_align=\u00bbleft\u00bb overlay_strength=\u00bb0.3&#8243;][vc_column column_padding=\u00bbno-extra-padding\u00bb column_padding_position=\u00bball\u00bb background_color_opacity=\u00bb1&#8243; background_hover_color_opacity=\u00bb1&#8243; column_shadow=\u00bbnone\u00bb width=\u00bb1\/1&#8243; tablet_text_alignment=\u00bbdefault\u00bb phone_text_alignment=\u00bbdefault\u00bb column_border_width=\u00bbnone\u00bb column_border_style=\u00bbsolid\u00bb]<div class=\"divider-wrap\"><div style=\"height: 20px;\" class=\"divider\"><\/div><\/div>[vc_column_text]\n<h4 style=\"color: #59cb27; text-align: center;\"><b>\u00bfQu\u00e9?: Desarrollo de acciones piloto<br \/>\n<\/b><\/h4>\n[\/vc_column_text]<div class=\"divider-wrap\"><div style=\"height: 20px;\" class=\"divider\"><\/div><\/div>[vc_column_text]La identificaci\u00f3n de necesidades llev\u00f3 a plantear las primeras estrategias de soluciones con el objetivo de generar beneficios necesarios en Benicalap (Ciutat Fallera).<\/p>\n<p>La segunda fase del proyecto GrowGreen se bas\u00f3 en la participaci\u00f3n ciudadana, donde junto a vecinos y vecinas de Benicalap analizamos los proyectos piloto a desarrollar, con el objetivo de mejorar los problemas detectados en las calles del barrio.<\/p>\n<p>Estos proyectos piloto se materializaron como Soluciones Basadas en la Naturaleza (SBN), una herramienta que responde a los retos econ\u00f3micos, sociales y ambientales de las \u00e1reas urbanas.<\/p>\n<p>Se planificaron y ejecutaron 6 pilotos, m\u00e1s 5 acciones m\u00e1s surgidas de un Concurso de Iniciativas Verdes Colaborativas; 11 en total, siempre con la colaboraci\u00f3n de los vecinos y vecinas de Benicalap.[\/vc_column_text]<div class=\"divider-wrap\"><div style=\"height: 20px;\" class=\"divider\"><\/div><\/div>[\/vc_column][\/vc_row][vc_row type=\u00bbin_container\u00bb full_screen_row_position=\u00bbmiddle\u00bb scene_position=\u00bbcenter\u00bb text_color=\u00bbdark\u00bb text_align=\u00bbleft\u00bb overlay_strength=\u00bb0.3&#8243;][vc_column column_padding=\u00bbno-extra-padding\u00bb column_padding_position=\u00bball\u00bb background_color_opacity=\u00bb1&#8243; background_hover_color_opacity=\u00bb1&#8243; column_shadow=\u00bbnone\u00bb width=\u00bb1\/1&#8243; tablet_text_alignment=\u00bbdefault\u00bb phone_text_alignment=\u00bbdefault\u00bb column_border_width=\u00bbnone\u00bb column_border_style=\u00bbsolid\u00bb]<div class=\"img-with-aniamtion-wrap center\" data-max-width=\"100%\"><div class=\"inner\"><img loading=\"lazy\" decoding=\"async\" data-shadow=\"none\" data-shadow-direction=\"middle\" class=\"img-with-animation \" data-delay=\"0\" height=\"373\" width=\"744\" data-animation=\"none\" src=\"http:\/\/mesverdbenicalap.eu\/wp-content\/uploads\/2018\/09\/grow-green-valencia-corredor-verde.png\" srcset=\"http:\/\/mesverdbenicalap.eu\/wp-content\/uploads\/2018\/09\/grow-green-valencia-corredor-verde.png 744w, http:\/\/mesverdbenicalap.eu\/wp-content\/uploads\/2018\/09\/grow-green-valencia-corredor-verde-300x150.png 300w\" sizes=\"auto, 100vw\" alt=\"\" \/><\/div><\/div><div class=\"divider-wrap\"><div style=\"height: 20px;\" class=\"divider\"><\/div><\/div>[vc_column_text]\n<h4 style=\"color: #59cb27; text-align: center;\"><b>\u00bfC\u00f3mo?: Iniciativas colaborativas comunitarias<\/b><\/h4>\n[\/vc_column_text]<div class=\"divider-wrap\"><div style=\"height: 20px;\" class=\"divider\"><\/div><\/div>[vc_column_text]Partimos bajo la premisa: las personas en el centro de la innovaci\u00f3n, las protagonistas de los cambios y de las iniciativas de los pilotos.<\/p>\n<p>De esta manera, organizamos encuentros y puntos de reuni\u00f3n para gestionar de forma colaborativa las Soluciones Basadas en la Naturaleza (SBN).<\/p>\n<p>El proceso se estableci\u00f3 en dos partes: una primera parte donde los vecinos y vecinas participaron en los pilotos pre-dise\u00f1ados y una segunda parte del proceso que culmin\u00f3 con el Concurso de Iniciativas Colaborativas.<\/p>\n<p><strong>Proceso participativo ciudadano<\/strong><\/p>\n<p><strong>Mediante talleres participativos<\/strong>, se recopilaron\u00a0<strong>las sugerencias, reivindicaciones y opiniones<\/strong>\u00a0de los vecinos y vecinas para planificar las acciones piloto del proyecto europeo GrowGreen. Fue un proceso participativo activo y enriquecedor que promovi\u00f3 la colaboraci\u00f3n continua.<\/p>\n<p><strong>Concurso de Iniciativas Verdes Colaborativas<\/strong><\/p>\n<p>Desde la participaci\u00f3n ciudadana tambi\u00e9n se definieron los retos del concurso de Iniciativas Verdes Colaborativas, un concurso de soluciones verdes colaborativas donde se eligieron <strong>5 propuestas para desarrollar en el barrio<\/strong>: Espai Verd Benicalap, Centre C\u00edvic Verd, Dispositivo de Resiliencia Urbana, Aliats Alats y Contenido audiovisual Ecoremedi.<\/p>\n<p><a href=\"http:\/\/mesverdbenicalap.eu\/es\/que-hem-fet\/\">Puedes consultarlos todos en este enlace<\/a>.[\/vc_column_text]<div class=\"divider-wrap\"><div style=\"height: 20px;\" class=\"divider\"><\/div><\/div>[\/vc_column][\/vc_row][vc_row type=\u00bbin_container\u00bb full_screen_row_position=\u00bbmiddle\u00bb scene_position=\u00bbcenter\u00bb text_color=\u00bbdark\u00bb text_align=\u00bbleft\u00bb bottom_padding=\u00bb10&#8243; overlay_strength=\u00bb0.3&#8243;][vc_column column_padding=\u00bbno-extra-padding\u00bb column_padding_position=\u00bball\u00bb background_color_opacity=\u00bb1&#8243; background_hover_color_opacity=\u00bb1&#8243; column_shadow=\u00bbnone\u00bb width=\u00bb1\/2&#8243; tablet_text_alignment=\u00bbdefault\u00bb phone_text_alignment=\u00bbdefault\u00bb column_border_width=\u00bbnone\u00bb column_border_style=\u00bbsolid\u00bb][vc_gallery type=\u00bbnectarslider_style\u00bb images=\u00bb1606,2230,1554,1651,2017,1726,1729,1736,1811,1819,2336,1900,2205&#8243; flexible_slider_height=\u00bbtrue\u00bb bullet_navigation=\u00bbtrue\u00bb bullet_navigation_style=\u00bbsee_through\u00bb onclick=\u00bblink_no\u00bb img_size=\u00bb500&#215;500&#8243;][\/vc_column][vc_column column_padding=\u00bbno-extra-padding\u00bb column_padding_position=\u00bball\u00bb background_color_opacity=\u00bb1&#8243; background_hover_color_opacity=\u00bb1&#8243; column_shadow=\u00bbnone\u00bb width=\u00bb1\/2&#8243; tablet_text_alignment=\u00bbdefault\u00bb phone_text_alignment=\u00bbdefault\u00bb column_border_width=\u00bbnone\u00bb column_border_style=\u00bbsolid\u00bb][vc_column_text]\n<h2 style=\"color: #00bad6;\"><strong>\u00abM\u00e9s Verd Benicalap\u00bb un proceso participativo,<\/strong><\/h2>\n<p>activo y enriquecedor que sembr\u00f3 la semilla de la colaboraci\u00f3n comunitaria relacionada con la sostenibilidad urbana. [\/vc_column_text]<div class=\"divider-wrap\"><div style=\"height: 50px;\" class=\"divider\"><\/div><\/div>[vc_column_text]\n<h2 style=\"color: #00bad6;\"><strong>La participaci\u00f3n ciudadana es tambi\u00e9n un proceso de informaci\u00f3n a la ciudadan\u00eda de los objetivos de GrowGreen.<\/strong><\/h2>\n<p>Desde la escucha y la interacci\u00f3n con los vecinos, hemos conseguido concretar las necesidades y soluciones que el barrio de Benicalap necesitaba.[\/vc_column_text][\/vc_column][\/vc_row][vc_row type=\u00bbin_container\u00bb full_screen_row_position=\u00bbmiddle\u00bb scene_position=\u00bbcenter\u00bb text_color=\u00bbdark\u00bb text_align=\u00bbleft\u00bb bottom_padding=\u00bb10&#8243; overlay_strength=\u00bb0.3&#8243;][vc_column column_padding=\u00bbno-extra-padding\u00bb column_padding_position=\u00bball\u00bb background_color_opacity=\u00bb1&#8243; background_hover_color_opacity=\u00bb1&#8243; column_shadow=\u00bbnone\u00bb width=\u00bb1\/1&#8243; tablet_text_alignment=\u00bbdefault\u00bb phone_text_alignment=\u00bbdefault\u00bb column_border_width=\u00bbnone\u00bb column_border_style=\u00bbsolid\u00bb][vc_column_text]\n<h2 style=\"color: #00bad6;\"><strong>Problem\u00e1ticas y necesidades identificadas con el proceso participativo de an\u00e1lisis:<\/strong><\/h2>\n<ul>\n<li>Protecci\u00f3n y potenciaci\u00f3n de la Huerta, falta de integraci\u00f3n con el barrio y pocos accesos<\/li>\n<li>Necesidad de mejorar los espacios p\u00fablicos respecto a aspectos como la seguridad, bienestar, inclusi\u00f3n y diversidad<\/li>\n<li>Falta de zonas verdes, infantiles y de ocio<\/li>\n<li>Poco mobiliario urbano.<\/li>\n<\/ul>\n[\/vc_column_text]<div class=\"divider-wrap\"><div style=\"height: 20px;\" class=\"divider\"><\/div><\/div><div class=\"img-with-aniamtion-wrap center\" data-max-width=\"100%\"><div class=\"inner\"><img loading=\"lazy\" decoding=\"async\" data-shadow=\"none\" data-shadow-direction=\"middle\" class=\"img-with-animation \" data-delay=\"0\" height=\"910\" width=\"1000\" data-animation=\"none\" src=\"http:\/\/mesverdbenicalap.eu\/wp-content\/uploads\/2022\/05\/00-Folleto.jpg\" srcset=\"http:\/\/mesverdbenicalap.eu\/wp-content\/uploads\/2022\/05\/00-Folleto.jpg 1000w, http:\/\/mesverdbenicalap.eu\/wp-content\/uploads\/2022\/05\/00-Folleto-300x273.jpg 300w, http:\/\/mesverdbenicalap.eu\/wp-content\/uploads\/2022\/05\/00-Folleto-768x699.jpg 768w\" sizes=\"auto, 100vw\" alt=\"\" \/><\/div><\/div><div class=\"divider-wrap\"><div style=\"height: 20px;\" class=\"divider\"><\/div><\/div>[vc_column_text]\n<h2 style=\"color: #00bad6;\"><strong>Caracter\u00edsticas y beneficios de las acciones desarrolladas (basades en las SBN):<\/strong><\/h2>\n<ul>\n<li><strong>Innovaci\u00f3n y aprendizaje<\/strong><\/li>\n<li>Transversalidad de\u00a0<strong>g\u00e9nero<\/strong><\/li>\n<li>Participaci\u00f3n y gobernanza enfocada a la\u00a0<strong>ciudadan\u00eda<\/strong><\/li>\n<li>Participaci\u00f3n de los vecinos y vecinas en el dise\u00f1o<\/li>\n<li>Interacci\u00f3n vecinal transgeneracional<\/li>\n<li>Consolidaci\u00f3n y cohesi\u00f3n social y del tejido asociativo<\/li>\n<li><strong>Salud p\u00fablica y bienestar<\/strong><\/li>\n<li><strong>Resultados econ\u00f3micos <\/strong>positivos (salud, servicios ecosist\u00e9micos, nuevos puestos de trabajo, etc.)<\/li>\n<li>Valores de econom\u00eda social y solidaria y valores medioambientales<\/li>\n<li>Resiliencia al\u00a0<strong>cambio clim\u00e1tico<\/strong><\/li>\n<li>Aprovechamiento del agua<\/li>\n<li>Calidad del aire<\/li>\n<li>Conectividad entre espacios a nivel funcional y estructural, permitiendo que los espacios verdes sean reservas importantes de biodiversidad urbana, ya que proporcionan recursos, servicios ecosist\u00e9micos y h\u00e1bitats para especies de inter\u00e9s, mejorando la conectividad funcional y estructural al nivel urbano.<\/li>\n<li>Regeneraci\u00f3n urbana.<\/li>\n<\/ul>\n[\/vc_column_text][\/vc_column][\/vc_row][vc_row type=\u00bbin_container\u00bb full_screen_row_position=\u00bbmiddle\u00bb scene_position=\u00bbcenter\u00bb text_color=\u00bbdark\u00bb text_align=\u00bbleft\u00bb class=\u00bbcurvadav\u00bb id=\u00bbcurvadav\u00bb overlay_strength=\u00bb0.3&#8243;][vc_column column_padding=\u00bbpadding-4-percent\u00bb column_padding_position=\u00bball\u00bb background_color_opacity=\u00bb1&#8243; background_hover_color_opacity=\u00bb1&#8243; column_shadow=\u00bbnone\u00bb width=\u00bb1\/1&#8243; tablet_text_alignment=\u00bbdefault\u00bb phone_text_alignment=\u00bbdefault\u00bb column_border_width=\u00bbnone\u00bb column_border_style=\u00bbsolid\u00bb][vc_column_text]Cada actividad se adapt\u00f3 a diferentes colectivos (por edad, g\u00e9nero, talleres escolares\u2026) y se favoreci\u00f3 a los grupos y espacios colaborativos ya existentes del barrio. De esta manera, se reforz\u00f3 y construy\u00f3\u00a0<strong>una visi\u00f3n social de Benicalap<\/strong>\u00a0como distrito conectado con la huerta y el valor identitario y con una visi\u00f3n de conseguir soluciones basadas en la naturaleza.[\/vc_column_text][\/vc_column][\/vc_row][vc_row type=\u00bbin_container\u00bb full_screen_row_position=\u00bbmiddle\u00bb scene_position=\u00bbcenter\u00bb text_color=\u00bbdark\u00bb text_align=\u00bbleft\u00bb overlay_strength=\u00bb0.3&#8243;][vc_column column_padding=\u00bbno-extra-padding\u00bb column_padding_position=\u00bball\u00bb background_color_opacity=\u00bb1&#8243; background_hover_color_opacity=\u00bb1&#8243; column_shadow=\u00bbnone\u00bb width=\u00bb1\/1&#8243; tablet_text_alignment=\u00bbdefault\u00bb phone_text_alignment=\u00bbdefault\u00bb column_border_width=\u00bbnone\u00bb column_border_style=\u00bbsolid\u00bb]<div class=\"divider-wrap\"><div style=\"height: 20px;\" class=\"divider\"><\/div><\/div>[vc_column_text]\n<h4 style=\"color: #59cb27; text-align: center;\"><b>GROWGREEN VIVO<\/b><\/h4>\n[\/vc_column_text][vc_column_text]El proyecto GrowGreen se mantiene vivo y en crecimiento gracias al entusiasmo y participaci\u00f3n de las personas que forman parte de las asociaciones en el Espai Verd, a la propia participaci\u00f3n ciudadana de las diversas actividades propuestas y al personal t\u00e9cnico en tareas de mantenimiento y comunicaci\u00f3n. El deseo es que se mantenga vivo, se fortalezca y crezca.<br \/>\nDichas acciones est\u00e1n en continua dinamizaci\u00f3n gener\u00e1ndose un aumento de propuestas en el Centre C\u00edvic que permitir\u00e1n consolidar el tejido social y poner en valor las soluciones verdes trabajadas.<br \/>\nEntre ellas, con la intenci\u00f3n de retornar el resultado final de los proyectos piloto, y de generar actividad divulgativa medioambiental a lo largo del tiempo, se realizan talleres para los vecinos y vecinas de Benicalap, actividades formativas con las asociaciones, y se impulsan otras actividades que se propongan en el Espai Verd y Centre C\u00edvic Verd.[\/vc_column_text]<div class=\"divider-wrap\"><div style=\"height: 20px;\" class=\"divider\"><\/div><\/div>[\/vc_column][\/vc_row][vc_row type=\u00bbin_container\u00bb full_screen_row_position=\u00bbmiddle\u00bb scene_position=\u00bbcenter\u00bb text_color=\u00bbdark\u00bb text_align=\u00bbleft\u00bb overlay_strength=\u00bb0.3&#8243;][vc_column column_padding=\u00bbno-extra-padding\u00bb column_padding_position=\u00bball\u00bb background_color_opacity=\u00bb1&#8243; background_hover_color_opacity=\u00bb1&#8243; column_shadow=\u00bbnone\u00bb width=\u00bb1\/1&#8243; tablet_text_alignment=\u00bbdefault\u00bb phone_text_alignment=\u00bbdefault\u00bb column_border_width=\u00bbnone\u00bb column_border_style=\u00bbsolid\u00bb][vc_video link=\u00bbhttps:\/\/youtu.be\/l8v7QY8vRhw\u00bb align=\u00bbcenter\u00bb][\/vc_column][\/vc_row][vc_row type=\u00bbin_container\u00bb full_screen_row_position=\u00bbmiddle\u00bb scene_position=\u00bbcenter\u00bb text_color=\u00bbdark\u00bb text_align=\u00bbleft\u00bb class=\u00bbcurvadav\u00bb id=\u00bbcurvadav\u00bb overlay_strength=\u00bb0.3&#8243;][vc_column column_padding=\u00bbpadding-4-percent\u00bb column_padding_position=\u00bball\u00bb background_color_opacity=\u00bb1&#8243; background_hover_color_opacity=\u00bb1&#8243; column_shadow=\u00bbnone\u00bb width=\u00bb1\/3&#8243; tablet_text_alignment=\u00bbdefault\u00bb phone_text_alignment=\u00bbdefault\u00bb column_border_width=\u00bbnone\u00bb column_border_style=\u00bbsolid\u00bb][\/vc_column][vc_column column_padding=\u00bbno-extra-padding\u00bb column_padding_position=\u00bball\u00bb background_color_opacity=\u00bb1&#8243; background_hover_color_opacity=\u00bb1&#8243; column_shadow=\u00bbnone\u00bb width=\u00bb1\/3&#8243; tablet_text_alignment=\u00bbdefault\u00bb phone_text_alignment=\u00bbdefault\u00bb column_border_width=\u00bbnone\u00bb column_border_style=\u00bbsolid\u00bb]<div class=\"divider-wrap\"><div style=\"height: 20px;\" class=\"divider\"><\/div><\/div>[vc_column_text]\n<h2 style=\"color: #59cb27; text-align: center;\"><strong>Descubre las acciones desarrolladas en GrowGreen<\/strong><\/h2>\n[\/vc_column_text]<div class=\"divider-wrap\"><div style=\"height: 20px;\" class=\"divider\"><\/div><\/div>[nectar_btn size=\u00bbjumbo\u00bb button_style=\u00bbregular\u00bb button_color_2=\u00bbAccent-Color\u00bb icon_family=\u00bbnone\u00bb url=\u00bbhttp:\/\/mesverdbenicalap.eu\/es\/que-hem-fet\/\u00bb text=\u00bbAccede a todos los pilotos\u00bb css_animation=\u00bbfadeIn\u00bb margin_top=\u00bb4%\u00bb margin_right=\u00bb4%\u00bb margin_bottom=\u00bb4%\u00bb margin_left=\u00bb4%\u00bb]<div class=\"divider-wrap\"><div style=\"height: 20px;\" class=\"divider\"><\/div><\/div>[\/vc_column][vc_column column_padding=\u00bbno-extra-padding\u00bb column_padding_position=\u00bball\u00bb background_color_opacity=\u00bb1&#8243; background_hover_color_opacity=\u00bb1&#8243; column_shadow=\u00bbnone\u00bb width=\u00bb1\/3&#8243; tablet_text_alignment=\u00bbdefault\u00bb phone_text_alignment=\u00bbdefault\u00bb column_border_width=\u00bbnone\u00bb column_border_style=\u00bbsolid\u00bb][\/vc_column][\/vc_row][vc_row type=\u00bbin_container\u00bb full_screen_row_position=\u00bbmiddle\u00bb scene_position=\u00bbcenter\u00bb text_color=\u00bbdark\u00bb text_align=\u00bbleft\u00bb class=\u00bbcurvadam\u00bb id=\u00bbcurvadam\u00bb overlay_strength=\u00bb0.3&#8243;][vc_column column_padding=\u00bbpadding-4-percent\u00bb column_padding_position=\u00bball\u00bb background_color_opacity=\u00bb1&#8243; background_hover_color_opacity=\u00bb1&#8243; column_shadow=\u00bbnone\u00bb width=\u00bb1\/1&#8243; tablet_text_alignment=\u00bbdefault\u00bb phone_text_alignment=\u00bbdefault\u00bb column_border_width=\u00bbnone\u00bb column_border_style=\u00bbsolid\u00bb][vc_column_text]Las acciones acciones desarrolladas en el proceso participativo con la ciudadan\u00eda est\u00e1n relacionadas con los desaf\u00edos del cambio clim\u00e1tico y la sostenibilidad. El proyecto est\u00e1 financiado por H2020.[\/vc_column_text][\/vc_column][\/vc_row]\n","protected":false},"excerpt":{"rendered":"<p>[vc_row type=\u00bbin_container\u00bb full_screen_row_position=\u00bbmiddle\u00bb scene_position=\u00bbcenter\u00bb text_color=\u00bbdark\u00bb text_align=\u00bbleft\u00bb top_padding=\u00bb20&#8243; bottom_padding=\u00bb50&#8243; overlay_strength=\u00bb0.3&#8243;][vc_column column_padding=\u00bbno-extra-padding\u00bb column_padding_position=\u00bball\u00bb background_color_opacity=\u00bb1&#8243; background_hover_color_opacity=\u00bb1&#8243; column_shadow=\u00bbnone\u00bb width=\u00bb1\/1&#8243; tablet_text_alignment=\u00bbdefault\u00bb phone_text_alignment=\u00bbdefault\u00bb column_border_width=\u00bbnone\u00bb column_border_style=\u00bbsolid\u00bb][vc_column_text] Participaci\u00f3n Ciudadana en GrowGreen [\/vc_column_text][vc_column_text] Barrios verdes y unidos Pon tu&#8230;<\/p>\n","protected":false},"author":2,"featured_media":0,"parent":0,"menu_order":0,"comment_status":"closed","ping_status":"closed","template":"","meta":{"footnotes":""},"class_list":["post-2526","page","type-page","status-publish","hentry"],"_links":{"self":[{"href":"http:\/\/mesverdbenicalap.eu\/es\/wp-json\/wp\/v2\/pages\/2526\/"}],"collection":[{"href":"http:\/\/mesverdbenicalap.eu\/es\/wp-json\/wp\/v2\/pages\/"}],"about":[{"href":"http:\/\/mesverdbenicalap.eu\/es\/wp-json\/wp\/v2\/types\/page\/"}],"author":[{"embeddable":true,"href":"http:\/\/mesverdbenicalap.eu\/es\/wp-json\/wp\/v2\/users\/2\/"}],"replies":[{"embeddable":true,"href":"http:\/\/mesverdbenicalap.eu\/es\/wp-json\/wp\/v2\/comments\/?post=2526"}],"version-history":[{"count":57,"href":"http:\/\/mesverdbenicalap.eu\/es\/wp-json\/wp\/v2\/pages\/2526\/revisions\/"}],"predecessor-version":[{"id":2737,"href":"http:\/\/mesverdbenicalap.eu\/es\/wp-json\/wp\/v2\/pages\/2526\/revisions\/2737\/"}],"wp:attachment":[{"href":"http:\/\/mesverdbenicalap.eu\/es\/wp-json\/wp\/v2\/media\/?parent=2526"}],"curies":[{"name":"wp","href":"https:\/\/api.w.org\/{rel}","templated":true}]}}