{"id":3,"date":"2018-08-08T10:06:27","date_gmt":"2018-08-08T10:06:27","guid":{"rendered":"http:\/\/masverdebenicalap.intertrafor.com\/?page_id=3"},"modified":"2018-09-21T12:31:04","modified_gmt":"2018-09-21T10:31:04","slug":"politica-privacidad","status":"publish","type":"page","link":"http:\/\/mesverdbenicalap.eu\/es\/politica-privacidad\/","title":{"rendered":"Pol\u00edtica de privacidad"},"content":{"rendered":"[vc_row type=\u00bbin_container\u00bb full_screen_row_position=\u00bbmiddle\u00bb scene_position=\u00bbcenter\u00bb text_color=\u00bbdark\u00bb text_align=\u00bbleft\u00bb overlay_strength=\u00bb0.3&#8243;][vc_column column_padding=\u00bbno-extra-padding\u00bb column_padding_position=\u00bball\u00bb background_color_opacity=\u00bb1&#8243; background_hover_color_opacity=\u00bb1&#8243; column_shadow=\u00bbnone\u00bb width=\u00bb1\/1&#8243; tablet_text_alignment=\u00bbdefault\u00bb phone_text_alignment=\u00bbdefault\u00bb column_border_width=\u00bbnone\u00bb column_border_style=\u00bbsolid\u00bb][vc_column_text]\n<h2>Pol\u00edtica de privacidad<\/h2>\n<blockquote class=\"\">\n<div class=\"\">\n<div class=\"\">\n<ul class=\"\">\n<li class=\"\">\n<p class=\"\" align=\"justify\"><span class=\"\" lang=\"es-ES\"><span class=\"\">AVISO LEGAL<\/span><\/span><\/p>\n<\/li>\n<li class=\"\">\n<p class=\"\" align=\"justify\"><span class=\"\" lang=\"es-ES\"><span class=\"\">DERECHOS DE PROPIEDAD INTELECTUAL E INDUSTRIAL\u00a0<\/span><\/span><\/p>\n<\/li>\n<li class=\"\">\n<p class=\"\" align=\"justify\"><span class=\"\" lang=\"es-ES\"><span class=\"\">EXENCI\u00d3N DE RESPONSABILIDAD\u00a0<\/span><\/span><\/p>\n<\/li>\n<li class=\"\">\n<p class=\"\" align=\"justify\"><span class=\"\" lang=\"es-ES\"><span class=\"\">POL\u00cdTICA DE PROTECCI\u00d3N DE DATOS Y PRIVACIDAD<\/span><\/span><\/p>\n<\/li>\n<li class=\"\">\n<p class=\"\" align=\"justify\"><span class=\"\" lang=\"es-ES\"><span class=\"\">DEBER DE INFORMAR SOBRE EL TRATAMIENTO DE DATOS AL AFECTADO INFORMACI\u00d3N ADICIONAL. RGPD<\/span><\/span><\/p>\n<\/li>\n<li class=\"\">\n<p class=\"\" align=\"justify\"><span class=\"\" lang=\"es-ES\"><span class=\"\">POL\u00cdTICA ANTI SPAM<\/span><\/span><\/p>\n<\/li>\n<li class=\"\">\n<p class=\"\" align=\"justify\"><span class=\"\" lang=\"es-ES\"><span class=\"\">LEY APLICABLE Y JURISDICCI\u00d3N<\/span><\/span><\/p>\n<\/li>\n<li class=\"\">\n<p class=\"\" align=\"justify\"><span class=\"\" lang=\"es-ES\"><span class=\"\">COPYRIGHT<\/span><\/span><\/p>\n<\/li>\n<\/ul>\n<p class=\"\" align=\"justify\"><span class=\"\" lang=\"es-ES\"><u class=\"\"><span class=\"\">AVISO LEGAL\u00a0<\/span><\/u><\/span><\/p>\n<p class=\"\" align=\"justify\"><span class=\"\" lang=\"es-ES\">Fundaci\u00f3n de la Comunidad Valenciana para la Promoci\u00f3n Estrat\u00e9gica el Desarrollo y la Innovaci\u00f3n Urbana, con G98406002 y domicilio en PLAZA AYUNTAMIENTO, NUM. 1 C.P.: 46002 \u2013 VALENCIA (VALENCIA),\u00a0inscrita\u00a0 \u00a0 \u00a0 en el Registro de Fundaciones de la Comunitat Valenciana, con el n\u00famero 560 (V) el 02 de febrero de 2012.<\/span><\/p>\n<p class=\"\" align=\"justify\"><span class=\"\" lang=\"es-ES\">1. Los derechos de propiedad intelectual de la Web <a class=\"\" href=\"http:\/\/www.lasnaves.com\/\">www.lasnaves.com<\/a>, su dise\u00f1o, estructura de navegaci\u00f3n, c\u00f3digos fuente, sus bases de datos as\u00ed como cada uno de los distintos elementos en \u00e9l contenidos son titularidad de Fundaci\u00f3n de la Comunidad Valenciana para la Promoci\u00f3n Estrat\u00e9gica el Desarrollo y la Innovaci\u00f3n Urbana , a quien corresponde \u00fanicamente el ejercicio exclusivo de los derechos de explotaci\u00f3n de los mismos en cualquier forma y, en especial, los derechos de reproducci\u00f3n, distribuci\u00f3n, comunicaci\u00f3n p\u00fablica y transformaci\u00f3n.<\/span><\/p>\n<p class=\"\" align=\"justify\"><span class=\"\" lang=\"es-ES\">2. Estas condiciones generales regulan el acceso y utilizaci\u00f3n del sitio Web que Fundaci\u00f3n de la Comunidad Valenciana para la Promoci\u00f3n Estrat\u00e9gica el Desarrollo y la Innovaci\u00f3n Urbana pone gratuitamente a disposici\u00f3n de los usuarios de Internet. El acceso a dicho sitio implica su aceptaci\u00f3n sin reservas. La utilizaci\u00f3n de determinados servicios ofrecidos en este sitio se regir\u00e1 adem\u00e1s por las condiciones particulares previstas en cada caso, las cuales se entender\u00e1n aceptadas por el mero uso de tales servicios.<\/span><\/p>\n<p class=\"\" align=\"justify\"><span class=\"\" lang=\"es-ES\">3. Los usuarios que accedan a la Web est\u00e1n expresamente autorizados para la visualizaci\u00f3n de toda la informaci\u00f3n, la impresi\u00f3n y descarga parcial del contenido s\u00f3lo y exclusivamente si concurren las siguientes condiciones:\u00a0<\/span><\/p>\n<p class=\"\" align=\"justify\"><span class=\"\" lang=\"es-ES\">3.1) Que se realice cuando los elementos reproducidos sean destinados \u00fanicamente para uso personal y privado del usuario. Se proh\u00edbe, por tanto, expresamente su utilizaci\u00f3n con fines comerciales o para su distribuci\u00f3n, comunicaci\u00f3n p\u00fablica, transformaci\u00f3n o decompilaci\u00f3n, incluyendo su env\u00edo a trav\u00e9s de correo electr\u00f3nico. Tambi\u00e9n se proh\u00edbe que dichos contenidos sean cedidos o transmitidos a terceros o se instalen en cualquier servidor conectado directa o indirectamente a una red local e Internet, de forma que un grupo de terceros pueda tener acceso a dicha informaci\u00f3n.\u00a0<\/span><\/p>\n<p class=\"\" align=\"justify\"><span class=\"\" lang=\"es-ES\">3.2) Que ninguno de los contenidos relacionados en esta Web sean modificados de manera alguna.\u00a0<\/span><\/p>\n<p class=\"\" align=\"justify\"><span class=\"\" lang=\"es-ES\">3.3) Que ning\u00fan gr\u00e1fico, icono o imagen disponible en esta Web sea utilizado, copiado o distribuido separadamente del texto o resto de im\u00e1genes que lo acompa\u00f1an. Cualquier infracci\u00f3n de las prohibiciones y limitaciones contenidas en este apartado, as\u00ed como en cualquiera de los siguientes- se reputar\u00e1 infracci\u00f3n de los derechos de propiedad intelectual titularidad de Fundaci\u00f3n de la Comunidad Valenciana para la Promoci\u00f3n Estrat\u00e9gica el Desarrollo y la Innovaci\u00f3n Urbana y dar\u00e1 lugar a las responsabilidades legalmente establecidas al efecto, pudiendo ser perseguida por esta \u00faltima mediante el ejercicio de las acciones administrativas, civiles o penales que, en su caso, correspondan.\u00a0<\/span><\/p>\n<p class=\"\" align=\"left\"><span class=\"\" lang=\"es-ES\"><u class=\"\"><span class=\"\">DERECHOS DE PROPIEDAD INTELECTUAL E INDUSTRIAL<\/span><\/u><\/span><\/p>\n<p class=\"\" align=\"justify\"><span class=\"\" lang=\"es-ES\">El Usuario reconoce y acepta que todos los derechos de propiedad industrial e intelectual sobre los contenidos y\/o cualesquiera otros elementos insertados en el Sitio Web (incluyendo, a t\u00edtulo meramente enunciativo y no limitativo, todos aquellos elementos que conforman la apariencia visual, imagen gr\u00e1fica y otros est\u00edmulos sensoriales de las p\u00e1ginas Web que conforman el sitio Web \u201c<a class=\"\" href=\"http:\/\/www.lasnaves.com\/\">www.lasnaves.com<\/a>\u201d, marcas, logotipos, nombres comerciales, textos, cr\u00edticas y comentarios, im\u00e1genes, gr\u00e1ficos, dise\u00f1os, sonidos, bases de datos, software, diagramas de flujo, presentaci\u00f3n, arquitectura de navegaci\u00f3n, as\u00ed como los c\u00f3digos fuente de las p\u00e1ginas Web pertenecen a Fundaci\u00f3n de la Comunidad Valenciana para la Promoci\u00f3n Estrat\u00e9gica el Desarrollo y la Innovaci\u00f3n Urbana y\/o a terceros que le han cedido sus derechos. A tales efectos, se entender\u00e1 como Sitio Web todas aquellas creaciones incorporadas y expresadas por cualquier medio y\/o soporte tangible o intangible, conocido o por conocer, que sea objeto de protecci\u00f3n por las disposiciones normativas vigentes en materia de propiedad intelectual e industrial.<\/span><\/p>\n<p class=\"\" align=\"justify\"><span class=\"\" lang=\"es-ES\">Queda autorizada la mera visualizaci\u00f3n, impresi\u00f3n, descarga o almacenamiento temporal, ya sea en su totalidad o parcialmente, de los contenidos y\/o de los elementos insertados en el Sitio Web o en las p\u00e1ginas que lo conforman exclusivamente para su uso personal, privado y no lucrativo por el usuario siempre que en todo caso se indique el origen y\/o autor de los mismos y que, en su caso, aparezca el s\u00edmbolo del copyright y\/o notas de propiedad industrial de sus titulares.<\/span><\/p>\n<p class=\"\" align=\"justify\"><span class=\"\" lang=\"es-ES\">En ning\u00fan caso el acceso al Sitio Web implica ning\u00fan tipo de permiso, renuncia, transmisi\u00f3n, licencia o cesi\u00f3n total ni parcial de dichos derechos por parte de sus titulares, salvo que se establezca expresamente lo contrario. Las presentes condiciones de uso del Sitio Web no confieren a los Usuarios ning\u00fan otro derecho de utilizaci\u00f3n, alteraci\u00f3n, explotaci\u00f3n, reproducci\u00f3n, distribuci\u00f3n o comunicaci\u00f3n p\u00fablica del Sitio Web y\/o de sus Contenidos distintos de los aqu\u00ed expresamente previstos. Cualquier otro uso o explotaci\u00f3n de cualesquiera derechos estar\u00e1 sujeto a la previa y expresa autorizaci\u00f3n espec\u00edficamente otorgada a tal efecto por Fundaci\u00f3n de la Comunidad Valenciana para la Promoci\u00f3n Estrat\u00e9gica el Desarrollo y la Innovaci\u00f3n Urbana o, en su caso, por el tercero titular de los derechos afectados.<\/span><\/p>\n<p class=\"\" align=\"justify\"><span class=\"\" lang=\"es-ES\">Queda terminantemente prohibida la utilizaci\u00f3n de tales elementos, su total o parcial reproducci\u00f3n, comunicaci\u00f3n y\/o distribuci\u00f3n con fines comerciales o lucrativos, as\u00ed como su modificaci\u00f3n, alteraci\u00f3n, descompilaci\u00f3n y\/o cualquier otro acto de explotaci\u00f3n del Sitio Web, sus p\u00e1ginas y\/o de los contenidos que en ellas se incorporan. Para cualquier otro uso distinto de los expresamente permitidos, ser\u00e1 necesario obtener el consentimiento previo por escrito del titular de los derechos de que se trate.<\/span><\/p>\n<p class=\"\" align=\"justify\"><span class=\"\" lang=\"es-ES\"><u class=\"\"><span class=\"\">EXENCI\u00d3N DE RESPONSABILIDAD<\/span><\/u><\/span><\/p>\n<p class=\"\" align=\"justify\"><span class=\"\" lang=\"es-ES\">1. Fundaci\u00f3n de la Comunidad Valenciana para la Promoci\u00f3n Estrat\u00e9gica el Desarrollo y la Innovaci\u00f3n Urbana se reserva la facultad de efectuar siempre que sea necesario y sin necesidad de aviso previo, todas las modificaciones y actualizaciones de la informaci\u00f3n contenida en su Web, tanto en su versi\u00f3n en espa\u00f1ol como en otros idiomas-, de la configuraci\u00f3n y presentaci\u00f3n de \u00e9ste y de las condiciones de acceso. Los documentos y gr\u00e1ficos publicados en este sitio Web pueden incorporar imprecisiones t\u00e9cnicas o errores tipogr\u00e1ficos.<\/span><\/p>\n<p class=\"\" align=\"justify\"><span class=\"\" lang=\"es-ES\">2. Fundaci\u00f3n de la Comunidad Valenciana para la Promoci\u00f3n Estrat\u00e9gica el Desarrollo y la Innovaci\u00f3n Urbana proporciona los materiales y gr\u00e1ficos contenidos en este sitio Web sin garant\u00eda expresa o impl\u00edcita de ning\u00fan tipo. Fundaci\u00f3n de la Comunidad Valenciana para la Promoci\u00f3n Estrat\u00e9gica el Desarrollo y la Innovaci\u00f3n Urbana rechaza la existencia de cualquier garant\u00eda o condici\u00f3n impl\u00edcita en la informaci\u00f3n aqu\u00ed contenida, incluyendo garant\u00edas de viabilidad comercial, de no infracci\u00f3n de la propiedad intelectual o de adecuaci\u00f3n a cualquier objetivo espec\u00edfico.<\/span><\/p>\n<p class=\"\" align=\"justify\"><span class=\"\" lang=\"es-ES\">3. En ning\u00fan caso Fundaci\u00f3n de la Comunidad Valenciana para la Promoci\u00f3n Estrat\u00e9gica el Desarrollo y la Innovaci\u00f3n Urbana o sus proveedores ser\u00e1n responsables de cualquier tipo de da\u00f1os o perjuicios, incluyendo los derivados de una reducci\u00f3n de beneficios, de la interrupci\u00f3n del negocio o de una p\u00e9rdida de informaci\u00f3n debida al uso o mal uso de los materiales contenidos en este servidor, incluso en el caso de que Fundaci\u00f3n de la Comunidad Valenciana para la Promoci\u00f3n Estrat\u00e9gica el Desarrollo y la Innovaci\u00f3n Urbana haya sido avisada de la posibilidad de tales da\u00f1os o perjuicios.<\/span><\/p>\n<p class=\"\" align=\"justify\"><span class=\"\" lang=\"es-ES\">4. Fundaci\u00f3n de la Comunidad Valenciana para la Promoci\u00f3n Estrat\u00e9gica el Desarrollo y la Innovaci\u00f3n Urbana no garantiza la inexistencia de interrupciones o errores en el acceso a su Web ni en sus diferentes contenidos. Tampoco garantiza que \u00e9ste se encuentre siempre y en todos los casos actualizados, aunque desarrollar\u00e1 sus mejores esfuerzos para, en su caso, evitarlos, subsanarlos o actualizar dicho contenido lo antes posible. Fundaci\u00f3n de la Comunidad Valenciana para la Promoci\u00f3n Estrat\u00e9gica el Desarrollo y la Innovaci\u00f3n Urbana no asume ning\u00fan tipo de responsabilidad por cualquiera de las informaciones contenidas en otras Web a las que la Web pueda remitir a trav\u00e9s de enlaces hipertextuales o \u201clinks\u201d.<\/span><\/p>\n<p class=\"\" align=\"justify\"><span class=\"\" lang=\"es-ES\">5. Fundaci\u00f3n de la Comunidad Valenciana para la Promoci\u00f3n Estrat\u00e9gica el Desarrollo y la Innovaci\u00f3n Urbana no asume responsabilidad alguna derivada de la concesi\u00f3n o contenidos de los enlaces de terceros a los que se hace referencia en la Web <a class=\"\" href=\"http:\/\/www.lasnaves.com\/\">www.lasnaves.com<\/a>, ni garantiza la ausencia de virus u otros elementos en los mismos que puedan producir alteraciones en el sistema inform\u00e1tico (hardware y software), los documentos o los ficheros del usuario, excluyendo cualquier responsabilidad por los da\u00f1os de cualquier clase causados al usuario por este motivo. Por tanto, no se hace responsable del contenido de ninguno de ellos, ni de los cambios o actualizaciones que puedan experimentar.<\/span><\/p>\n<p class=\"\" align=\"justify\"><span class=\"\" lang=\"es-ES\">6. Tanto el acceso a este Web como el uso que pueda hacerse de la informaci\u00f3n contenida en el mismo es de la exclusiva responsabilidad de quien lo realiza. Fundaci\u00f3n de la Comunidad Valenciana para la Promoci\u00f3n Estrat\u00e9gica el Desarrollo y la Innovaci\u00f3n Urbana no responder\u00e1 de ninguna consecuencia, da\u00f1o o perjuicio que pudieran derivarse de dicho acceso o uso de la informaci\u00f3n. Fundaci\u00f3n de la Comunidad Valenciana para la Promoci\u00f3n Estrat\u00e9gica el Desarrollo y la Innovaci\u00f3n Urbana no se hace responsable de los posibles errores de seguridad que se puedan producir ni de los posibles da\u00f1os que puedan causarse al sistema inform\u00e1tico del usuario (hardware y software) as\u00ed como de los ficheros o documentos almacenados en el mismo, como consecuencia de la presencia de virus en el ordenador del usuario utilizado para la conexi\u00f3n a los servicios y contenidos de la Web, de un mal funcionamiento del navegador o del uso de versiones no actualizadas del mismo.<\/span><\/p>\n<p class=\"\" align=\"justify\"><span class=\"\" lang=\"es-ES\">7. Asimismo Fundaci\u00f3n de la Comunidad Valenciana para la Promoci\u00f3n Estrat\u00e9gica el Desarrollo y la Innovaci\u00f3n Urbana es titular de los derechos de propiedad industrial referidos a sus productos y servicios, y espec\u00edficamente de los relativos a la marca registrada. Respecto a las citas de productos y servicios de terceros Fundaci\u00f3n de la Comunidad Valenciana para la Promoci\u00f3n Estrat\u00e9gica el Desarrollo y la Innovaci\u00f3n Urbana reconoce a favor de sus titulares los correspondientes derechos de propiedad industrial e intelectual, no implicando su sola menci\u00f3n o aparici\u00f3n en el Web la existencia de derechos o responsabilidad alguna de Fundaci\u00f3n de la Comunidad Valenciana para la Promoci\u00f3n Estrat\u00e9gica el Desarrollo y la Innovaci\u00f3n Urbana sobre los mismos, como tampoco respaldo, patrocinio, recomendaci\u00f3n por parte de Fundaci\u00f3n de la Comunidad Valenciana para la Promoci\u00f3n Estrat\u00e9gica el Desarrollo y la Innovaci\u00f3n Urbana .<\/span><\/p>\n<p class=\"\" align=\"justify\"><span class=\"\" lang=\"es-ES\">8. El uso no autorizado de cualquier informaci\u00f3n contenida en esta Web, su reventa, as\u00ed como la lesi\u00f3n de los derechos de Propiedad Intelectual o Industrial de Fundaci\u00f3n de la Comunidad Valenciana para la Promoci\u00f3n Estrat\u00e9gica el Desarrollo y la Innovaci\u00f3n Urbana dar\u00e1 lugar a las responsabilidades legalmente establecidas.<\/span><\/p>\n<p class=\"\" align=\"justify\"><span class=\"\" lang=\"es-ES\">9. Cualquier tipo de enlace de terceros a esta Web debe serlo a la p\u00e1gina principal o de entrada: <a class=\"\" href=\"http:\/\/www.lasnaves.com\/\">www.lasnaves.com<\/a>.\u00a0<\/span><\/p>\n<p class=\"\" align=\"justify\"><span class=\"\" lang=\"es-ES\"><u class=\"\"><span class=\"\">POL\u00cdTICA DE PROTECCI\u00d3N DE DATOS Y PRIVACIDAD<\/span><\/u><\/span><\/p>\n<p class=\"\" align=\"justify\"><span class=\"\" lang=\"es-ES\">Fundaci\u00f3n de la Comunidad Valenciana para la Promoci\u00f3n Estrat\u00e9gica el Desarrollo y la Innovaci\u00f3n Urbana (en adelante), como responsable de la presente Web y de conformidad con lo dispuesto por la Legislaci\u00f3n vigente en Protecci\u00f3n de Datos de Car\u00e1cter Personal, el nuevo Reglamento Europeo 679\/2016 y la Ley de la Sociedad de Informaci\u00f3n y de Comercio Electr\u00f3nico (LSSI-CE 34\/2002, de 11 de junio) ha puesto en pr\u00e1ctica pol\u00edticas, medios y procedimientos para garantizar y proteger la privacidad de los datos de car\u00e1cter personal de sus USUARIOS.<\/span><\/p>\n<p class=\"\" align=\"justify\"><span class=\"\" lang=\"es-ES\"><u class=\"\"><span class=\"\">DEBER DE INFORMAR SOBRE EL TRATAMIENTO DE DATOS AL AFECTADO INFORMACI\u00d3N ADICIONAL. RGPD<\/span><\/u><\/span><\/p>\n<p class=\"\" align=\"justify\"><span class=\"\" lang=\"es-ES\"><span class=\"\">Responsable del Tratamiento:<\/span><\/span><\/p>\n<p class=\"\" align=\"justify\"><span class=\"\" lang=\"es-ES\">Fundaci\u00f3n de la Comunidad Valenciana para la Promoci\u00f3n Estrat\u00e9gica el Desarrollo y la Innovaci\u00f3n Urbana , con C.I.F.: G98406002, y domicilio en PLAZA AYUNTAMIENTO, NUM. 1 C.P.: 46002 \u2013 VALENCIA (VALENCIA).<\/span><\/p>\n<p class=\"\" align=\"justify\"><span class=\"\" lang=\"es-ES\"><span class=\"\">RELACI\u00d3N DE ACTIVIDADES DE TRATAMIENTO<\/span><\/span><\/p>\n<p class=\"\" align=\"left\"><span class=\"\" lang=\"es-ES\"><span class=\"\">Contacte con el Responsable para obtener Informaci\u00f3n Adicional sobre el tratamiento de los datos.<\/span><\/span><\/p>\n<ul class=\"\">\n<li class=\"\">\n<p class=\"\" align=\"justify\"><span class=\"\" lang=\"es-ES\"><span class=\"\">Identidad y direcci\u00f3n del Responsable del Tratamiento<\/span><\/span><\/p>\n<\/li>\n<\/ul>\n<p class=\"\" align=\"justify\"><span class=\"\" lang=\"es-ES\">El titular y responsable del tratamiento es Fundaci\u00f3n de la Comunidad Valenciana para la Promoci\u00f3n Estrat\u00e9gica el Desarrollo y la Innovaci\u00f3n Urbana. Servicios Prestados a trav\u00e9s del Sitio Web trav\u00e9s de las distintas \u00e1reas que forman parte de la presente Web, los USUARIOS pueden: obtener informaci\u00f3n, consultar y contratar servicios ofrecidos en el Sitio Web. La simple navegaci\u00f3n por la Web tiene car\u00e1cter gratuito y no exige el registro previo por parte de los USUARIOS. Los \u00fanicos datos personales a los que el responsable del tratamiento tendr\u00e1 acceso ser\u00e1n aquellos que le sean facilitados voluntariamente a fin de posibilitar el acceso, uso o contrataci\u00f3n de los servicios facilitados a trav\u00e9s del Sitio Web.\u00a0<\/span><\/p>\n<ul class=\"\">\n<li class=\"\">\n<p class=\"\" align=\"justify\"><span class=\"\" lang=\"es-ES\"><span class=\"\">Tratamiento de los Datos y su Confidencialidad\u00a0<\/span><\/span><\/p>\n<\/li>\n<\/ul>\n<p class=\"\" align=\"justify\"><span class=\"\" lang=\"es-ES\">Los datos que se faciliten se incorporar\u00e1n a actividades de tratamiento, cuya titularidad y responsabilidad viene ostentada por Fundaci\u00f3n de la Comunidad Valenciana para la Promoci\u00f3n Estrat\u00e9gica el Desarrollo y la Innovaci\u00f3n Urbana , y ser\u00e1n tratados con absoluta confidencialidad.\u00a0<\/span><\/p>\n<p class=\"\" align=\"justify\"><span class=\"\" lang=\"es-ES\">La entidad responsable del tratamiento, as\u00ed como los que intervengan en cualquier fase del tratamiento y\/o las entidades a quienes les hayan sido comunicadas -en virtud de la autorizaci\u00f3n conferida por el USUARIO- est\u00e1n obligadas a observar el secreto profesional y adoptar\u00e1n los niveles de protecci\u00f3n y las medidas t\u00e9cnicas y organizativas necesarias a su alcance que garanticen la seguridad de los datos de car\u00e1cter personal, evitando, en la medida de lo posible, accesos no autorizados, modificaciones il\u00edcitas, sustracciones y\/o la p\u00e9rdida de los datos.\u00a0<\/span><\/p>\n<p class=\"\" align=\"justify\"><span class=\"\" lang=\"es-ES\">No obstante, se advierte e informa a los USUARIOS que las medidas t\u00e9cnicas no son infalibles ni inexpugnables, motivo por el cual, el responsable del tratamiento no podr\u00e1 tenerse por responsable de tales pr\u00e1cticas ni de sus consecuencias.\u00a0<\/span><\/p>\n<p class=\"\" align=\"justify\"><span class=\"\" lang=\"es-ES\">Los datos de car\u00e1cter personal de los USUARIOS, junto con los que se originen como consecuencia del acceso, uso o contrataci\u00f3n del servicio, s\u00f3lo podr\u00e1n ser objeto de tratamiento automatizado y cedidos en la forma y con la finalidad establecida y expresamente autorizada por los USUARIOS.\u00a0<\/span><\/p>\n<ul class=\"\">\n<li class=\"\">\n<p class=\"\" align=\"justify\"><span class=\"\" lang=\"es-ES\"><span class=\"\">Segmentaci\u00f3n y Categorizaci\u00f3n de los Datos\u00a0<\/span><\/span><\/p>\n<\/li>\n<\/ul>\n<p class=\"\" align=\"justify\"><span class=\"\" lang=\"es-ES\">El registro de los datos personales aportados en el momento de suscripci\u00f3n o contrataci\u00f3n de cursos, seminarios, publicaciones, productos u otros servicios, y cualquier otro facilitado durante su relaci\u00f3n, comportar\u00e1 adem\u00e1s la aceptaci\u00f3n de car\u00e1cter voluntario por su parte con relaci\u00f3n al tratamiento de dichos datos personales por Fundaci\u00f3n de la Comunidad Valenciana para la Promoci\u00f3n Estrat\u00e9gica el Desarrollo y la Innovaci\u00f3n Urbana a fin de ser segmentados o categorizados con la finalidad de aplicarlos a la actividad relacionada con la gesti\u00f3n de administraci\u00f3n general, informaci\u00f3n, comercializaci\u00f3n de nuestros servicios, elaborar perfiles, an\u00e1lisis de propuestas solicitadas por los USUARIOS\/CLIENTES, estudio estad\u00edstico de los servicios y contenidos utilizados, gustos y preferencias, encuestas o formularios.\u00a0<\/span><\/p>\n<ul class=\"\">\n<li class=\"\">\n<p class=\"\" align=\"justify\"><span class=\"\"><span class=\"\" lang=\"es-ES\">Comunicaci\u00f3n de los datos<\/span><\/span><\/p>\n<\/li>\n<\/ul>\n<p class=\"\" align=\"justify\"><span class=\"\" lang=\"es-ES\">El facilitar los datos personales por parte de los USUARIOS supone tambi\u00e9n la aceptaci\u00f3n voluntaria y expresa de la cesi\u00f3n y transmisi\u00f3n de dichos datos, con iguales fines que los anteriormente indicados, a otras entidades del entorno Fundaci\u00f3n de la Comunidad Valenciana para la Promoci\u00f3n Estrat\u00e9gica el Desarrollo y la Innovaci\u00f3n Urbana , auxiliares y\/o colaboradoras, as\u00ed como autorizar al responsable del tratamiento para recibir de las citadas entidades del entorno Fundaci\u00f3n de la Comunidad Valenciana para la Promoci\u00f3n Estrat\u00e9gica el Desarrollo y la Innovaci\u00f3n Urbana informaciones obrantes en sus archivos, incluso de forma interconectada, para las finalidades se\u00f1aladas.\u00a0<\/span><\/p>\n<p class=\"\" align=\"justify\"><span class=\"\" lang=\"es-ES\">Fundaci\u00f3n de la Comunidad Valenciana para la Promoci\u00f3n Estrat\u00e9gica el Desarrollo y la Innovaci\u00f3n Urbana enviar\u00e1 a terceros informaci\u00f3n que permita su identificaci\u00f3n cuando:\u00a0<\/span><\/p>\n<p class=\"\" align=\"justify\"><span class=\"\" lang=\"es-ES\">\u2013 Hayamos obtenido su permiso para compartir dicha informaci\u00f3n.<\/span><\/p>\n<p class=\"\" align=\"justify\"><span class=\"\" lang=\"es-ES\">\u2013 Necesitemos compartir dicha informaci\u00f3n para proporcionarle el producto o servicio que haya solicitado.<\/span><\/p>\n<p class=\"\" align=\"justify\"><span class=\"\" lang=\"es-ES\">\u2013 Necesitemos enviar dicha informaci\u00f3n a empresas que trabajan con Fundaci\u00f3n de la Comunidad Valenciana para la Promoci\u00f3n Estrat\u00e9gica el Desarrollo y la Innovaci\u00f3n Urbana para proporcionarle el producto o servicio que haya solicitado. (A menos que le informemos de lo contrario, estas empresas no tienen derecho a utilizar la informaci\u00f3n de identificaci\u00f3n que les suministremos m\u00e1s que en lo necesario para ayudarnos).<\/span><\/p>\n<p class=\"\" align=\"justify\"><span class=\"\" lang=\"es-ES\">\u2013 Respondamos a citaciones o requerimientos legales, as\u00ed como a \u00f3rdenes judiciales; o cuando estimemos que sus actividades en nuestros sitios Web violan cualquiera de las instrucciones de uso de nuestros productos o servicios.\u00a0<\/span><\/p>\n<p class=\"\" align=\"justify\"><span class=\"\" lang=\"es-ES\"><u class=\"\"><span class=\"\">POLITICA ANTI SPAM<\/span><\/u><\/span><\/p>\n<p class=\"\" align=\"justify\"><span class=\"\" lang=\"es-ES\">Las personas que reciben alguna\/s de las comunicaciones, informaciones, boletines, publicidad electr\u00f3nicas de Fundaci\u00f3n de la Comunidad Valenciana para la Promoci\u00f3n Estrat\u00e9gica el Desarrollo y la Innovaci\u00f3n Urbana las reciben por los siguientes motivos:\u00a0<\/span><\/p>\n<p class=\"\" align=\"justify\"><span class=\"\" lang=\"es-ES\">\u2013 Por registro on line desde esta p\u00e1gina.\u00a0<\/span><\/p>\n<p class=\"\" align=\"justify\"><span class=\"\" lang=\"es-ES\">\u2013 Por registro on line desde las p\u00e1ginas de colaboradores.<\/span><\/p>\n<p class=\"\" align=\"justify\"><span class=\"\" lang=\"es-ES\">\u2013 Por solicitud de informaci\u00f3n de nuestros productos y servicios.\u00a0<\/span><\/p>\n<p class=\"\" align=\"justify\"><span class=\"\" lang=\"es-ES\">\u2013 Por haber facilitado su informaci\u00f3n a alguno de nuestros Colaboradores o Empleados.\u00a0<\/span><\/p>\n<p class=\"\" align=\"justify\"><span class=\"\" lang=\"es-ES\">\u2013 Por registro off line al rellenar formularios, boletines, solicitudes, etc., que se ofrecen en ferias, oficinas, colaboradores y que quedan archivadas para ulterior comprobaci\u00f3n durante 5 a\u00f1os.<\/span><\/p>\n<p class=\"\" align=\"justify\"><span class=\"\" lang=\"es-ES\">Nuestras comunicaciones no quieren llegar a ninguna persona que no lo desee, por ello, y para poder corregir la situaci\u00f3n que a veces puede darse de que alguna persona pueda dar de alta a otra sin su consentimiento, hemos incorporado a este sistema de suscripci\u00f3n un filtro basado en una \u201clista no contacto\u201d que impide que se pueda dar el alta a cualquier direcci\u00f3n de correo Incluida en la misma.\u00a0<\/span><\/p>\n<p class=\"\" align=\"justify\"><span class=\"\" lang=\"es-ES\">Por ello, si usted no quiere recibir nunca nuestras comunicaciones e impedir que nadie pueda darle de alta contra su voluntad, le rogamos nos remita un correo electr\u00f3nico a <a class=\"\" href=\"mailto:enrique.lapenya@lasnaves.com\">enrique.lapenya@lasnaves.com<\/a> indicando en el ASUNTO: \u201cBAJA LISTA\u201d y nosotros incluiremos en la \u201clista no contacto\u201d aquella direcci\u00f3n desde la que se nos remita este e-mail.\u00a0<\/span><\/p>\n<p class=\"\" align=\"justify\"><span class=\"\" lang=\"es-ES\">Si tiene alg\u00fan problema para hacerlo de forma electr\u00f3nica, no dude en contactar con nosotros al tel\u00e9fono (+34) 963910477 en horario de oficina, donde una persona le atender\u00e1 personalmente y realizar\u00e1 dicho tr\u00e1mite.\u00a0<\/span><\/p>\n<p class=\"\" align=\"justify\"><span class=\"\" lang=\"es-ES\"><u class=\"\"><span class=\"\">LEY APLICABLE Y JURISDICCI\u00d3N\u00a0<\/span><\/u><\/span><\/p>\n<p class=\"\" align=\"justify\"><span class=\"\" lang=\"es-ES\">La Ley aplicable en caso de disputa o conflicto de interpretaci\u00f3n de los t\u00e9rminos que conforman este Aviso Legal, as\u00ed como cualquier cuesti\u00f3n relacionada con los servicios de la presente web, ser\u00e1 la espa\u00f1ola.<\/span><\/p>\n<p class=\"\" align=\"justify\"><span class=\"\" lang=\"es-ES\">Para la resoluci\u00f3n de cualquier conflicto que pueda surgir con ocasi\u00f3n de la visita a la web, Fundaci\u00f3n de la Comunidad Valenciana para la Promoci\u00f3n Estrat\u00e9gica el Desarrollo y la Innovaci\u00f3n Urbana y el usuario acuerdan someterse a los jueces y tribunales de lo mercantil de Valencia<\/span><\/p>\n<p class=\"\" align=\"justify\"><span class=\"\" lang=\"es-ES\"><u class=\"\"><span class=\"\">COPYRIGHT\u00a0<\/span><\/u><\/span><\/p>\n<p class=\"\" align=\"justify\"><span class=\"\" lang=\"es-ES\"><span class=\"\">Copyright: Dise\u00f1o y desarrollo realizado por Fundaci\u00f3n de la Comunidad Valenciana para la Promoci\u00f3n Estrat\u00e9gica el Desarrollo y la Innovaci\u00f3n Urbana \u00a9 Fundaci\u00f3n de la Comunidad Valenciana para la Promoci\u00f3n Estrat\u00e9gica el Desarrollo y la Innovaci\u00f3n Urbana todos los derechos reservados<\/span><\/span><span class=\"\" lang=\"es-ES\"><span class=\"\">.<\/span><\/span><\/p>\n<\/div>\n<\/div>\n<\/blockquote>\n[\/vc_column_text][\/vc_column][\/vc_row]\n","protected":false},"excerpt":{"rendered":"<p>[vc_row type=\u00bbin_container\u00bb full_screen_row_position=\u00bbmiddle\u00bb scene_position=\u00bbcenter\u00bb text_color=\u00bbdark\u00bb text_align=\u00bbleft\u00bb overlay_strength=\u00bb0.3&#8243;][vc_column column_padding=\u00bbno-extra-padding\u00bb column_padding_position=\u00bball\u00bb background_color_opacity=\u00bb1&#8243; background_hover_color_opacity=\u00bb1&#8243; column_shadow=\u00bbnone\u00bb width=\u00bb1\/1&#8243; tablet_text_alignment=\u00bbdefault\u00bb phone_text_alignment=\u00bbdefault\u00bb column_border_width=\u00bbnone\u00bb column_border_style=\u00bbsolid\u00bb][vc_column_text] Pol\u00edtica de privacidad AVISO LEGAL DERECHOS DE PROPIEDAD INTELECTUAL E INDUSTRIAL\u00a0 EXENCI\u00d3N DE&#8230;<\/p>\n","protected":false},"author":1,"featured_media":0,"parent":0,"menu_order":0,"comment_status":"closed","ping_status":"open","template":"","meta":{"footnotes":""},"class_list":["post-3","page","type-page","status-publish","hentry"],"_links":{"self":[{"href":"http:\/\/mesverdbenicalap.eu\/es\/wp-json\/wp\/v2\/pages\/3\/"}],"collection":[{"href":"http:\/\/mesverdbenicalap.eu\/es\/wp-json\/wp\/v2\/pages\/"}],"about":[{"href":"http:\/\/mesverdbenicalap.eu\/es\/wp-json\/wp\/v2\/types\/page\/"}],"author":[{"embeddable":true,"href":"http:\/\/mesverdbenicalap.eu\/es\/wp-json\/wp\/v2\/users\/1\/"}],"replies":[{"embeddable":true,"href":"http:\/\/mesverdbenicalap.eu\/es\/wp-json\/wp\/v2\/comments\/?post=3"}],"version-history":[{"count":7,"href":"http:\/\/mesverdbenicalap.eu\/es\/wp-json\/wp\/v2\/pages\/3\/revisions\/"}],"predecessor-version":[{"id":1477,"href":"http:\/\/mesverdbenicalap.eu\/es\/wp-json\/wp\/v2\/pages\/3\/revisions\/1477\/"}],"wp:attachment":[{"href":"http:\/\/mesverdbenicalap.eu\/es\/wp-json\/wp\/v2\/media\/?parent=3"}],"curies":[{"name":"wp","href":"https:\/\/api.w.org\/{rel}","templated":true}]}}