{"id":520,"date":"2018-08-08T12:17:47","date_gmt":"2018-08-08T12:17:47","guid":{"rendered":"http:\/\/masverdebenicalap.intertrafor.com\/?page_id=520"},"modified":"2022-04-14T17:22:17","modified_gmt":"2022-04-14T15:22:17","slug":"que-esta-pasando","status":"publish","type":"page","link":"http:\/\/mesverdbenicalap.eu\/es\/que-esta-pasando\/","title":{"rendered":"\u00bfQu\u00e9 est\u00e1 pasando?"},"content":{"rendered":"[vc_row type=\u00bbin_container\u00bb full_screen_row_position=\u00bbmiddle\u00bb scene_position=\u00bbcenter\u00bb text_color=\u00bbdark\u00bb text_align=\u00bbleft\u00bb top_padding=\u00bb20&#8243; overlay_strength=\u00bb0.3&#8243;][vc_column column_padding=\u00bbno-extra-padding\u00bb column_padding_position=\u00bball\u00bb background_color_opacity=\u00bb1&#8243; background_hover_color_opacity=\u00bb1&#8243; column_shadow=\u00bbnone\u00bb width=\u00bb1\/1&#8243; tablet_text_alignment=\u00bbdefault\u00bb phone_text_alignment=\u00bbdefault\u00bb column_border_width=\u00bbnone\u00bb column_border_style=\u00bbsolid\u00bb][vc_row_inner column_margin=\u00bbdefault\u00bb bottom_padding=\u00bb100&#8243; text_align=\u00bbleft\u00bb][vc_column_inner column_padding=\u00bbno-extra-padding\u00bb column_padding_position=\u00bball\u00bb background_color_opacity=\u00bb1&#8243; width=\u00bb1\/6&#8243; column_border_width=\u00bbnone\u00bb column_border_style=\u00bbsolid\u00bb][\/vc_column_inner][vc_column_inner column_padding=\u00bbno-extra-padding\u00bb column_padding_position=\u00bball\u00bb background_color_opacity=\u00bb1&#8243; width=\u00bb2\/3&#8243; column_border_width=\u00bbnone\u00bb column_border_style=\u00bbsolid\u00bb][vc_column_text]\n<h2 style=\"text-align: center;\">\u00bfQu\u00e9 est\u00e1 pasando?<\/h2>\n[\/vc_column_text]<div class=\"divider-wrap\"><div style=\"height: 50px;\" class=\"divider\"><\/div><\/div>[vc_column_text]\n<h4 style=\"color: #59cb27; text-align: center;\">\u00a1Echa un vistazo al blog Grow Green Val\u00e8ncia!<\/h4>\n[\/vc_column_text][\/vc_column_inner][vc_column_inner column_padding=\u00bbno-extra-padding\u00bb column_padding_position=\u00bball\u00bb background_color_opacity=\u00bb1&#8243; width=\u00bb1\/6&#8243; column_border_width=\u00bbnone\u00bb column_border_style=\u00bbsolid\u00bb][\/vc_column_inner][\/vc_row_inner]\t\n\t<div class=\"row\">\n\t\n\t <div id=\"post-area\" class=\"col  span_12 col_last masonry classic  infinite_scroll \" > <div class=\"posts-container\" data-load-animation=\"none\">\t\t\t\t\n\t\t\t\t\n\t\t\t\t\n<article id=\"post-3422\" class=\"regular post-3422 post type-post status-publish format-standard has-post-thumbnail hentry category-eventos category-premsa-es\">\n\n\t<div class=\"inner-wrap animated\">\n\n\t\t<div class=\"post-content\">\n\t\t\t\n\t\t\t\t\t\t\t\n\t\t\t\t\t\t\t\t\n\t\t\t\t<div class=\"post-meta \">\n\t\t\t\t\t\n\t\t\t\t\t\t\t\t\t\t\n\t\t\t\t\t<div class=\"date\">\n\t\t\t\t\t\t25 Noviembre, 2022\t\t\t\t\t<\/div><!--\/date-->\n\t\t\t\t\t\n\t\t\t\t\t\n\t\t\t\t\t \n\t\t\t\t\t\t<div class=\"nectar-love-wrap\">\n\t\t\t\t\t\t\t<a href=\"#\" class=\"nectar-love\" id=\"nectar-love-3422\" title=\"Love this\"> <div class=\"heart-wrap\"><i class=\"icon-salient-heart-2\"><\/i><\/div><span class=\"nectar-love-count\">1<\/span><\/a>\t\t\t\t\t\t<\/div><!--\/nectar-love-wrap-->\t\n\t\t\t\t\t\n\t\t\t\t<\/div><!--\/post-meta-->\n\t\t\t\t\n\t\t\t\t\t\t\n\t\t\t\n\n\t\t\t\n\t\t\t\t<div class=\"content-inner\">\n\t\t\t\t\t\n\t\t\t\t\t<a href=\"http:\/\/mesverdbenicalap.eu\/es\/renaturalizar-la-ciudad-benicalap-exposicion\/\"><span class=\"post-featured-img\"><img loading=\"lazy\" decoding=\"async\" width=\"1024\" height=\"724\" src=\"http:\/\/mesverdbenicalap.eu\/wp-content\/uploads\/2022\/11\/GrowGreen_ExpoRenaturalitzar_A3-HORIZONTAL-1024x724.jpg\" class=\"attachment-large size-large wp-post-image\" alt=\"\" title=\"\" sizes=\"auto, (min-width: 1600px) 20vw, (min-width: 1300px) 25vw, (min-width: 1000px) 33.3vw, (min-width: 690px) 50vw, 100vw\" srcset=\"http:\/\/mesverdbenicalap.eu\/wp-content\/uploads\/2022\/11\/GrowGreen_ExpoRenaturalitzar_A3-HORIZONTAL-1024x724.jpg 1024w, http:\/\/mesverdbenicalap.eu\/wp-content\/uploads\/2022\/11\/GrowGreen_ExpoRenaturalitzar_A3-HORIZONTAL-300x212.jpg 300w, http:\/\/mesverdbenicalap.eu\/wp-content\/uploads\/2022\/11\/GrowGreen_ExpoRenaturalitzar_A3-HORIZONTAL-768x543.jpg 768w\" \/><\/span><\/a>\t\t\t\t\t\n\t\t\t\t\t\n\t\t\t\t\t\t\n\t\t\t\t\t\t<div class=\"article-content-wrap\">\n\n\t\t\t\t\t\t\t<div class=\"post-header\">\n\t\t\t\t\t\t\t\t\t\n\t\t\t\t\t\t\t\t<h2 class=\"title\">\n\t\t\t\t\t\t\t\t\t \n\t\t\t\t\t\t\t\t\t\t<a href=\"http:\/\/mesverdbenicalap.eu\/es\/renaturalizar-la-ciudad-benicalap-exposicion\/\">\t\t\t\t\t\t\t\t\t\t\tExposici\u00f3 \u201cRenaturalitzar la ciutat. Benicalap, laboratori urb\u00e0 de solucions basades en la naturalesa\u201d\t\t\t\t\t\t\t\t\t\t <\/a> \n\t\t\t\t\t\t\t\t\t\t\t\t\t\t\t\t\t<\/h2>\n\n\t\t\t\t\t\t\t\t \n\t\t\t\t\t\t\t\t\t<span class=\"meta-author\"><span>By<\/span> <a href=\"http:\/\/mesverdbenicalap.eu\/es\/author\/lasnaves\/\" title=\"Entradas de Prensa\" rel=\"author\">Prensa<\/a><\/span> <span class=\"meta-category\">| <a href=\"http:\/\/mesverdbenicalap.eu\/es\/category\/eventos\/\">Eventos<\/a>, <a href=\"http:\/\/mesverdbenicalap.eu\/es\/category\/premsa-es\/\">Premsa<\/a><\/span> \n\t\t\t\t\t\t\t\t\n\t\t\t\t\t\t\t\t\t\n\t\t\t\t\t\t\t\t\t\t\t\t\t\t\t<\/div><!--\/post-header-->\n\t\t\t\t\t\t<div class=\"excerpt\"><p>[vc_row type=\u00bbin_container\u00bb full_screen_row_position=\u00bbmiddle\u00bb scene_position=\u00bbcenter\u00bb text_color=\u00bbdark\u00bb text_align=\u00bbleft\u00bb overlay_strength=\u00bb0.3&#8243;][vc_column column_padding=\u00bbno-extra-padding\u00bb column_padding_position=\u00bball\u00bb background_color_opacity=\u00bb1&#8243; background_hover_color_opacity=\u00bb1&#8243; column_shadow=\u00bbnone\u00bb width=\u00bb1\/1&#8243; tablet_text_alignment=\u00bbdefault\u00bb phone_text_alignment=\u00bbdefault\u00bb column_border_width=\u00bbnone\u00bb column_border_style=\u00bbsolid\u00bb][vc_column_text]L\u20191 de desembre a les 18:30h la sala d\u2019exposicions de Las Naves obrir\u00e0 les&#8230;<\/p>\n<\/div><a class=\"more-link\" href=\"http:\/\/mesverdbenicalap.eu\/es\/renaturalizar-la-ciudad-benicalap-exposicion\/\"><span class=\"continue-reading\">Read More<\/span><\/a>\t\t\t\t\t\t\t\n\t\t\t\t\t\t<\/div><!--article-content-wrap-->\n\n\t\t\t\t\t\t\t\t\t\t\n\t\t\t\t   \n\t\t\t\t\t\t\t\t\t\t\n\t\t\t\t\t\t\t\t\t\t\t\n\t\t\t\t<\/div><!--\/content-inner-->\n\n\t\t\t\t\t\t\n\t\t<\/div><!--\/post-content-->\n\n\t<\/div><!--\/inner-wrap-->\n\t\t\n<\/article><!--\/article-->\n\t\t\t\t\t\t\t\n\t\t\t\t\n\t\t\t\t\n<article id=\"post-3401\" class=\"regular post-3401 post type-post status-publish format-standard has-post-thumbnail hentry category-eventos category-premsa-es\">\n\n\t<div class=\"inner-wrap animated\">\n\n\t\t<div class=\"post-content\">\n\t\t\t\n\t\t\t\t\t\t\t\n\t\t\t\t\t\t\t\t\n\t\t\t\t<div class=\"post-meta \">\n\t\t\t\t\t\n\t\t\t\t\t\t\t\t\t\t\n\t\t\t\t\t<div class=\"date\">\n\t\t\t\t\t\t23 Noviembre, 2022\t\t\t\t\t<\/div><!--\/date-->\n\t\t\t\t\t\n\t\t\t\t\t\n\t\t\t\t\t \n\t\t\t\t\t\t<div class=\"nectar-love-wrap\">\n\t\t\t\t\t\t\t<a href=\"#\" class=\"nectar-love\" id=\"nectar-love-3401\" title=\"Love this\"> <div class=\"heart-wrap\"><i class=\"icon-salient-heart-2\"><\/i><\/div><span class=\"nectar-love-count\">1<\/span><\/a>\t\t\t\t\t\t<\/div><!--\/nectar-love-wrap-->\t\n\t\t\t\t\t\n\t\t\t\t<\/div><!--\/post-meta-->\n\t\t\t\t\n\t\t\t\t\t\t\n\t\t\t\n\n\t\t\t\n\t\t\t\t<div class=\"content-inner\">\n\t\t\t\t\t\n\t\t\t\t\t<a href=\"http:\/\/mesverdbenicalap.eu\/es\/jornada-tallers-projecte-growgreen\/\"><span class=\"post-featured-img\"><img loading=\"lazy\" decoding=\"async\" width=\"1024\" height=\"390\" src=\"http:\/\/mesverdbenicalap.eu\/wp-content\/uploads\/2022\/11\/jornada-de-tallers-growgreen-1024x390.png\" class=\"attachment-large size-large wp-post-image\" alt=\"\" title=\"\" sizes=\"auto, (min-width: 1600px) 20vw, (min-width: 1300px) 25vw, (min-width: 1000px) 33.3vw, (min-width: 690px) 50vw, 100vw\" srcset=\"http:\/\/mesverdbenicalap.eu\/wp-content\/uploads\/2022\/11\/jornada-de-tallers-growgreen-1024x390.png 1024w, http:\/\/mesverdbenicalap.eu\/wp-content\/uploads\/2022\/11\/jornada-de-tallers-growgreen-300x114.png 300w, http:\/\/mesverdbenicalap.eu\/wp-content\/uploads\/2022\/11\/jornada-de-tallers-growgreen-768x292.png 768w, http:\/\/mesverdbenicalap.eu\/wp-content\/uploads\/2022\/11\/jornada-de-tallers-growgreen.png 1500w\" \/><\/span><\/a>\t\t\t\t\t\n\t\t\t\t\t\n\t\t\t\t\t\t\n\t\t\t\t\t\t<div class=\"article-content-wrap\">\n\n\t\t\t\t\t\t\t<div class=\"post-header\">\n\t\t\t\t\t\t\t\t\t\n\t\t\t\t\t\t\t\t<h2 class=\"title\">\n\t\t\t\t\t\t\t\t\t \n\t\t\t\t\t\t\t\t\t\t<a href=\"http:\/\/mesverdbenicalap.eu\/es\/jornada-tallers-projecte-growgreen\/\">\t\t\t\t\t\t\t\t\t\t\tJornada de talleres del projecto GrowGreen\t\t\t\t\t\t\t\t\t\t <\/a> \n\t\t\t\t\t\t\t\t\t\t\t\t\t\t\t\t\t<\/h2>\n\n\t\t\t\t\t\t\t\t \n\t\t\t\t\t\t\t\t\t<span class=\"meta-author\"><span>By<\/span> <a href=\"http:\/\/mesverdbenicalap.eu\/es\/author\/lasnaves\/\" title=\"Entradas de Prensa\" rel=\"author\">Prensa<\/a><\/span> <span class=\"meta-category\">| <a href=\"http:\/\/mesverdbenicalap.eu\/es\/category\/eventos\/\">Eventos<\/a>, <a href=\"http:\/\/mesverdbenicalap.eu\/es\/category\/premsa-es\/\">Premsa<\/a><\/span> \n\t\t\t\t\t\t\t\t\n\t\t\t\t\t\t\t\t\t\n\t\t\t\t\t\t\t\t\t\t\t\t\t\t\t<\/div><!--\/post-header-->\n\t\t\t\t\t\t<div class=\"excerpt\"><p>[vc_row type=\u00bbin_container\u00bb full_screen_row_position=\u00bbmiddle\u00bb scene_position=\u00bbcenter\u00bb text_color=\u00bbdark\u00bb text_align=\u00bbleft\u00bb overlay_strength=\u00bb0.3&#8243;][vc_column column_padding=\u00bbno-extra-padding\u00bb column_padding_position=\u00bball\u00bb background_color_opacity=\u00bb1&#8243; background_hover_color_opacity=\u00bb1&#8243; column_shadow=\u00bbnone\u00bb width=\u00bb1\/1&#8243; tablet_text_alignment=\u00bbdefault\u00bb phone_text_alignment=\u00bbdefault\u00bb column_border_width=\u00bbnone\u00bb column_border_style=\u00bbsolid\u00bb][vc_column_text]Ven a aprender y divertirte con los talleres del proyecto GrowGreen en el Espai&#8230;<\/p>\n<\/div><a class=\"more-link\" href=\"http:\/\/mesverdbenicalap.eu\/es\/jornada-tallers-projecte-growgreen\/\"><span class=\"continue-reading\">Read More<\/span><\/a>\t\t\t\t\t\t\t\n\t\t\t\t\t\t<\/div><!--article-content-wrap-->\n\n\t\t\t\t\t\t\t\t\t\t\n\t\t\t\t   \n\t\t\t\t\t\t\t\t\t\t\n\t\t\t\t\t\t\t\t\t\t\t\n\t\t\t\t<\/div><!--\/content-inner-->\n\n\t\t\t\t\t\t\n\t\t<\/div><!--\/post-content-->\n\n\t<\/div><!--\/inner-wrap-->\n\t\t\n<\/article><!--\/article-->\n\t\t\t\t\t\t\t\n\t\t\t\t\n\t\t\t\t\n<article id=\"post-3413\" class=\"regular post-3413 post type-post status-publish format-standard has-post-thumbnail hentry category-eventos category-premsa-es\">\n\n\t<div class=\"inner-wrap animated\">\n\n\t\t<div class=\"post-content\">\n\t\t\t\n\t\t\t\t\t\t\t\n\t\t\t\t\t\t\t\t\n\t\t\t\t<div class=\"post-meta \">\n\t\t\t\t\t\n\t\t\t\t\t\t\t\t\t\t\n\t\t\t\t\t<div class=\"date\">\n\t\t\t\t\t\t20 Noviembre, 2022\t\t\t\t\t<\/div><!--\/date-->\n\t\t\t\t\t\n\t\t\t\t\t\n\t\t\t\t\t \n\t\t\t\t\t\t<div class=\"nectar-love-wrap\">\n\t\t\t\t\t\t\t<a href=\"#\" class=\"nectar-love\" id=\"nectar-love-3413\" title=\"Love this\"> <div class=\"heart-wrap\"><i class=\"icon-salient-heart-2\"><\/i><\/div><span class=\"nectar-love-count\">1<\/span><\/a>\t\t\t\t\t\t<\/div><!--\/nectar-love-wrap-->\t\n\t\t\t\t\t\n\t\t\t\t<\/div><!--\/post-meta-->\n\t\t\t\t\n\t\t\t\t\t\t\n\t\t\t\n\n\t\t\t\n\t\t\t\t<div class=\"content-inner\">\n\t\t\t\t\t\n\t\t\t\t\t<a href=\"http:\/\/mesverdbenicalap.eu\/es\/taller-la-meua-farmaciola-vegetal\/\"><span class=\"post-featured-img\"><img loading=\"lazy\" decoding=\"async\" width=\"810\" height=\"540\" src=\"http:\/\/mesverdbenicalap.eu\/wp-content\/uploads\/2022\/11\/Tallere4_GrowGreen_Facebook_Valenciano.jpg\" class=\"attachment-large size-large wp-post-image\" alt=\"\" title=\"\" sizes=\"auto, (min-width: 1600px) 20vw, (min-width: 1300px) 25vw, (min-width: 1000px) 33.3vw, (min-width: 690px) 50vw, 100vw\" srcset=\"http:\/\/mesverdbenicalap.eu\/wp-content\/uploads\/2022\/11\/Tallere4_GrowGreen_Facebook_Valenciano.jpg 810w, http:\/\/mesverdbenicalap.eu\/wp-content\/uploads\/2022\/11\/Tallere4_GrowGreen_Facebook_Valenciano-300x200.jpg 300w, http:\/\/mesverdbenicalap.eu\/wp-content\/uploads\/2022\/11\/Tallere4_GrowGreen_Facebook_Valenciano-768x512.jpg 768w, http:\/\/mesverdbenicalap.eu\/wp-content\/uploads\/2022\/11\/Tallere4_GrowGreen_Facebook_Valenciano-675x450.jpg 675w\" \/><\/span><\/a>\t\t\t\t\t\n\t\t\t\t\t\n\t\t\t\t\t\t\n\t\t\t\t\t\t<div class=\"article-content-wrap\">\n\n\t\t\t\t\t\t\t<div class=\"post-header\">\n\t\t\t\t\t\t\t\t\t\n\t\t\t\t\t\t\t\t<h2 class=\"title\">\n\t\t\t\t\t\t\t\t\t \n\t\t\t\t\t\t\t\t\t\t<a href=\"http:\/\/mesverdbenicalap.eu\/es\/taller-la-meua-farmaciola-vegetal\/\">\t\t\t\t\t\t\t\t\t\t\tTaller del proyecto GrowGreen \u00abMi botiqu\u00edn vegetal\u00bb\t\t\t\t\t\t\t\t\t\t <\/a> \n\t\t\t\t\t\t\t\t\t\t\t\t\t\t\t\t\t<\/h2>\n\n\t\t\t\t\t\t\t\t \n\t\t\t\t\t\t\t\t\t<span class=\"meta-author\"><span>By<\/span> <a href=\"http:\/\/mesverdbenicalap.eu\/es\/author\/lasnaves\/\" title=\"Entradas de Prensa\" rel=\"author\">Prensa<\/a><\/span> <span class=\"meta-category\">| <a href=\"http:\/\/mesverdbenicalap.eu\/es\/category\/eventos\/\">Eventos<\/a>, <a href=\"http:\/\/mesverdbenicalap.eu\/es\/category\/premsa-es\/\">Premsa<\/a><\/span> \n\t\t\t\t\t\t\t\t\n\t\t\t\t\t\t\t\t\t\n\t\t\t\t\t\t\t\t\t\t\t\t\t\t\t<\/div><!--\/post-header-->\n\t\t\t\t\t\t<div class=\"excerpt\"><p>[vc_row type=\u00bbin_container\u00bb full_screen_row_position=\u00bbmiddle\u00bb scene_position=\u00bbcenter\u00bb text_color=\u00bbdark\u00bb text_align=\u00bbleft\u00bb overlay_strength=\u00bb0.3&#8243;][vc_column column_padding=\u00bbno-extra-padding\u00bb column_padding_position=\u00bball\u00bb background_color_opacity=\u00bb1&#8243; background_hover_color_opacity=\u00bb1&#8243; column_shadow=\u00bbnone\u00bb width=\u00bb1\/1&#8243; tablet_text_alignment=\u00bbdefault\u00bb phone_text_alignment=\u00bbdefault\u00bb column_border_width=\u00bbnone\u00bb column_border_style=\u00bbsolid\u00bb][vc_column_text]El proyecto GrowGreen te invita\u00a0 el martes 22 de noviembre a las 17:30h al&#8230;<\/p>\n<\/div><a class=\"more-link\" href=\"http:\/\/mesverdbenicalap.eu\/es\/taller-la-meua-farmaciola-vegetal\/\"><span class=\"continue-reading\">Read More<\/span><\/a>\t\t\t\t\t\t\t\n\t\t\t\t\t\t<\/div><!--article-content-wrap-->\n\n\t\t\t\t\t\t\t\t\t\t\n\t\t\t\t   \n\t\t\t\t\t\t\t\t\t\t\n\t\t\t\t\t\t\t\t\t\t\t\n\t\t\t\t<\/div><!--\/content-inner-->\n\n\t\t\t\t\t\t\n\t\t<\/div><!--\/post-content-->\n\n\t<\/div><!--\/inner-wrap-->\n\t\t\n<\/article><!--\/article-->\n\t\t\t\t\t\t\t\n\t\t\t\t\n\t\t\t\t\n<article id=\"post-3385\" class=\"regular post-3385 post type-post status-publish format-standard has-post-thumbnail hentry category-eventos category-premsa-es\">\n\n\t<div class=\"inner-wrap animated\">\n\n\t\t<div class=\"post-content\">\n\t\t\t\n\t\t\t\t\t\t\t\n\t\t\t\t\t\t\t\t\n\t\t\t\t<div class=\"post-meta \">\n\t\t\t\t\t\n\t\t\t\t\t\t\t\t\t\t\n\t\t\t\t\t<div class=\"date\">\n\t\t\t\t\t\t14 Noviembre, 2022\t\t\t\t\t<\/div><!--\/date-->\n\t\t\t\t\t\n\t\t\t\t\t\n\t\t\t\t\t \n\t\t\t\t\t\t<div class=\"nectar-love-wrap\">\n\t\t\t\t\t\t\t<a href=\"#\" class=\"nectar-love\" id=\"nectar-love-3385\" title=\"Love this\"> <div class=\"heart-wrap\"><i class=\"icon-salient-heart-2\"><\/i><\/div><span class=\"nectar-love-count\">1<\/span><\/a>\t\t\t\t\t\t<\/div><!--\/nectar-love-wrap-->\t\n\t\t\t\t\t\n\t\t\t\t<\/div><!--\/post-meta-->\n\t\t\t\t\n\t\t\t\t\t\t\n\t\t\t\n\n\t\t\t\n\t\t\t\t<div class=\"content-inner\">\n\t\t\t\t\t\n\t\t\t\t\t<a href=\"http:\/\/mesverdbenicalap.eu\/es\/jornades-ciutats-sostenibles\/\"><span class=\"post-featured-img\"><img loading=\"lazy\" decoding=\"async\" width=\"1024\" height=\"576\" src=\"http:\/\/mesverdbenicalap.eu\/wp-content\/uploads\/2022\/11\/LN_Growgreen-Wuhan_Horizontal-1920x1080_Generico_VAL-1024x576.png\" class=\"attachment-large size-large wp-post-image\" alt=\"\" title=\"\" sizes=\"auto, (min-width: 1600px) 20vw, (min-width: 1300px) 25vw, (min-width: 1000px) 33.3vw, (min-width: 690px) 50vw, 100vw\" srcset=\"http:\/\/mesverdbenicalap.eu\/wp-content\/uploads\/2022\/11\/LN_Growgreen-Wuhan_Horizontal-1920x1080_Generico_VAL-1024x576.png 1024w, http:\/\/mesverdbenicalap.eu\/wp-content\/uploads\/2022\/11\/LN_Growgreen-Wuhan_Horizontal-1920x1080_Generico_VAL-300x169.png 300w, http:\/\/mesverdbenicalap.eu\/wp-content\/uploads\/2022\/11\/LN_Growgreen-Wuhan_Horizontal-1920x1080_Generico_VAL-768x432.png 768w\" \/><\/span><\/a>\t\t\t\t\t\n\t\t\t\t\t\n\t\t\t\t\t\t\n\t\t\t\t\t\t<div class=\"article-content-wrap\">\n\n\t\t\t\t\t\t\t<div class=\"post-header\">\n\t\t\t\t\t\t\t\t\t\n\t\t\t\t\t\t\t\t<h2 class=\"title\">\n\t\t\t\t\t\t\t\t\t \n\t\t\t\t\t\t\t\t\t\t<a href=\"http:\/\/mesverdbenicalap.eu\/es\/jornades-ciutats-sostenibles\/\">\t\t\t\t\t\t\t\t\t\t\tJornada Ciudades Sostenibles: Las SBN para afrontar los retos de la ciudad de Val\u00e8ncia. Aprendiendo de la ciudad esponja de Wuhan\t\t\t\t\t\t\t\t\t\t <\/a> \n\t\t\t\t\t\t\t\t\t\t\t\t\t\t\t\t\t<\/h2>\n\n\t\t\t\t\t\t\t\t \n\t\t\t\t\t\t\t\t\t<span class=\"meta-author\"><span>By<\/span> <a href=\"http:\/\/mesverdbenicalap.eu\/es\/author\/lasnaves\/\" title=\"Entradas de Prensa\" rel=\"author\">Prensa<\/a><\/span> <span class=\"meta-category\">| <a href=\"http:\/\/mesverdbenicalap.eu\/es\/category\/eventos\/\">Eventos<\/a>, <a href=\"http:\/\/mesverdbenicalap.eu\/es\/category\/premsa-es\/\">Premsa<\/a><\/span> \n\t\t\t\t\t\t\t\t\n\t\t\t\t\t\t\t\t\t\n\t\t\t\t\t\t\t\t\t\t\t\t\t\t\t<\/div><!--\/post-header-->\n\t\t\t\t\t\t<div class=\"excerpt\"><p>[vc_row type=\u00bbin_container\u00bb full_screen_row_position=\u00bbmiddle\u00bb scene_position=\u00bbcenter\u00bb text_color=\u00bbdark\u00bb text_align=\u00bbleft\u00bb overlay_strength=\u00bb0.3&#8243;][vc_column column_padding=\u00bbno-extra-padding\u00bb column_padding_position=\u00bball\u00bb background_color_opacity=\u00bb1&#8243; background_hover_color_opacity=\u00bb1&#8243; column_shadow=\u00bbnone\u00bb width=\u00bb1\/1&#8243; tablet_text_alignment=\u00bbdefault\u00bb phone_text_alignment=\u00bbdefault\u00bb column_border_width=\u00bbnone\u00bb column_border_style=\u00bbsolid\u00bb][vc_column_text]Las Naves acoge el pr\u00f3ximo 16 de noviembre de 11h a 13h la jornada&#8230;<\/p>\n<\/div><a class=\"more-link\" href=\"http:\/\/mesverdbenicalap.eu\/es\/jornades-ciutats-sostenibles\/\"><span class=\"continue-reading\">Read More<\/span><\/a>\t\t\t\t\t\t\t\n\t\t\t\t\t\t<\/div><!--article-content-wrap-->\n\n\t\t\t\t\t\t\t\t\t\t\n\t\t\t\t   \n\t\t\t\t\t\t\t\t\t\t\n\t\t\t\t\t\t\t\t\t\t\t\n\t\t\t\t<\/div><!--\/content-inner-->\n\n\t\t\t\t\t\t\n\t\t<\/div><!--\/post-content-->\n\n\t<\/div><!--\/inner-wrap-->\n\t\t\n<\/article><!--\/article-->\n\t\t\t\t\t\t\t\n\t\t\t\t\n\t\t\t\t\n<article id=\"post-3378\" class=\"regular post-3378 post type-post status-publish format-standard has-post-thumbnail hentry category-eventos category-premsa-es category-sin-categorizar\">\n\n\t<div class=\"inner-wrap animated\">\n\n\t\t<div class=\"post-content\">\n\t\t\t\n\t\t\t\t\t\t\t\n\t\t\t\t\t\t\t\t\n\t\t\t\t<div class=\"post-meta \">\n\t\t\t\t\t\n\t\t\t\t\t\t\t\t\t\t\n\t\t\t\t\t<div class=\"date\">\n\t\t\t\t\t\t14 Noviembre, 2022\t\t\t\t\t<\/div><!--\/date-->\n\t\t\t\t\t\n\t\t\t\t\t\n\t\t\t\t\t \n\t\t\t\t\t\t<div class=\"nectar-love-wrap\">\n\t\t\t\t\t\t\t<a href=\"#\" class=\"nectar-love\" id=\"nectar-love-3378\" title=\"Love this\"> <div class=\"heart-wrap\"><i class=\"icon-salient-heart-2\"><\/i><\/div><span class=\"nectar-love-count\">1<\/span><\/a>\t\t\t\t\t\t<\/div><!--\/nectar-love-wrap-->\t\n\t\t\t\t\t\n\t\t\t\t<\/div><!--\/post-meta-->\n\t\t\t\t\n\t\t\t\t\t\t\n\t\t\t\n\n\t\t\t\n\t\t\t\t<div class=\"content-inner\">\n\t\t\t\t\t\n\t\t\t\t\t<a href=\"http:\/\/mesverdbenicalap.eu\/es\/festival-sostenible-solucions-basades-natura\/\"><span class=\"post-featured-img\"><img loading=\"lazy\" decoding=\"async\" width=\"1024\" height=\"576\" src=\"http:\/\/mesverdbenicalap.eu\/wp-content\/uploads\/2022\/11\/LN_FestivaSostenible_20nov_HORIZONTAL-1-1024x576.png\" class=\"attachment-large size-large wp-post-image\" alt=\"\" title=\"\" sizes=\"auto, (min-width: 1600px) 20vw, (min-width: 1300px) 25vw, (min-width: 1000px) 33.3vw, (min-width: 690px) 50vw, 100vw\" srcset=\"http:\/\/mesverdbenicalap.eu\/wp-content\/uploads\/2022\/11\/LN_FestivaSostenible_20nov_HORIZONTAL-1-1024x576.png 1024w, http:\/\/mesverdbenicalap.eu\/wp-content\/uploads\/2022\/11\/LN_FestivaSostenible_20nov_HORIZONTAL-1-300x169.png 300w, http:\/\/mesverdbenicalap.eu\/wp-content\/uploads\/2022\/11\/LN_FestivaSostenible_20nov_HORIZONTAL-1-768x432.png 768w\" \/><\/span><\/a>\t\t\t\t\t\n\t\t\t\t\t\n\t\t\t\t\t\t\n\t\t\t\t\t\t<div class=\"article-content-wrap\">\n\n\t\t\t\t\t\t\t<div class=\"post-header\">\n\t\t\t\t\t\t\t\t\t\n\t\t\t\t\t\t\t\t<h2 class=\"title\">\n\t\t\t\t\t\t\t\t\t \n\t\t\t\t\t\t\t\t\t\t<a href=\"http:\/\/mesverdbenicalap.eu\/es\/festival-sostenible-solucions-basades-natura\/\">\t\t\t\t\t\t\t\t\t\t\tI Festival Sostenible \u2013 Soluciones basadas en la naturaleza\t\t\t\t\t\t\t\t\t\t <\/a> \n\t\t\t\t\t\t\t\t\t\t\t\t\t\t\t\t\t<\/h2>\n\n\t\t\t\t\t\t\t\t \n\t\t\t\t\t\t\t\t\t<span class=\"meta-author\"><span>By<\/span> <a href=\"http:\/\/mesverdbenicalap.eu\/es\/author\/lasnaves\/\" title=\"Entradas de Prensa\" rel=\"author\">Prensa<\/a><\/span> <span class=\"meta-category\">| <a href=\"http:\/\/mesverdbenicalap.eu\/es\/category\/eventos\/\">Eventos<\/a>, <a href=\"http:\/\/mesverdbenicalap.eu\/es\/category\/premsa-es\/\">Premsa<\/a>, <a href=\"http:\/\/mesverdbenicalap.eu\/es\/category\/sin-categorizar\/\">Sin categorizar<\/a><\/span> \n\t\t\t\t\t\t\t\t\n\t\t\t\t\t\t\t\t\t\n\t\t\t\t\t\t\t\t\t\t\t\t\t\t\t<\/div><!--\/post-header-->\n\t\t\t\t\t\t<div class=\"excerpt\"><p>[vc_row type=\u00bbin_container\u00bb full_screen_row_position=\u00bbmiddle\u00bb scene_position=\u00bbcenter\u00bb text_color=\u00bbdark\u00bb text_align=\u00bbleft\u00bb overlay_strength=\u00bb0.3&#8243;][vc_column column_padding=\u00bbno-extra-padding\u00bb column_padding_position=\u00bball\u00bb background_color_opacity=\u00bb1&#8243; background_hover_color_opacity=\u00bb1&#8243; column_shadow=\u00bbnone\u00bb width=\u00bb1\/1&#8243; tablet_text_alignment=\u00bbdefault\u00bb phone_text_alignment=\u00bbdefault\u00bb column_border_width=\u00bbnone\u00bb column_border_style=\u00bbsolid\u00bb][vc_column_text]Las Naves presenta el I Festival Sostenible, una iniciativa de Missi\u00f3 Clim\u00e0tica Val\u00e8ncia 2030&#8230;.<\/p>\n<\/div><a class=\"more-link\" href=\"http:\/\/mesverdbenicalap.eu\/es\/festival-sostenible-solucions-basades-natura\/\"><span class=\"continue-reading\">Read More<\/span><\/a>\t\t\t\t\t\t\t\n\t\t\t\t\t\t<\/div><!--article-content-wrap-->\n\n\t\t\t\t\t\t\t\t\t\t\n\t\t\t\t   \n\t\t\t\t\t\t\t\t\t\t\n\t\t\t\t\t\t\t\t\t\t\t\n\t\t\t\t<\/div><!--\/content-inner-->\n\n\t\t\t\t\t\t\n\t\t<\/div><!--\/post-content-->\n\n\t<\/div><!--\/inner-wrap-->\n\t\t\n<\/article><!--\/article-->\n\t\t\t\t\t\t\t\n\t\t\t\t\n\t\t\t\t\n<article id=\"post-3362\" class=\"regular post-3362 post type-post status-publish format-standard has-post-thumbnail hentry category-eventos category-premsa-es\">\n\n\t<div class=\"inner-wrap animated\">\n\n\t\t<div class=\"post-content\">\n\t\t\t\n\t\t\t\t\t\t\t\n\t\t\t\t\t\t\t\t\n\t\t\t\t<div class=\"post-meta \">\n\t\t\t\t\t\n\t\t\t\t\t\t\t\t\t\t\n\t\t\t\t\t<div class=\"date\">\n\t\t\t\t\t\t14 Noviembre, 2022\t\t\t\t\t<\/div><!--\/date-->\n\t\t\t\t\t\n\t\t\t\t\t\n\t\t\t\t\t \n\t\t\t\t\t\t<div class=\"nectar-love-wrap\">\n\t\t\t\t\t\t\t<a href=\"#\" class=\"nectar-love\" id=\"nectar-love-3362\" title=\"Love this\"> <div class=\"heart-wrap\"><i class=\"icon-salient-heart-2\"><\/i><\/div><span class=\"nectar-love-count\">1<\/span><\/a>\t\t\t\t\t\t<\/div><!--\/nectar-love-wrap-->\t\n\t\t\t\t\t\n\t\t\t\t<\/div><!--\/post-meta-->\n\t\t\t\t\n\t\t\t\t\t\t\n\t\t\t\n\n\t\t\t\n\t\t\t\t<div class=\"content-inner\">\n\t\t\t\t\t\n\t\t\t\t\t<a href=\"http:\/\/mesverdbenicalap.eu\/es\/ferramenta-mesurar-impacte-pobresa-energetica\/\"><span class=\"post-featured-img\"><img loading=\"lazy\" decoding=\"async\" width=\"1024\" height=\"1024\" src=\"http:\/\/mesverdbenicalap.eu\/wp-content\/uploads\/2022\/11\/POBREZA-ENERGETICA-_TRIPTICO-02-val-1024x1024.png\" class=\"attachment-large size-large wp-post-image\" alt=\"\" title=\"\" sizes=\"auto, (min-width: 1600px) 20vw, (min-width: 1300px) 25vw, (min-width: 1000px) 33.3vw, (min-width: 690px) 50vw, 100vw\" srcset=\"http:\/\/mesverdbenicalap.eu\/wp-content\/uploads\/2022\/11\/POBREZA-ENERGETICA-_TRIPTICO-02-val-1024x1024.png 1024w, http:\/\/mesverdbenicalap.eu\/wp-content\/uploads\/2022\/11\/POBREZA-ENERGETICA-_TRIPTICO-02-val-150x150.png 150w, http:\/\/mesverdbenicalap.eu\/wp-content\/uploads\/2022\/11\/POBREZA-ENERGETICA-_TRIPTICO-02-val-300x300.png 300w, http:\/\/mesverdbenicalap.eu\/wp-content\/uploads\/2022\/11\/POBREZA-ENERGETICA-_TRIPTICO-02-val-768x768.png 768w, http:\/\/mesverdbenicalap.eu\/wp-content\/uploads\/2022\/11\/POBREZA-ENERGETICA-_TRIPTICO-02-val-100x100.png 100w, http:\/\/mesverdbenicalap.eu\/wp-content\/uploads\/2022\/11\/POBREZA-ENERGETICA-_TRIPTICO-02-val-500x500.png 500w, http:\/\/mesverdbenicalap.eu\/wp-content\/uploads\/2022\/11\/POBREZA-ENERGETICA-_TRIPTICO-02-val-350x350.png 350w, http:\/\/mesverdbenicalap.eu\/wp-content\/uploads\/2022\/11\/POBREZA-ENERGETICA-_TRIPTICO-02-val-1000x1000.png 1000w, http:\/\/mesverdbenicalap.eu\/wp-content\/uploads\/2022\/11\/POBREZA-ENERGETICA-_TRIPTICO-02-val.png 1080w\" \/><\/span><\/a>\t\t\t\t\t\n\t\t\t\t\t\n\t\t\t\t\t\t\n\t\t\t\t\t\t<div class=\"article-content-wrap\">\n\n\t\t\t\t\t\t\t<div class=\"post-header\">\n\t\t\t\t\t\t\t\t\t\n\t\t\t\t\t\t\t\t<h2 class=\"title\">\n\t\t\t\t\t\t\t\t\t \n\t\t\t\t\t\t\t\t\t\t<a href=\"http:\/\/mesverdbenicalap.eu\/es\/ferramenta-mesurar-impacte-pobresa-energetica\/\">\t\t\t\t\t\t\t\t\t\t\tPresentaci\u00f3n de la Herramienta para medir el impacto de la pobreza energ\u00e9tica sobre el bienestar\t\t\t\t\t\t\t\t\t\t <\/a> \n\t\t\t\t\t\t\t\t\t\t\t\t\t\t\t\t\t<\/h2>\n\n\t\t\t\t\t\t\t\t \n\t\t\t\t\t\t\t\t\t<span class=\"meta-author\"><span>By<\/span> <a href=\"http:\/\/mesverdbenicalap.eu\/es\/author\/lasnaves\/\" title=\"Entradas de Prensa\" rel=\"author\">Prensa<\/a><\/span> <span class=\"meta-category\">| <a href=\"http:\/\/mesverdbenicalap.eu\/es\/category\/eventos\/\">Eventos<\/a>, <a href=\"http:\/\/mesverdbenicalap.eu\/es\/category\/premsa-es\/\">Premsa<\/a><\/span> \n\t\t\t\t\t\t\t\t\n\t\t\t\t\t\t\t\t\t\n\t\t\t\t\t\t\t\t\t\t\t\t\t\t\t<\/div><!--\/post-header-->\n\t\t\t\t\t\t<div class=\"excerpt\"><p>[vc_row type=\u00bbin_container\u00bb full_screen_row_position=\u00bbmiddle\u00bb scene_position=\u00bbcenter\u00bb text_color=\u00bbdark\u00bb text_align=\u00bbleft\u00bb overlay_strength=\u00bb0.3&#8243;][vc_column column_padding=\u00bbno-extra-padding\u00bb column_padding_position=\u00bball\u00bb background_color_opacity=\u00bb1&#8243; background_hover_color_opacity=\u00bb1&#8243; column_shadow=\u00bbnone\u00bb width=\u00bb1\/1&#8243; tablet_text_alignment=\u00bbdefault\u00bb phone_text_alignment=\u00bbdefault\u00bb column_border_width=\u00bbnone\u00bb column_border_style=\u00bbsolid\u00bb][vc_column_text]El pr\u00f3ximo 23 de noviembre el Sal\u00f3n de actos Cubo Amarillo de la UPV&#8230;<\/p>\n<\/div><a class=\"more-link\" href=\"http:\/\/mesverdbenicalap.eu\/es\/ferramenta-mesurar-impacte-pobresa-energetica\/\"><span class=\"continue-reading\">Read More<\/span><\/a>\t\t\t\t\t\t\t\n\t\t\t\t\t\t<\/div><!--article-content-wrap-->\n\n\t\t\t\t\t\t\t\t\t\t\n\t\t\t\t   \n\t\t\t\t\t\t\t\t\t\t\n\t\t\t\t\t\t\t\t\t\t\t\n\t\t\t\t<\/div><!--\/content-inner-->\n\n\t\t\t\t\t\t\n\t\t<\/div><!--\/post-content-->\n\n\t<\/div><!--\/inner-wrap-->\n\t\t\n<\/article><!--\/article-->\n\t\t\t\t\t\t\t\n\t\t\t\t\n\t\t\t\t\n<article id=\"post-3352\" class=\"regular post-3352 post type-post status-publish format-standard has-post-thumbnail hentry category-eventos category-premsa-es\">\n\n\t<div class=\"inner-wrap animated\">\n\n\t\t<div class=\"post-content\">\n\t\t\t\n\t\t\t\t\t\t\t\n\t\t\t\t\t\t\t\t\n\t\t\t\t<div class=\"post-meta \">\n\t\t\t\t\t\n\t\t\t\t\t\t\t\t\t\t\n\t\t\t\t\t<div class=\"date\">\n\t\t\t\t\t\t14 Noviembre, 2022\t\t\t\t\t<\/div><!--\/date-->\n\t\t\t\t\t\n\t\t\t\t\t\n\t\t\t\t\t \n\t\t\t\t\t\t<div class=\"nectar-love-wrap\">\n\t\t\t\t\t\t\t<a href=\"#\" class=\"nectar-love\" id=\"nectar-love-3352\" title=\"Love this\"> <div class=\"heart-wrap\"><i class=\"icon-salient-heart-2\"><\/i><\/div><span class=\"nectar-love-count\">1<\/span><\/a>\t\t\t\t\t\t<\/div><!--\/nectar-love-wrap-->\t\n\t\t\t\t\t\n\t\t\t\t<\/div><!--\/post-meta-->\n\t\t\t\t\n\t\t\t\t\t\t\n\t\t\t\n\n\t\t\t\n\t\t\t\t<div class=\"content-inner\">\n\t\t\t\t\t\n\t\t\t\t\t<a href=\"http:\/\/mesverdbenicalap.eu\/es\/passeig-saludable-benicalap\/\"><span class=\"post-featured-img\"><img loading=\"lazy\" decoding=\"async\" width=\"810\" height=\"540\" src=\"http:\/\/mesverdbenicalap.eu\/wp-content\/uploads\/2022\/11\/Tallere1_GrowGreen_Facebook_Valenciano.png\" class=\"attachment-large size-large wp-post-image\" alt=\"\" title=\"\" sizes=\"auto, (min-width: 1600px) 20vw, (min-width: 1300px) 25vw, (min-width: 1000px) 33.3vw, (min-width: 690px) 50vw, 100vw\" srcset=\"http:\/\/mesverdbenicalap.eu\/wp-content\/uploads\/2022\/11\/Tallere1_GrowGreen_Facebook_Valenciano.png 810w, http:\/\/mesverdbenicalap.eu\/wp-content\/uploads\/2022\/11\/Tallere1_GrowGreen_Facebook_Valenciano-300x200.png 300w, http:\/\/mesverdbenicalap.eu\/wp-content\/uploads\/2022\/11\/Tallere1_GrowGreen_Facebook_Valenciano-768x512.png 768w, http:\/\/mesverdbenicalap.eu\/wp-content\/uploads\/2022\/11\/Tallere1_GrowGreen_Facebook_Valenciano-675x450.png 675w\" \/><\/span><\/a>\t\t\t\t\t\n\t\t\t\t\t\n\t\t\t\t\t\t\n\t\t\t\t\t\t<div class=\"article-content-wrap\">\n\n\t\t\t\t\t\t\t<div class=\"post-header\">\n\t\t\t\t\t\t\t\t\t\n\t\t\t\t\t\t\t\t<h2 class=\"title\">\n\t\t\t\t\t\t\t\t\t \n\t\t\t\t\t\t\t\t\t\t<a href=\"http:\/\/mesverdbenicalap.eu\/es\/passeig-saludable-benicalap\/\">\t\t\t\t\t\t\t\t\t\t\tEl proyecto GrowGreen te invita a un Paseo Saludable por Benicalap\t\t\t\t\t\t\t\t\t\t <\/a> \n\t\t\t\t\t\t\t\t\t\t\t\t\t\t\t\t\t<\/h2>\n\n\t\t\t\t\t\t\t\t \n\t\t\t\t\t\t\t\t\t<span class=\"meta-author\"><span>By<\/span> <a href=\"http:\/\/mesverdbenicalap.eu\/es\/author\/lasnaves\/\" title=\"Entradas de Prensa\" rel=\"author\">Prensa<\/a><\/span> <span class=\"meta-category\">| <a href=\"http:\/\/mesverdbenicalap.eu\/es\/category\/eventos\/\">Eventos<\/a>, <a href=\"http:\/\/mesverdbenicalap.eu\/es\/category\/premsa-es\/\">Premsa<\/a><\/span> \n\t\t\t\t\t\t\t\t\n\t\t\t\t\t\t\t\t\t\n\t\t\t\t\t\t\t\t\t\t\t\t\t\t\t<\/div><!--\/post-header-->\n\t\t\t\t\t\t<div class=\"excerpt\"><p>[vc_row type=\u00bbin_container\u00bb full_screen_row_position=\u00bbmiddle\u00bb scene_position=\u00bbcenter\u00bb text_color=\u00bbdark\u00bb text_align=\u00bbleft\u00bb overlay_strength=\u00bb0.3&#8243;][vc_column column_padding=\u00bbno-extra-padding\u00bb column_padding_position=\u00bball\u00bb background_color_opacity=\u00bb1&#8243; background_hover_color_opacity=\u00bb1&#8243; column_shadow=\u00bbnone\u00bb width=\u00bb1\/1&#8243; tablet_text_alignment=\u00bbdefault\u00bb phone_text_alignment=\u00bbdefault\u00bb column_border_width=\u00bbnone\u00bb column_border_style=\u00bbsolid\u00bb][vc_column_text]Dentro de las actividades de divulgaci\u00f3n del proyecto GrowGreen para dar a conocer las&#8230;<\/p>\n<\/div><a class=\"more-link\" href=\"http:\/\/mesverdbenicalap.eu\/es\/passeig-saludable-benicalap\/\"><span class=\"continue-reading\">Read More<\/span><\/a>\t\t\t\t\t\t\t\n\t\t\t\t\t\t<\/div><!--article-content-wrap-->\n\n\t\t\t\t\t\t\t\t\t\t\n\t\t\t\t   \n\t\t\t\t\t\t\t\t\t\t\n\t\t\t\t\t\t\t\t\t\t\t\n\t\t\t\t<\/div><!--\/content-inner-->\n\n\t\t\t\t\t\t\n\t\t<\/div><!--\/post-content-->\n\n\t<\/div><!--\/inner-wrap-->\n\t\t\n<\/article><!--\/article-->\n\t\t\t\t\t\t\t\n\t\t\t\t\n\t\t\t\t\n<article id=\"post-3342\" class=\"regular post-3342 post type-post status-publish format-standard has-post-thumbnail hentry category-eventos category-premsa-es\">\n\n\t<div class=\"inner-wrap animated\">\n\n\t\t<div class=\"post-content\">\n\t\t\t\n\t\t\t\t\t\t\t\n\t\t\t\t\t\t\t\t\n\t\t\t\t<div class=\"post-meta \">\n\t\t\t\t\t\n\t\t\t\t\t\t\t\t\t\t\n\t\t\t\t\t<div class=\"date\">\n\t\t\t\t\t\t26 Julio, 2022\t\t\t\t\t<\/div><!--\/date-->\n\t\t\t\t\t\n\t\t\t\t\t\n\t\t\t\t\t \n\t\t\t\t\t\t<div class=\"nectar-love-wrap\">\n\t\t\t\t\t\t\t<a href=\"#\" class=\"nectar-love\" id=\"nectar-love-3342\" title=\"Love this\"> <div class=\"heart-wrap\"><i class=\"icon-salient-heart-2\"><\/i><\/div><span class=\"nectar-love-count\">0<\/span><\/a>\t\t\t\t\t\t<\/div><!--\/nectar-love-wrap-->\t\n\t\t\t\t\t\n\t\t\t\t<\/div><!--\/post-meta-->\n\t\t\t\t\n\t\t\t\t\t\t\n\t\t\t\n\n\t\t\t\n\t\t\t\t<div class=\"content-inner\">\n\t\t\t\t\t\n\t\t\t\t\t<a href=\"http:\/\/mesverdbenicalap.eu\/es\/taller-de-reverdecimiento-a-benicalap-con-growgreen\/\"><span class=\"post-featured-img\"><img loading=\"lazy\" decoding=\"async\" width=\"1024\" height=\"768\" src=\"http:\/\/mesverdbenicalap.eu\/wp-content\/uploads\/2022\/07\/taller-GrowGreen-1024x768.jpeg\" class=\"attachment-large size-large wp-post-image\" alt=\"\" title=\"\" sizes=\"auto, (min-width: 1600px) 20vw, (min-width: 1300px) 25vw, (min-width: 1000px) 33.3vw, (min-width: 690px) 50vw, 100vw\" srcset=\"http:\/\/mesverdbenicalap.eu\/wp-content\/uploads\/2022\/07\/taller-GrowGreen-1024x768.jpeg 1024w, http:\/\/mesverdbenicalap.eu\/wp-content\/uploads\/2022\/07\/taller-GrowGreen-300x225.jpeg 300w, http:\/\/mesverdbenicalap.eu\/wp-content\/uploads\/2022\/07\/taller-GrowGreen-768x576.jpeg 768w, http:\/\/mesverdbenicalap.eu\/wp-content\/uploads\/2022\/07\/taller-GrowGreen.jpeg 1600w\" \/><\/span><\/a>\t\t\t\t\t\n\t\t\t\t\t\n\t\t\t\t\t\t\n\t\t\t\t\t\t<div class=\"article-content-wrap\">\n\n\t\t\t\t\t\t\t<div class=\"post-header\">\n\t\t\t\t\t\t\t\t\t\n\t\t\t\t\t\t\t\t<h2 class=\"title\">\n\t\t\t\t\t\t\t\t\t \n\t\t\t\t\t\t\t\t\t\t<a href=\"http:\/\/mesverdbenicalap.eu\/es\/taller-de-reverdecimiento-a-benicalap-con-growgreen\/\">\t\t\t\t\t\t\t\t\t\t\tTaller de reverdecimiento a Benicalap con GrowGreen\t\t\t\t\t\t\t\t\t\t <\/a> \n\t\t\t\t\t\t\t\t\t\t\t\t\t\t\t\t\t<\/h2>\n\n\t\t\t\t\t\t\t\t \n\t\t\t\t\t\t\t\t\t<span class=\"meta-author\"><span>By<\/span> <a href=\"http:\/\/mesverdbenicalap.eu\/es\/author\/lasnaves\/\" title=\"Entradas de Prensa\" rel=\"author\">Prensa<\/a><\/span> <span class=\"meta-category\">| <a href=\"http:\/\/mesverdbenicalap.eu\/es\/category\/eventos\/\">Eventos<\/a>, <a href=\"http:\/\/mesverdbenicalap.eu\/es\/category\/premsa-es\/\">Premsa<\/a><\/span> \n\t\t\t\t\t\t\t\t\n\t\t\t\t\t\t\t\t\t\n\t\t\t\t\t\t\t\t\t\t\t\t\t\t\t<\/div><!--\/post-header-->\n\t\t\t\t\t\t<div class=\"excerpt\"><p>[vc_row type=\u00bbin_container\u00bb full_screen_row_position=\u00bbmiddle\u00bb scene_position=\u00bbcenter\u00bb text_color=\u00bbdark\u00bb text_align=\u00bbleft\u00bb overlay_strength=\u00bb0.3&#8243;][vc_column column_padding=\u00bbno-extra-padding\u00bb column_padding_position=\u00bball\u00bb background_color_opacity=\u00bb1&#8243; background_hover_color_opacity=\u00bb1&#8243; column_shadow=\u00bbnone\u00bb width=\u00bb1\/1&#8243; tablet_text_alignment=\u00bbdefault\u00bb phone_text_alignment=\u00bbdefault\u00bb column_border_width=\u00bbnone\u00bb column_border_style=\u00bbsolid\u00bb][vc_column_text]Hace unos d\u00edas celebramos un Taller de reverdecimiento a Benicalap. Con los vecinos y&#8230;<\/p>\n<\/div><a class=\"more-link\" href=\"http:\/\/mesverdbenicalap.eu\/es\/taller-de-reverdecimiento-a-benicalap-con-growgreen\/\"><span class=\"continue-reading\">Read More<\/span><\/a>\t\t\t\t\t\t\t\n\t\t\t\t\t\t<\/div><!--article-content-wrap-->\n\n\t\t\t\t\t\t\t\t\t\t\n\t\t\t\t   \n\t\t\t\t\t\t\t\t\t\t\n\t\t\t\t\t\t\t\t\t\t\t\n\t\t\t\t<\/div><!--\/content-inner-->\n\n\t\t\t\t\t\t\n\t\t<\/div><!--\/post-content-->\n\n\t<\/div><!--\/inner-wrap-->\n\t\t\n<\/article><!--\/article-->\n\t\t\t\t\t\t\t\n\t\t\t\t\n\t\t\t\t\n<article id=\"post-3312\" class=\"regular post-3312 post type-post status-publish format-standard has-post-thumbnail hentry category-eventos category-premsa-es\">\n\n\t<div class=\"inner-wrap animated\">\n\n\t\t<div class=\"post-content\">\n\t\t\t\n\t\t\t\t\t\t\t\n\t\t\t\t\t\t\t\t\n\t\t\t\t<div class=\"post-meta \">\n\t\t\t\t\t\n\t\t\t\t\t\t\t\t\t\t\n\t\t\t\t\t<div class=\"date\">\n\t\t\t\t\t\t6 Julio, 2022\t\t\t\t\t<\/div><!--\/date-->\n\t\t\t\t\t\n\t\t\t\t\t\n\t\t\t\t\t \n\t\t\t\t\t\t<div class=\"nectar-love-wrap\">\n\t\t\t\t\t\t\t<a href=\"#\" class=\"nectar-love\" id=\"nectar-love-3312\" title=\"Love this\"> <div class=\"heart-wrap\"><i class=\"icon-salient-heart-2\"><\/i><\/div><span class=\"nectar-love-count\">1<\/span><\/a>\t\t\t\t\t\t<\/div><!--\/nectar-love-wrap-->\t\n\t\t\t\t\t\n\t\t\t\t<\/div><!--\/post-meta-->\n\t\t\t\t\n\t\t\t\t\t\t\n\t\t\t\n\n\t\t\t\n\t\t\t\t<div class=\"content-inner\">\n\t\t\t\t\t\n\t\t\t\t\t<a href=\"http:\/\/mesverdbenicalap.eu\/es\/taller-plantas-medicinales\/\"><span class=\"post-featured-img\"><img loading=\"lazy\" decoding=\"async\" width=\"1024\" height=\"407\" src=\"http:\/\/mesverdbenicalap.eu\/wp-content\/uploads\/2022\/07\/WhatsApp-Image-2022-07-01-at-9.41.52-AM-1024x407.jpeg\" class=\"attachment-large size-large wp-post-image\" alt=\"\" title=\"\" sizes=\"auto, (min-width: 1600px) 20vw, (min-width: 1300px) 25vw, (min-width: 1000px) 33.3vw, (min-width: 690px) 50vw, 100vw\" srcset=\"http:\/\/mesverdbenicalap.eu\/wp-content\/uploads\/2022\/07\/WhatsApp-Image-2022-07-01-at-9.41.52-AM-1024x407.jpeg 1024w, http:\/\/mesverdbenicalap.eu\/wp-content\/uploads\/2022\/07\/WhatsApp-Image-2022-07-01-at-9.41.52-AM-300x119.jpeg 300w, http:\/\/mesverdbenicalap.eu\/wp-content\/uploads\/2022\/07\/WhatsApp-Image-2022-07-01-at-9.41.52-AM-768x305.jpeg 768w, http:\/\/mesverdbenicalap.eu\/wp-content\/uploads\/2022\/07\/WhatsApp-Image-2022-07-01-at-9.41.52-AM.jpeg 2048w\" \/><\/span><\/a>\t\t\t\t\t\n\t\t\t\t\t\n\t\t\t\t\t\t\n\t\t\t\t\t\t<div class=\"article-content-wrap\">\n\n\t\t\t\t\t\t\t<div class=\"post-header\">\n\t\t\t\t\t\t\t\t\t\n\t\t\t\t\t\t\t\t<h2 class=\"title\">\n\t\t\t\t\t\t\t\t\t \n\t\t\t\t\t\t\t\t\t\t<a href=\"http:\/\/mesverdbenicalap.eu\/es\/taller-plantas-medicinales\/\">\t\t\t\t\t\t\t\t\t\t\tTaller de Plantas medicinales\t\t\t\t\t\t\t\t\t\t <\/a> \n\t\t\t\t\t\t\t\t\t\t\t\t\t\t\t\t\t<\/h2>\n\n\t\t\t\t\t\t\t\t \n\t\t\t\t\t\t\t\t\t<span class=\"meta-author\"><span>By<\/span> <a href=\"http:\/\/mesverdbenicalap.eu\/es\/author\/lasnaves\/\" title=\"Entradas de Prensa\" rel=\"author\">Prensa<\/a><\/span> <span class=\"meta-category\">| <a href=\"http:\/\/mesverdbenicalap.eu\/es\/category\/eventos\/\">Eventos<\/a>, <a href=\"http:\/\/mesverdbenicalap.eu\/es\/category\/premsa-es\/\">Premsa<\/a><\/span> \n\t\t\t\t\t\t\t\t\n\t\t\t\t\t\t\t\t\t\n\t\t\t\t\t\t\t\t\t\t\t\t\t\t\t<\/div><!--\/post-header-->\n\t\t\t\t\t\t<div class=\"excerpt\"><p>[vc_row type=\u00bbin_container\u00bb full_screen_row_position=\u00bbmiddle\u00bb scene_position=\u00bbcenter\u00bb text_color=\u00bbdark\u00bb text_align=\u00bbleft\u00bb overlay_strength=\u00bb0.3&#8243;][vc_column column_padding=\u00bbno-extra-padding\u00bb column_padding_position=\u00bball\u00bb background_color_opacity=\u00bb1&#8243; background_hover_color_opacity=\u00bb1&#8243; column_shadow=\u00bbnone\u00bb width=\u00bb1\/1&#8243; tablet_text_alignment=\u00bbdefault\u00bb phone_text_alignment=\u00bbdefault\u00bb column_border_width=\u00bbnone\u00bb column_border_style=\u00bbsolid\u00bb][vc_column_text]El pasado jueves 30 de junio tuvimos la oportunidad de conocer mejor las plantas&#8230;<\/p>\n<\/div><a class=\"more-link\" href=\"http:\/\/mesverdbenicalap.eu\/es\/taller-plantas-medicinales\/\"><span class=\"continue-reading\">Read More<\/span><\/a>\t\t\t\t\t\t\t\n\t\t\t\t\t\t<\/div><!--article-content-wrap-->\n\n\t\t\t\t\t\t\t\t\t\t\n\t\t\t\t   \n\t\t\t\t\t\t\t\t\t\t\n\t\t\t\t\t\t\t\t\t\t\t\n\t\t\t\t<\/div><!--\/content-inner-->\n\n\t\t\t\t\t\t\n\t\t<\/div><!--\/post-content-->\n\n\t<\/div><!--\/inner-wrap-->\n\t\t\n<\/article><!--\/article-->\n\t\t\t\t\t\t\t\n\t\t\t\t\n\t\t\t\t\n<article id=\"post-3304\" class=\"regular post-3304 post type-post status-publish format-standard has-post-thumbnail hentry category-eventos category-premsa-es\">\n\n\t<div class=\"inner-wrap animated\">\n\n\t\t<div class=\"post-content\">\n\t\t\t\n\t\t\t\t\t\t\t\n\t\t\t\t\t\t\t\t\n\t\t\t\t<div class=\"post-meta \">\n\t\t\t\t\t\n\t\t\t\t\t\t\t\t\t\t\n\t\t\t\t\t<div class=\"date\">\n\t\t\t\t\t\t5 Julio, 2022\t\t\t\t\t<\/div><!--\/date-->\n\t\t\t\t\t\n\t\t\t\t\t\n\t\t\t\t\t \n\t\t\t\t\t\t<div class=\"nectar-love-wrap\">\n\t\t\t\t\t\t\t<a href=\"#\" class=\"nectar-love\" id=\"nectar-love-3304\" title=\"Love this\"> <div class=\"heart-wrap\"><i class=\"icon-salient-heart-2\"><\/i><\/div><span class=\"nectar-love-count\">1<\/span><\/a>\t\t\t\t\t\t<\/div><!--\/nectar-love-wrap-->\t\n\t\t\t\t\t\n\t\t\t\t<\/div><!--\/post-meta-->\n\t\t\t\t\n\t\t\t\t\t\t\n\t\t\t\n\n\t\t\t\n\t\t\t\t<div class=\"content-inner\">\n\t\t\t\t\t\n\t\t\t\t\t<a href=\"http:\/\/mesverdbenicalap.eu\/es\/grow-green-gran-festa-cloenda-benicalap\/\"><span class=\"post-featured-img\"><img loading=\"lazy\" decoding=\"async\" width=\"1024\" height=\"683\" src=\"http:\/\/mesverdbenicalap.eu\/wp-content\/uploads\/2022\/06\/foto-growgreen-1-1024x683.jpg\" class=\"attachment-large size-large wp-post-image\" alt=\"\" title=\"\" sizes=\"auto, (min-width: 1600px) 20vw, (min-width: 1300px) 25vw, (min-width: 1000px) 33.3vw, (min-width: 690px) 50vw, 100vw\" srcset=\"http:\/\/mesverdbenicalap.eu\/wp-content\/uploads\/2022\/06\/foto-growgreen-1-1024x683.jpg 1024w, http:\/\/mesverdbenicalap.eu\/wp-content\/uploads\/2022\/06\/foto-growgreen-1-300x200.jpg 300w, http:\/\/mesverdbenicalap.eu\/wp-content\/uploads\/2022\/06\/foto-growgreen-1-768x512.jpg 768w, http:\/\/mesverdbenicalap.eu\/wp-content\/uploads\/2022\/06\/foto-growgreen-1-900x600.jpg 900w, http:\/\/mesverdbenicalap.eu\/wp-content\/uploads\/2022\/06\/foto-growgreen-1-675x450.jpg 675w, http:\/\/mesverdbenicalap.eu\/wp-content\/uploads\/2022\/06\/foto-growgreen-1.jpg 2048w\" \/><\/span><\/a>\t\t\t\t\t\n\t\t\t\t\t\n\t\t\t\t\t\t\n\t\t\t\t\t\t<div class=\"article-content-wrap\">\n\n\t\t\t\t\t\t\t<div class=\"post-header\">\n\t\t\t\t\t\t\t\t\t\n\t\t\t\t\t\t\t\t<h2 class=\"title\">\n\t\t\t\t\t\t\t\t\t \n\t\t\t\t\t\t\t\t\t\t<a href=\"http:\/\/mesverdbenicalap.eu\/es\/grow-green-gran-festa-cloenda-benicalap\/\">\t\t\t\t\t\t\t\t\t\t\tGrowGreen celebr\u00f3 una gran fiesta de clausura en Benicalap\t\t\t\t\t\t\t\t\t\t <\/a> \n\t\t\t\t\t\t\t\t\t\t\t\t\t\t\t\t\t<\/h2>\n\n\t\t\t\t\t\t\t\t \n\t\t\t\t\t\t\t\t\t<span class=\"meta-author\"><span>By<\/span> <a href=\"http:\/\/mesverdbenicalap.eu\/es\/author\/lasnaves\/\" title=\"Entradas de Prensa\" rel=\"author\">Prensa<\/a><\/span> <span class=\"meta-category\">| <a href=\"http:\/\/mesverdbenicalap.eu\/es\/category\/eventos\/\">Eventos<\/a>, <a href=\"http:\/\/mesverdbenicalap.eu\/es\/category\/premsa-es\/\">Premsa<\/a><\/span> \n\t\t\t\t\t\t\t\t\n\t\t\t\t\t\t\t\t\t\n\t\t\t\t\t\t\t\t\t\t\t\t\t\t\t<\/div><!--\/post-header-->\n\t\t\t\t\t\t<div class=\"excerpt\"><p>[vc_row type=\u00bbin_container\u00bb full_screen_row_position=\u00bbmiddle\u00bb scene_position=\u00bbcenter\u00bb text_color=\u00bbdark\u00bb text_align=\u00bbleft\u00bb overlay_strength=\u00bb0.3&#8243;][vc_column column_padding=\u00bbno-extra-padding\u00bb column_padding_position=\u00bball\u00bb background_color_opacity=\u00bb1&#8243; background_hover_color_opacity=\u00bb1&#8243; column_shadow=\u00bbnone\u00bb width=\u00bb1\/1&#8243; tablet_text_alignment=\u00bbdefault\u00bb phone_text_alignment=\u00bbdefault\u00bb column_border_width=\u00bbnone\u00bb column_border_style=\u00bbsolid\u00bb][vc_column_text]Pudimos compartir con vecinos y vecinas de Benicalap una jornada en la que se&#8230;<\/p>\n<\/div><a class=\"more-link\" href=\"http:\/\/mesverdbenicalap.eu\/es\/grow-green-gran-festa-cloenda-benicalap\/\"><span class=\"continue-reading\">Read More<\/span><\/a>\t\t\t\t\t\t\t\n\t\t\t\t\t\t<\/div><!--article-content-wrap-->\n\n\t\t\t\t\t\t\t\t\t\t\n\t\t\t\t   \n\t\t\t\t\t\t\t\t\t\t\n\t\t\t\t\t\t\t\t\t\t\t\n\t\t\t\t<\/div><!--\/content-inner-->\n\n\t\t\t\t\t\t\n\t\t<\/div><!--\/post-content-->\n\n\t<\/div><!--\/inner-wrap-->\n\t\t\n<\/article><!--\/article-->\n\t\t\t\t\t\t\n\t\t\t<\/div><!--\/posts container-->\n\t\t\t\n\t\t\t<div id=\"pagination\" data-is-text=\"All items loaded\"><span aria-current=\"page\" class=\"page-numbers current\">1<\/span>\n<a class=\"page-numbers\" href=\"http:\/\/mesverdbenicalap.eu\/es\/wp-json\/wp\/v2\/pages\/520\/page\/2\/\">2<\/a>\n<a class=\"page-numbers\" href=\"http:\/\/mesverdbenicalap.eu\/es\/wp-json\/wp\/v2\/pages\/520\/page\/3\/\">3<\/a>\n<span class=\"page-numbers dots\">&hellip;<\/span>\n<a class=\"page-numbers\" href=\"http:\/\/mesverdbenicalap.eu\/es\/wp-json\/wp\/v2\/pages\/520\/page\/6\/\">6<\/a>\n<a class=\"next page-numbers\" href=\"http:\/\/mesverdbenicalap.eu\/es\/wp-json\/wp\/v2\/pages\/520\/page\/2\/\">Siguiente &raquo;<\/a><\/div>\t\t\n\t\t<\/div><!--\/span_9-->\n\t\t\n\t\t\n\t<\/div>\n\t\n\t[\/vc_column][\/vc_row]\n","protected":false},"excerpt":{"rendered":"<p>[vc_row type=\u00bbin_container\u00bb full_screen_row_position=\u00bbmiddle\u00bb scene_position=\u00bbcenter\u00bb text_color=\u00bbdark\u00bb text_align=\u00bbleft\u00bb top_padding=\u00bb20&#8243; overlay_strength=\u00bb0.3&#8243;][vc_column column_padding=\u00bbno-extra-padding\u00bb column_padding_position=\u00bball\u00bb background_color_opacity=\u00bb1&#8243; background_hover_color_opacity=\u00bb1&#8243; column_shadow=\u00bbnone\u00bb width=\u00bb1\/1&#8243; tablet_text_alignment=\u00bbdefault\u00bb phone_text_alignment=\u00bbdefault\u00bb column_border_width=\u00bbnone\u00bb column_border_style=\u00bbsolid\u00bb][vc_row_inner column_margin=\u00bbdefault\u00bb bottom_padding=\u00bb100&#8243; text_align=\u00bbleft\u00bb][vc_column_inner column_padding=\u00bbno-extra-padding\u00bb column_padding_position=\u00bball\u00bb background_color_opacity=\u00bb1&#8243; width=\u00bb1\/6&#8243; column_border_width=\u00bbnone\u00bb column_border_style=\u00bbsolid\u00bb][\/vc_column_inner][vc_column_inner column_padding=\u00bbno-extra-padding\u00bb column_padding_position=\u00bball\u00bb background_color_opacity=\u00bb1&#8243;&#8230;<\/p>\n","protected":false},"author":1,"featured_media":0,"parent":0,"menu_order":0,"comment_status":"closed","ping_status":"closed","template":"","meta":{"footnotes":""},"class_list":["post-520","page","type-page","status-publish","hentry"],"_links":{"self":[{"href":"http:\/\/mesverdbenicalap.eu\/es\/wp-json\/wp\/v2\/pages\/520\/"}],"collection":[{"href":"http:\/\/mesverdbenicalap.eu\/es\/wp-json\/wp\/v2\/pages\/"}],"about":[{"href":"http:\/\/mesverdbenicalap.eu\/es\/wp-json\/wp\/v2\/types\/page\/"}],"author":[{"embeddable":true,"href":"http:\/\/mesverdbenicalap.eu\/es\/wp-json\/wp\/v2\/users\/1\/"}],"replies":[{"embeddable":true,"href":"http:\/\/mesverdbenicalap.eu\/es\/wp-json\/wp\/v2\/comments\/?post=520"}],"version-history":[{"count":15,"href":"http:\/\/mesverdbenicalap.eu\/es\/wp-json\/wp\/v2\/pages\/520\/revisions\/"}],"predecessor-version":[{"id":2315,"href":"http:\/\/mesverdbenicalap.eu\/es\/wp-json\/wp\/v2\/pages\/520\/revisions\/2315\/"}],"wp:attachment":[{"href":"http:\/\/mesverdbenicalap.eu\/es\/wp-json\/wp\/v2\/media\/?parent=520"}],"curies":[{"name":"wp","href":"https:\/\/api.w.org\/{rel}","templated":true}]}}